{"id":12633,"date":"2025-05-28T11:15:53","date_gmt":"2025-05-28T09:15:53","guid":{"rendered":"https:\/\/fr.twiza.org\/portail\/?page_id=12633"},"modified":"2026-03-10T09:38:54","modified_gmt":"2026-03-10T08:38:54","slug":"enduits-de-terre-crue-jd","status":"publish","type":"page","link":"https:\/\/fr.twiza.org\/portail\/formations-twiza\/enduits-de-terre-crue-jd\/","title":{"rendered":"Enduits de Terre Crue (Johann Degrave)"},"content":{"rendered":"\n<h2 class=\"wp-block-heading has-text-align-center\" id=\"h-l-enduit-terre-du-gobetis-aux-finitions-en-2-jours-et-retrouve-enfin-la-fierte-de-creer-de-tes-mains\"><strong>L&rsquo;enduit terre du gobetis aux finitions en 2 jours, et retrouve enfin la fiert\u00e9 de cr\u00e9er de tes mains.<\/strong><\/h2>\n\n\n\n<p class=\"has-text-align-center\"><br>\ud83d\udcc5 Le 08 et 09 mai 2026<br>\ud83d\udcc5 Le 04 et 05 juillet 2026<br>\ud83d\udcc5 Le 17 et 18 octobre 2026<br> \u2022 <strong>8 places seulement<\/strong><br>\ud83d\udccd Ferme de Johann \u00e0 Haussez (76)<\/p>\n\n\n\n<div class=\"wp-block-buttons o-sticky o-sticky-scope-main-area o-sticky-pos-top o-sticky-bhvr-keep is-content-justification-center is-layout-flex wp-container-core-buttons-is-layout-a89b3969 wp-block-buttons-is-layout-flex\">\n<div class=\"wp-block-button\"><a class=\"wp-block-button__link wp-element-button\" href=\"https:\/\/airtable.com\/appe5mJ3IHMjUaCZH\/shrs1AyTlaWdJo8DM\">Demander des renseignements<\/a><\/div>\n<\/div>\n\n\n\n<p class=\"has-text-align-center\"><\/p>\n\n\n\n<p style=\"font-size:25px\"><strong><strong>Tu regardes ces murs en terre sur Instagram&#8230; mais tu n&rsquo;oses pas te lancer ?<\/strong><\/strong><\/p>\n\n\n\n<p><\/p>\n\n\n\n<p><em>\u00ab\u00a0C&rsquo;est magnifique, j&rsquo;adorerais faire pareil chez moi&#8230; \u00c7a a l&rsquo;air si simple !\u00a0\u00bb<\/em><\/p>\n\n\n\n<p>Mais d\u00e8s que tu imagines passer \u00e0 l&rsquo;action, la r\u00e9alit\u00e9 te rattrape : <br>Quelle terre ? Comment doser ? Et si \u00e7a tombe ? Comment faire autour des prises \u00e9lectriques ? Et les plinthes ? Et si c&rsquo;est moche ?<\/p>\n\n\n\n<p>Tu as peut-\u00eatre d\u00e9j\u00e0 achet\u00e9 de la terre, regard\u00e9 des tutos YouTube qui font croire que \u00ab\u00a0c&rsquo;est facile\u00a0\u00bb, m\u00eame commenc\u00e9 \u00e0 pr\u00e9parer un mur&#8230; <strong>Mais tu reportes toujours le moment fatidique.<\/strong><\/p>\n\n\n\n<p>Parce qu&rsquo;au fond, tu as d\u00e9couvert que <strong>ce n&rsquo;est pas si simple<\/strong>. Que derri\u00e8re ces beaux murs se cachent des savoir-faire pr\u00e9cis, des gestes techniques, des questions d&rsquo;int\u00e9gration auxquelles personne ne r\u00e9pond.<\/p>\n\n\n\n<p><strong>Et si nous te disions qu&rsquo;en 2 jours, tu pouvais passer de cette frustration \u00e0 la fiert\u00e9 de cr\u00e9er des murs magnifiques ?<\/strong><\/p>\n\n\n\n<p>De spectateur admiratif \u00e0 cr\u00e9ateur confiant.<\/p>\n\n\n\n<p>Tu repartiras avec les gestes dans les mains, la compr\u00e9hension dans la t\u00eate, et surtout la l\u00e9gitimit\u00e9 dans le c\u0153ur.<\/p>\n\n\n\n<p><\/p>\n\n\n\n<h2 class=\"wp-block-heading\" id=\"h-a-qui-s-adresse-cette-formation\"><strong>\u00c0 qui s\u2019adresse cette formation ?<\/strong><\/h2>\n\n\n\n<p>Cette formation s&rsquo;adresse \u00e0 celles et ceux qui <strong>r\u00eavent de cr\u00e9er<\/strong> mais se sentent bloqu\u00e9s par le doute.<\/p>\n\n\n\n<p><strong>Tu te reconnais si :<\/strong><\/p>\n\n\n\n<ul class=\"wp-block-list\">\n<li>Tu as un projet de r\u00e9novation et tu fantasmes sur les enduits naturels<\/li>\n\n\n\n<li>Tu es sensible \u00e0 la beaut\u00e9 des mati\u00e8res brutes et \u00e0 l&rsquo;\u00e9cologie<\/li>\n\n\n\n<li>Tu en as marre de d\u00e9pendre des autres pour tes projets<\/li>\n\n\n\n<li>Tu veux te sentir l\u00e9gitime face aux artisans ou dans tes propres choix<\/li>\n\n\n\n<li>Tu es architecte, autoconstructeur\u00b7rice, ou en reconversion<\/li>\n\n\n\n<li><strong>Tu veux enfin passer de l&rsquo;envie \u00e0 l&rsquo;action<\/strong><\/li>\n<\/ul>\n\n\n\n<p><strong>Aucun pr\u00e9requis technique<\/strong>, juste l&rsquo;envie sinc\u00e8re d&rsquo;apprendre et de faire.<\/p>\n\n\n\n<p>Les personnes qui t&rsquo;entoureront seront comme toi : motiv\u00e9es, bienveillantes et pr\u00eates \u00e0 se lancer malgr\u00e9 leurs doutes.<\/p>\n\n\n\n<p><\/p>\n\n\n\n<h3 class=\"wp-block-heading\" id=\"h-ton-projet-personnel-ou-professionnel-au-coeur-du-dispositif-pedagogique\">Ton projet personnel ou professionnel au c\u0153ur du dispositif p\u00e9dagogique<\/h3>\n\n\n\n<p>Comme toujours chez Twiza, on part de TON projet pour construire TA formation.<br>Tu pourras pr\u00e9senter ton cas, poser tes questions, et faire avancer ton chantier d\u00e8s la sortie.<\/p>\n\n\n\n<p><strong>Avant la formation, tu recevras un formulaire d\u00e9taill\u00e9 pour que l\u2019on comprenne ton projet et que l\u2019on puisse vraiment t\u2019accompagner.<\/strong><\/p>\n\n\n\n<p>Tes cas concrets serviront de support \u00e0 la transmission de comp\u00e9tences. Le but est qu&rsquo;\u00e0 l&rsquo;issue de la formation, en plus d&rsquo;avoir mont\u00e9 en comp\u00e9tence, ton projet aura \u00e9t\u00e9 acc\u00e9l\u00e9r\u00e9, ou d\u00e9bloqu\u00e9.<\/p>\n\n\n\n<blockquote class=\"wp-block-quote is-layout-flow wp-block-quote-is-layout-flow\">\n<p style=\"font-size:30px\">Ensemble, on se concentre sur ce qui est r\u00e9ellement utile et actionnable pour permettre \u00e0 chacun\u00b7e d&rsquo;avancer sur son projet personnel rapidement et avec clart\u00e9.<\/p>\n<\/blockquote>\n\n\n\n<h2 class=\"wp-block-heading\" id=\"h-ce-que-tu-deviendras-capable-d-accomplir-concretement\"><strong><strong>Ce que tu deviendras capable d&rsquo;accomplir, concr\u00e8tement<\/strong><\/strong><\/h2>\n\n\n\n<p>Cette formation est une porte d&rsquo;entr\u00e9e dans l&rsquo;univers de l&rsquo;enduit terre crue, pens\u00e9e pour les profils d\u00e9butants ou interm\u00e9diaires.<\/p>\n\n\n\n<p>On n&rsquo;applique pas un programme fig\u00e9. On part de ce que tu veux oser faire, de ce que tu ne comprends pas encore.<\/p>\n\n\n\n<p>Sur la ferme de Johann, un lieu vivant en perp\u00e9tuelle \u00e9volution, plusieurs cas concrets serviront de support : murs anciens, supports vari\u00e9s, pathologies r\u00e9elles\u2026 Rien de th\u00e9orique, tout est \u00e0 port\u00e9e de main.<\/p>\n\n\n\n<p>Tu apprendras \u00e0 :<\/p>\n\n\n\n<ul class=\"wp-block-list\">\n<li><strong>Pr\u00e9parer tes supports et tes mortiers<\/strong> : choisir la bonne terre, doser les correcteurs, ma\u00eetriser les outils<\/li>\n\n\n\n<li><strong>R\u00e9aliser un gobetis d&rsquo;accroche<\/strong> sur diff\u00e9rents supports (pierre, brique, b\u00e9ton) avec la bonne gestuelle<\/li>\n\n\n\n<li><strong>Mettre en \u0153uvre un corps d&rsquo;enduit<\/strong> : comprendre sa logique, ses couches, son \u00e9volution dans le temps<\/li>\n\n\n\n<li><strong>Ma\u00eetriser les finitions d\u00e9coratives classiques :<\/strong> balayette, taloch\u00e9e, lav\u00e9e<\/li>\n\n\n\n<li><strong><strong>Int\u00e9grer l&rsquo;enduit dans ton habitat moderne<\/strong> : <\/strong>raccords propres autour des prises, interrupteurs, plinthes, huisseries<\/li>\n\n\n\n<li><strong>Travailler les ar\u00eates et raccords<\/strong> autour des ouvertures de mani\u00e8re propre et durable<\/li>\n\n\n\n<li><strong>Diagnostiquer une pathologie d&rsquo;enduit<\/strong> : savoir quand s&rsquo;inqui\u00e9ter, et quand surveiller<\/li>\n\n\n\n<li><strong>Organiser un chantier personnel<\/strong> : timing, mat\u00e9riaux, gestion des temps de s\u00e9chage<\/li>\n\n\n\n<li><strong>Savoir quand il vaut mieux ne pas intervenir<\/strong>, et pourquoi c&rsquo;est parfois la meilleure solution<\/li>\n\n\n\n<li><strong>T&rsquo;approprier les grands principes de l&rsquo;enduit terre<\/strong> avec respect et bon sens<\/li>\n<\/ul>\n\n\n\n<p>Et surtout : Tu comprendras pourquoi on fait comme \u00e7a\u2026 et quand tu peux faire autrement.<\/p>\n\n\n\n<p><\/p>\n\n\n\n<blockquote class=\"wp-block-quote is-layout-flow wp-block-quote-is-layout-flow\">\n<p style=\"font-size:30px\">\u00ab\u00a0La terre crue nous apprend la patience et l&rsquo;humilit\u00e9. Mais surtout, elle nous reconnecte \u00e0 cette joie profonde de cr\u00e9er quelque chose de beau avec nos mains.\u00a0\u00bb<\/p>\n\n\n\n<p><\/p>\n<\/blockquote>\n\n\n\n<p><\/p>\n\n\n\n<h2 class=\"wp-block-heading\" id=\"h-qui-est-ton-formateur\">Qui est ton Formateur ?<\/h2>\n\n\n\n<p><strong>Johann Degrave<\/strong> est ma\u00e7on sp\u00e9cialis\u00e9 dans le <strong>b\u00e2ti ancien depuis 35 ans<\/strong>. <br>Dans une logique de <strong>transmission artisanale directe<\/strong>, il a appris les gestes au rythme des chantiers. D\u00e9veloppant une passion profonde pour le b\u00e2ti traditionnel et ses mat\u00e9riaux. Sa ferme \u00e0 Haussez est devenue un laboratoire vivant d&rsquo;exp\u00e9rimentation.<\/p>\n\n\n\n<p><\/p>\n\n\n\n<p class=\"has-large-font-size\"><strong>Johann Degrave<\/strong><\/p>\n\n\n\n<div class=\"wp-block-columns is-layout-flex wp-container-core-columns-is-layout-28f84493 wp-block-columns-is-layout-flex\">\n<div class=\"wp-block-column is-layout-flow wp-block-column-is-layout-flow\">\n<div class=\"wp-block-group\"><div class=\"wp-block-group__inner-container is-layout-constrained wp-block-group-is-layout-constrained\">\n<p>Aujourd\u2019hui, il forme d\u2019autres b\u00e2tisseurs et b\u00e2tisseuses (curieux, passionn\u00e9s, futurs pros ou particuliers ) \u00e0 la ma\u00e7onnerie traditionnelle et en terre crue.<br>Il est notamment formateur aupr\u00e8s d&rsquo;associations comme <em>\u00ab\u00a0Maisons Paysannes de France\u00a0\u00bb<\/em>.<\/p>\n<\/div><\/div>\n<\/div>\n\n\n\n<div class=\"wp-block-column is-layout-flow wp-block-column-is-layout-flow\"><div class=\"wp-block-image\">\n<figure class=\"aligncenter size-full is-resized\"><img fetchpriority=\"high\" decoding=\"async\" width=\"300\" height=\"400\" src=\"https:\/\/fr.twiza.org\/portail\/wp-content\/uploads\/2025\/05\/Maconnerie-Traditionnel-Formation-Johann-Degrave1.png\" alt=\"\" class=\"wp-image-12578\" style=\"width:209px;height:auto\" srcset=\"https:\/\/fr.twiza.org\/portail\/wp-content\/uploads\/2025\/05\/Maconnerie-Traditionnel-Formation-Johann-Degrave1.png 300w, https:\/\/fr.twiza.org\/portail\/wp-content\/uploads\/2025\/05\/Maconnerie-Traditionnel-Formation-Johann-Degrave1-225x300.png 225w\" sizes=\"(max-width: 300px) 100vw, 300px\" \/><\/figure>\n<\/div><\/div>\n<\/div>\n\n\n\n<blockquote class=\"wp-block-quote is-layout-flow wp-block-quote-is-layout-flow\">\n<p style=\"font-size:30px\">\u201cCe qui m&rsquo;anime, c&rsquo;est la transmission, la valorisation et les rapports humains\u201d<\/p>\n<\/blockquote>\n\n\n\n<p><\/p>\n\n\n\n<p><\/p>\n\n\n\n<div class=\"wp-block-group has-background\" style=\"background-color:#e6e6e626\"><div class=\"wp-block-group__inner-container is-layout-constrained wp-block-group-is-layout-constrained\">\n<div class=\"wp-block-columns is-layout-flex wp-container-core-columns-is-layout-28f84493 wp-block-columns-is-layout-flex\">\n<div class=\"wp-block-column is-layout-flow wp-block-column-is-layout-flow\">\n<h3 class=\"wp-block-heading has-background has-medium-font-size\" id=\"h-tarif\" style=\"background-color:#86ab3e30\">Tarif<\/h3>\n\n\n\n<ul class=\"wp-block-list\">\n<li><em>Tarif financ\u00e9 : (bient\u00f4t disponible)<\/em><\/li>\n\n\n\n<li><strong>Tarif non financ\u00e9 : 420 \u20ac <\/strong><\/li>\n\n\n\n<li>Tarif solidaire : 318 \u20ac <br>(<sub>Paiement en 3 fois sans frais possible<\/sub>)<br><br><\/li>\n<\/ul>\n\n\n\n<h3 class=\"wp-block-heading has-background has-medium-font-size\" id=\"h-lieu\" style=\"background-color:#86ab3e30\"><strong>\ud83d\udccd Lieu<\/strong><\/h3>\n\n\n\n<p>La formation se d\u00e9roule dans une ferme de vieilles pierres \u00e0 Haussey (76440).<\/p>\n\n\n\n<p>Monast\u00e8re + Ferme sur site de  6000 m\u00b2 de surface d\u2019accueil<\/p>\n<\/div>\n\n\n\n<div class=\"wp-block-column is-layout-flow wp-block-column-is-layout-flow\">\n<h3 class=\"wp-block-heading has-background has-medium-font-size\" id=\"h-organisation\" style=\"background-color:#86ab3e30\">Organisation<\/h3>\n\n\n\n<ul class=\"wp-block-list\">\n<li>Dur\u00e9e 2 jours<\/li>\n\n\n\n<li>Nombre max de stagiaires : 8<\/li>\n\n\n\n<li>Les pr\u00e9-requis : Aucuns<\/li>\n\n\n\n<li>Logement, camping possible sur place (pas de restauration)<\/li>\n<\/ul>\n\n\n\n<h3 class=\"wp-block-heading has-background has-medium-font-size\" id=\"h-dates-des-prochaines-sessions\" style=\"background-color:#86ab3e30\">Dates des prochaines sessions<\/h3>\n\n\n\n<ul class=\"wp-block-list\">\n<li>\ud83d\udcc5 Le 08 et 09 mai 2026<br>\ud83d\udcc5 Le 04 et 05 juillet 2026<br>\ud83d\udcc5 Le 17 et 18 octobre 2026<\/li>\n<\/ul>\n\n\n\n<p><\/p>\n<\/div>\n<\/div>\n\n\n\n<div data-block-name=\"woocommerce\/single-product\" data-metadata=\"{&quot;categories&quot;:[&quot;call-to-action&quot;],&quot;patternName&quot;:&quot;core\\\/block\\\/12769&quot;,&quot;name&quot;:&quot;Ajout panier simple&quot;}\" data-product-id=\"12766\" data-wp-context=\"{&quot;productId&quot;:12766,&quot;variationId&quot;:null}\" data-wp-interactive=\"woocommerce\/single-product\" class=\"wp-block-woocommerce-single-product woocommerce\">\n<div class=\"wp-block-columns has-white-background-color has-background has-medium-font-size is-layout-flex wp-container-core-columns-is-layout-7d874bf9 wp-block-columns-is-layout-flex\" style=\"border-style:none;border-width:0px;border-radius:0px;margin-top:0;margin-bottom:0;padding-top:0;padding-bottom:0;font-style:normal;font-weight:400\">\n<div class=\"wp-block-column is-layout-flow wp-block-column-is-layout-flow\">\n<p><\/p>\n<\/div>\n\n\n\n<div class=\"wp-block-column is-layout-flow wp-block-column-is-layout-flow\"><div data-block-name=\"woocommerce\/add-to-cart-form\" class=\"wp-block-add-to-cart-form wc-block-add-to-cart-form product wc-block-add-to-cart-form--input wp-block-woocommerce-add-to-cart-form\" >\n\t\n\t<form class=\"cart\" action=\"https:\/\/fr.twiza.org\/portail\/wp-json\/wp\/v2\/pages\/12633\" method=\"post\" enctype='multipart\/form-data'>\n\t\t\n\t\t<div class=\"quantity\">\n\t\t<label class=\"screen-reader-text\" for=\"quantity_69f21b50c403c\">quantit\u00e9 de Enduits de Terre Crue<\/label>\n\t<input\n\t\ttype=\"number\"\n\t\t\t\tid=\"quantity_69f21b50c403c\"\n\t\tclass=\"input-text qty text\"\n\t\tname=\"quantity\"\n\t\tvalue=\"1\"\n\t\taria-label=\"Quantit\u00e9 de produits\"\n\t\t\t\tmin=\"1\"\n\t\t\t\t\t\t\tstep=\"1\"\n\t\t\tplaceholder=\"\"\n\t\t\tinputmode=\"numeric\"\n\t\t\tautocomplete=\"off\"\n\t\t\t\/>\n\t<\/div>\n\n\t\t<button type=\"submit\" name=\"add-to-cart\" value=\"12766\" class=\"single_add_to_cart_button button alt\">Ajouter au panier<\/button>\n\n\t\t<input type=\"hidden\" name=\"gtm4wp_product_data\" value=\"{&quot;internal_id&quot;:12766,&quot;item_id&quot;:12766,&quot;item_name&quot;:&quot;Enduits de Terre Crue&quot;,&quot;sku&quot;:12766,&quot;price&quot;:420,&quot;stocklevel&quot;:null,&quot;stockstatus&quot;:&quot;instock&quot;,&quot;google_business_vertical&quot;:&quot;education&quot;,&quot;item_category&quot;:&quot;Formation&quot;,&quot;id&quot;:12766}\" \/>\n<wc-order-attribution-inputs><\/wc-order-attribution-inputs><div class=\"wc-stripe-clear\"><\/div>\n<div class=\"wc-stripe-product-checkout-container bottom\">\n    <ul class=\"wc_stripe_product_payment_methods\" style=\"list-style: none\">\n\t\t            <li class=\"payment_method_stripe_klarna\">\n                <div class=\"payment-box\">\n\t\t\t\t\t<input type=\"hidden\" class=\"woocommerce_stripe_klarna_gateway_data product-page\" data-gateway=\"{&quot;items&quot;:[],&quot;shipping_options&quot;:[],&quot;total&quot;:&quot;&quot;,&quot;total_cents&quot;:0,&quot;currency&quot;:&quot;EUR&quot;,&quot;installments&quot;:{&quot;enabled&quot;:false},&quot;needs_shipping&quot;:false,&quot;product&quot;:{&quot;id&quot;:12766,&quot;price&quot;:420,&quot;price_cents&quot;:42000,&quot;variation&quot;:false,&quot;is_in_stock&quot;:true}}\"\/>                <\/div>\n            <\/li>\n\t\t    <\/ul>\n<\/div>\t<\/form>\n\n\t\n<\/div><\/div>\n<\/div>\n<\/div>\n\n\n\n<div class=\"wp-block-buttons is-content-justification-center is-layout-flex wp-container-core-buttons-is-layout-a89b3969 wp-block-buttons-is-layout-flex\">\n<div class=\"wp-block-button\"><a class=\"wp-block-button__link wp-element-button\" href=\"https:\/\/airtable.com\/appe5mJ3IHMjUaCZH\/shrs1AyTlaWdJo8DM\">Demander des renseignements<\/a><\/div>\n<\/div>\n\n\n\n<div style=\"height:40px\" aria-hidden=\"true\" class=\"wp-block-spacer\"><\/div>\n\n\n\n<p class=\"has-text-align-center\">Tu peux <a href=\"https:\/\/airtable.com\/appe5mJ3IHMjUaCZH\/shrs1AyTlaWdJo8DM\" target=\"_blank\" rel=\"noreferrer noopener\">t\u2019inscrire \u00e0 notre alerte mail<\/a> si tu souhaites \u00eatre inform\u00e9\u00b7e des prochaines ouvertures.<\/p>\n\n\n\n<div class=\"wp-block-columns is-layout-flex wp-container-core-columns-is-layout-28f84493 wp-block-columns-is-layout-flex\">\n<div class=\"wp-block-column is-layout-flow wp-block-column-is-layout-flow\">\n<figure class=\"wp-block-image size-full\"><img decoding=\"async\" width=\"400\" height=\"300\" src=\"https:\/\/fr.twiza.org\/portail\/wp-content\/uploads\/2025\/05\/Maconnerie-Traditionnel-Formation-Johann-Degrave-4.png\" alt=\"Maconnerie Traditionnel Formation ferme\" class=\"wp-image-12575\" srcset=\"https:\/\/fr.twiza.org\/portail\/wp-content\/uploads\/2025\/05\/Maconnerie-Traditionnel-Formation-Johann-Degrave-4.png 400w, https:\/\/fr.twiza.org\/portail\/wp-content\/uploads\/2025\/05\/Maconnerie-Traditionnel-Formation-Johann-Degrave-4-300x225.png 300w\" sizes=\"(max-width: 400px) 100vw, 400px\" \/><\/figure>\n<\/div>\n\n\n\n<div class=\"wp-block-column is-layout-flow wp-block-column-is-layout-flow\">\n<figure class=\"wp-block-image size-full\"><img decoding=\"async\" width=\"400\" height=\"300\" src=\"https:\/\/fr.twiza.org\/portail\/wp-content\/uploads\/2025\/05\/Maconnerie-Traditionnel-Formation-Johann-Degrave-5.png\" alt=\"Maconnerie Traditionnel Formation Travaux\" class=\"wp-image-12576\" srcset=\"https:\/\/fr.twiza.org\/portail\/wp-content\/uploads\/2025\/05\/Maconnerie-Traditionnel-Formation-Johann-Degrave-5.png 400w, https:\/\/fr.twiza.org\/portail\/wp-content\/uploads\/2025\/05\/Maconnerie-Traditionnel-Formation-Johann-Degrave-5-300x225.png 300w\" sizes=\"(max-width: 400px) 100vw, 400px\" \/><\/figure>\n<\/div>\n\n\n\n<div class=\"wp-block-column is-layout-flow wp-block-column-is-layout-flow\">\n<figure class=\"wp-block-image size-full\"><img loading=\"lazy\" decoding=\"async\" width=\"400\" height=\"300\" src=\"https:\/\/fr.twiza.org\/portail\/wp-content\/uploads\/2025\/05\/Maconnerie-Traditionnel-Formation-Johann-Degrave-3.png\" alt=\"Maconnerie Traditionnel Formation chaux\" class=\"wp-image-12574\" srcset=\"https:\/\/fr.twiza.org\/portail\/wp-content\/uploads\/2025\/05\/Maconnerie-Traditionnel-Formation-Johann-Degrave-3.png 400w, https:\/\/fr.twiza.org\/portail\/wp-content\/uploads\/2025\/05\/Maconnerie-Traditionnel-Formation-Johann-Degrave-3-300x225.png 300w\" sizes=\"(max-width: 400px) 100vw, 400px\" \/><\/figure>\n<\/div>\n<\/div>\n<\/div><\/div>\n\n\n\n<div class=\"wp-block-group alignwide\"><div class=\"wp-block-group__inner-container is-layout-constrained wp-block-group-is-layout-constrained\">\n<p class=\"has-text-align-center has-background-color-background-color has-background\"><strong> \u00ab\u00a0Ah, je comprends mieux maintenant !\u00a0\u00bb<\/strong><\/p>\n\n\n\n<ul class=\"wp-block-list\">\n<li>Tu d\u00e9couvres la terre crue avec tes sens, pas juste tes yeux<\/li>\n\n\n\n<li>Tu apprends \u00e0 pr\u00e9parer tes premiers mortiers sans stress<\/li>\n\n\n\n<li>Tu r\u00e9alises ton premier gobetis et tu sens la satisfaction du geste juste<\/li>\n\n\n\n<li><strong>Tu passes de spectateur \u00e0 acteur<\/strong><\/li>\n<\/ul>\n\n\n\n<p class=\"has-text-align-center has-background-color-background-color has-background\"><strong>\u00ab\u00a0\u00c7a prend forme sous mes mains\u00a0\u00bb<\/strong><\/p>\n\n\n\n<ul class=\"wp-block-list\">\n<li>Tu ma\u00eetrises les corps d&rsquo;enduits avec de plus en plus d&rsquo;assurance<\/li>\n\n\n\n<li>Tu comprends physiquement pourquoi on fait comme \u00e7a<\/li>\n\n\n\n<li>Tu apprends les finitions techniques (ar\u00eates, raccords&#8230;)<\/li>\n\n\n\n<li><strong>Tu gagnes en l\u00e9gitimit\u00e9 \u00e0 chaque geste<\/strong><\/li>\n<\/ul>\n\n\n\n<p class=\"has-text-align-center has-background-color-background-color has-background\"><strong>\u00ab\u00a0Je peux le faire chez moi !\u00a0\u00bb<\/strong><\/p>\n\n\n\n<ul class=\"wp-block-list\">\n<li>Tu cr\u00e9es tes premi\u00e8res finitions d\u00e9coratives (balayette, taloch\u00e9e, \u00e9ponge&#8230;)<\/li>\n\n\n\n<li>Tu apprends \u00e0 organiser un chantier de A \u00e0 Z<\/li>\n\n\n\n<li>Tu repars avec un plan d&rsquo;action personnalis\u00e9<\/li>\n\n\n\n<li><strong>Tu te projettes avec confiance sur ton projet<\/strong><\/li>\n<\/ul>\n<\/div><\/div>\n\n\n\n<p><\/p>\n\n\n\n<h2 class=\"wp-block-heading\" id=\"h-la-particularite-d-une-formation-twiza\"><strong>\ud83d\udca1 La particularit\u00e9 d&rsquo;une formation Twiza<\/strong><\/h2>\n\n\n\n<h3 class=\"wp-block-heading\"><strong>Un espace pour TON projet<\/strong><\/h3>\n\n\n\n<p>Chez Twiza, on ne forme pas \u00e0 c\u00f4t\u00e9 des projets des stagiaires \u2014 on les int\u00e8gre.<br>Tu viens avec tes id\u00e9es, tes contraintes, tes envies : elles nourrissent le contenu, les \u00e9changes et le d\u00e9roul\u00e9 de la formation. <strong>\u00c0 l&rsquo;issue de la formation, ton projet a r\u00e9ellement avanc\u00e9.<\/strong><\/p>\n\n\n\n<h3 class=\"wp-block-heading\"><strong>Une p\u00e9dagogie pens\u00e9e pour transmettre vraiment<\/strong><\/h3>\n\n\n\n<p>Pour Twiza, la p\u00e9dagogie n\u2019est pas une option : c\u2019est le c\u0153ur de notre engagement.<br>Chaque formateur ou formatrice b\u00e9n\u00e9ficie d\u2019un accompagnement personnalis\u00e9 pour construire des formations claires, accessibles et centr\u00e9es sur l\u2019exp\u00e9rience v\u00e9cue.<\/p>\n\n\n\n<p>Nous ne laissons pas les intervenants \u201cse d\u00e9brouiller\u201d avec un savoir-faire : nous les aidons \u00e0 le transmettre avec justesse.<br>Notre \u00e9quipe p\u00e9dagogique les accompagne pour structurer les contenus, favoriser l\u2019ancrage, et prendre en compte les diff\u00e9rents profils d\u2019apprentissage.<\/p>\n\n\n\n<blockquote class=\"wp-block-quote is-layout-flow wp-block-quote-is-layout-flow\">\n<p style=\"font-size:30px\"><em><strong>\u201c<\/strong>Parce qu\u2019il ne suffit pas d&rsquo;\u00eatre un bon artisan pour \u00eatre un bon formateur !\u201d<\/em><\/p>\n<\/blockquote>\n\n\n\n<h3 class=\"wp-block-heading\"><strong>Un cadre simple, humain et convivial<\/strong><\/h3>\n\n\n\n<p>On apprend \u00e0 son rythme, sans pression ni jargon, en petit groupe, dans une ambiance <strong>conviviale<\/strong>. On est aussi l\u00e0 pour passer un moment agr\u00e9able et <strong>rencontrer<\/strong> d&rsquo;autres personnes qui partagent nos valeurs et nos enjeux.<br><\/p>\n\n\n\n<h3 class=\"wp-block-heading\"><strong>Un r\u00e9seau engag\u00e9<\/strong><\/h3>\n\n\n\n<p>Twiza est une coop\u00e9rative d\u2019int\u00e9r\u00eat collectif, n\u00e9e pour d\u00e9fendre la transmission des savoir-faire, l\u2019autonomie et une construction plus responsable.<br>En te formant ici, tu fais un choix qui d\u00e9passe la technique : tu rejoins un r\u00e9seau d\u2019entraide.<\/p>\n\n\n\n<figure class=\"wp-block-image size-large\"><img loading=\"lazy\" decoding=\"async\" width=\"1024\" height=\"397\" src=\"https:\/\/fr.twiza.org\/portail\/wp-content\/uploads\/2025\/03\/RHE25-1024x397.jpeg\" alt=\"\" class=\"wp-image-12338\" srcset=\"https:\/\/fr.twiza.org\/portail\/wp-content\/uploads\/2025\/03\/RHE25-1024x397.jpeg 1024w, https:\/\/fr.twiza.org\/portail\/wp-content\/uploads\/2025\/03\/RHE25-600x233.jpeg 600w, https:\/\/fr.twiza.org\/portail\/wp-content\/uploads\/2025\/03\/RHE25-300x116.jpeg 300w, https:\/\/fr.twiza.org\/portail\/wp-content\/uploads\/2025\/03\/RHE25-768x298.jpeg 768w, https:\/\/fr.twiza.org\/portail\/wp-content\/uploads\/2025\/03\/RHE25-1536x595.jpeg 1536w, https:\/\/fr.twiza.org\/portail\/wp-content\/uploads\/2025\/03\/RHE25.jpeg 1920w\" sizes=\"(max-width: 1024px) 100vw, 1024px\" \/><\/figure>\n\n\n\n<div class=\"wp-block-buttons is-content-justification-center is-layout-flex wp-container-core-buttons-is-layout-a89b3969 wp-block-buttons-is-layout-flex\">\n<div class=\"wp-block-button\"><a class=\"wp-block-button__link wp-element-button\" href=\"https:\/\/airtable.com\/appe5mJ3IHMjUaCZH\/shrs1AyTlaWdJo8DM\">Demander des renseignements<\/a><\/div>\n<\/div>\n\n\n\n<h2 class=\"wp-block-heading\"><strong>\u2753 Questions fr\u00e9quentes<\/strong><\/h2>\n\n\n\n<h3 class=\"wp-block-heading\" id=\"h-est-ce-que-je-dois-avoir-deja-une-experience-en-enduits\"><strong><strong>\u2192<\/strong> Est-ce que je dois avoir d\u00e9j\u00e0 une exp\u00e9rience en enduits ?<\/strong><\/h3>\n\n\n\n<p>Non. Cette formation est accessible \u00e0 toutes et tous, sans pr\u00e9requis techniques. Tu apprendras les bases sur place, pas \u00e0 pas, dans un cadre bienveillant.<\/p>\n\n\n\n<hr class=\"wp-block-separator has-alpha-channel-opacity\"\/>\n\n\n\n<h3 class=\"wp-block-heading\" id=\"h-est-ce-que-c-est-une-formation-physique\"><strong><strong>\u2192<\/strong> Est-ce que c\u2019est une formation \u201cphysique\u201d ?<\/strong><\/h3>\n\n\n\n<p>Oui, le travail de la terre demande un minimum d\u2019effort.<br>Mais les gestes sont adapt\u00e9s, on travaille en \u00e9quipe, et la formatrice veille \u00e0 ce que chacun trouve sa place. Aucune performance n\u2019est attendue.<\/p>\n\n\n\n<hr class=\"wp-block-separator has-alpha-channel-opacity\"\/>\n\n\n\n<h3 class=\"wp-block-heading\" id=\"h-est-ce-que-je-dois-venir-avec-nbsp-mon-materiel-nbsp\"><strong>\u2192 Est-ce que je dois venir avec<\/strong>&nbsp;<strong>mon mat\u00e9riel<\/strong>&nbsp;?<\/h3>\n\n\n\n<p>Tout est fourni, mais prends avec toi tes chaussures de s\u00e9curit\u00e9 et les \u00e9quipements de protection ou outils de base que tu poss\u00e8des.<\/p>\n\n\n\n<hr class=\"wp-block-separator has-alpha-channel-opacity\"\/>\n\n\n\n<h3 class=\"wp-block-heading\" id=\"h-je-viens-seul-e-est-ce-que-c-est-pour-moi\"><strong><strong>\u2192<\/strong> Je viens seul\u00b7e, est-ce que c\u2019est pour moi ?<\/strong><\/h3>\n\n\n\n<p>Bien s\u00fbr ! La formation est souvent l\u2019occasion de rencontrer d\u2019autres personnes engag\u00e9es, qui partagent les m\u00eames valeurs. Tu seras bien entour\u00e9\u00b7e<\/p>\n\n\n\n<hr class=\"wp-block-separator has-alpha-channel-opacity\"\/>\n\n\n\n<h3 class=\"wp-block-heading\" id=\"h-est-ce-que-l-hebergement-est-compris\"><strong><strong>\u2192<\/strong> Est-ce que l\u2019h\u00e9bergement est compris ?<\/strong><\/h3>\n\n\n\n<p>Non, mais des solutions sont propos\u00e9es \u00e0 proximit\u00e9. Tu recevras une fiche pratique apr\u00e8s ton inscription, avec plusieurs options propos\u00e9es \u00e0 prix doux, sur place ou \u00e0 proximit\u00e9.<\/p>\n\n\n\n<hr class=\"wp-block-separator has-alpha-channel-opacity\"\/>\n\n\n\n<h3 class=\"wp-block-heading\" id=\"h-je-suis-en-situation-de-handicap-puis-je-participer\"><strong><strong>\u2192<\/strong> Je suis en situation de handicap, puis-je participer ?<\/strong><\/h3>\n\n\n\n<p>Le lieu n\u2019est pas enti\u00e8rement accessible, mais une aide peut \u00eatre mise en place sur demande.<br>Contacte-nous avant l\u2019inscription pour qu\u2019on voie ensemble les meilleures conditions d\u2019accueil.<\/p>\n\n\n\n<hr class=\"wp-block-separator has-alpha-channel-opacity\"\/>\n\n\n\n<h3 class=\"wp-block-heading\" id=\"h-peut-on-faire-financer-cette-formation\"><strong><strong>\u2192<\/strong> Peut-on faire financer cette formation ?<\/strong><\/h3>\n\n\n\n<p>\u00c0 ce stade, la formation n\u2019est pas finan\u00e7able. Nous y travaillons !<\/p>\n\n\n\n<hr class=\"wp-block-separator has-alpha-channel-opacity\"\/>\n\n\n\n<div class=\"wp-block-buttons is-content-justification-center is-layout-flex wp-container-core-buttons-is-layout-a89b3969 wp-block-buttons-is-layout-flex\">\n<div class=\"wp-block-button\"><a class=\"wp-block-button__link wp-element-button\" href=\"https:\/\/airtable.com\/appe5mJ3IHMjUaCZH\/shrs1AyTlaWdJo8DM\">En savoir plus<\/a><\/div>\n<\/div>\n\n\n\n<div style=\"height:220px\" aria-hidden=\"true\" class=\"wp-block-spacer\"><\/div>\n\n\n\n<p><\/p>\n\n\n\n<p><\/p>\n","protected":false},"excerpt":{"rendered":"<p>L&rsquo;enduit terre du gobetis aux finitions en 2 jours, et retrouve enfin la fiert\u00e9 de cr\u00e9er de tes mains. \ud83d\udcc5 Le 08 et 09 mai 2026\ud83d\udcc5 Le 04 et 05 juillet 2026\ud83d\udcc5 Le 17 et 18 octobre 2026 \u2022 8 places seulement\ud83d\udccd Ferme de Johann \u00e0 Haussez (76) Tu regardes [&hellip;]<\/p>\n","protected":false},"author":22,"featured_media":12644,"parent":12516,"menu_order":0,"comment_status":"closed","ping_status":"closed","template":"","meta":{"_eb_attr":"","_themeisle_gutenberg_block_has_review":false,"footnotes":""},"class_list":["post-12633","page","type-page","status-publish","has-post-thumbnail","hentry"],"yoast_head":"<!-- This site is optimized with the Yoast SEO Premium plugin v27.2 (Yoast SEO v27.5) - https:\/\/yoast.com\/product\/yoast-seo-premium-wordpress\/ -->\n<title>Enduits de Terre Crue (Johann Degrave)<\/title>\n<meta name=\"robots\" content=\"index, follow, max-snippet:-1, max-image-preview:large, max-video-preview:-1\" \/>\n<link rel=\"canonical\" href=\"https:\/\/fr.twiza.org\/portail\/formations-twiza\/enduits-de-terre-crue-jd\/\" \/>\n<meta property=\"og:locale\" content=\"fr_FR\" \/>\n<meta property=\"og:type\" content=\"article\" \/>\n<meta property=\"og:title\" content=\"Enduits de Terre Crue (Johann Degrave)\" \/>\n<meta property=\"og:description\" content=\"L&rsquo;enduit terre du gobetis aux finitions en 2 jours, et retrouve enfin la fiert\u00e9 de cr\u00e9er de tes mains. \ud83d\udcc5 Le 08 et 09 mai 2026\ud83d\udcc5 Le 04 et 05 juillet 2026\ud83d\udcc5 Le 17 et 18 octobre 2026 \u2022 8 places seulement\ud83d\udccd Ferme de Johann \u00e0 Haussez (76) Tu regardes [&hellip;]\" \/>\n<meta property=\"og:url\" content=\"https:\/\/fr.twiza.org\/portail\/formations-twiza\/enduits-de-terre-crue-jd\/\" \/>\n<meta property=\"og:site_name\" content=\"R\u00e9seau Twiza\" \/>\n<meta property=\"article:publisher\" content=\"https:\/\/fr-fr.facebook.com\/Twiza.fr\/\" \/>\n<meta property=\"article:modified_time\" content=\"2026-03-10T08:38:54+00:00\" \/>\n<meta property=\"og:image\" content=\"https:\/\/fr.twiza.org\/portail\/wp-content\/uploads\/2025\/05\/Formation-terre-Johann-Degrave-Mains.jpg\" \/>\n\t<meta property=\"og:image:width\" content=\"675\" \/>\n\t<meta property=\"og:image:height\" content=\"439\" \/>\n\t<meta property=\"og:image:type\" content=\"image\/jpeg\" \/>\n<meta name=\"twitter:card\" content=\"summary_large_image\" \/>\n<script type=\"application\/ld+json\" class=\"yoast-schema-graph\">{\"@context\":\"https:\\\/\\\/schema.org\",\"@graph\":[{\"@type\":\"WebPage\",\"@id\":\"https:\\\/\\\/fr.twiza.org\\\/portail\\\/formations-twiza\\\/enduits-de-terre-crue-jd\\\/\",\"url\":\"https:\\\/\\\/fr.twiza.org\\\/portail\\\/formations-twiza\\\/enduits-de-terre-crue-jd\\\/\",\"name\":\"Enduits de Terre Crue (Johann Degrave)\",\"isPartOf\":{\"@id\":\"https:\\\/\\\/fr.twiza.org\\\/portail\\\/#website\"},\"primaryImageOfPage\":{\"@id\":\"https:\\\/\\\/fr.twiza.org\\\/portail\\\/formations-twiza\\\/enduits-de-terre-crue-jd\\\/#primaryimage\"},\"image\":{\"@id\":\"https:\\\/\\\/fr.twiza.org\\\/portail\\\/formations-twiza\\\/enduits-de-terre-crue-jd\\\/#primaryimage\"},\"thumbnailUrl\":\"https:\\\/\\\/fr.twiza.org\\\/portail\\\/wp-content\\\/uploads\\\/2025\\\/05\\\/Formation-terre-Johann-Degrave-Mains.jpg\",\"datePublished\":\"2025-05-28T09:15:53+00:00\",\"dateModified\":\"2026-03-10T08:38:54+00:00\",\"breadcrumb\":{\"@id\":\"https:\\\/\\\/fr.twiza.org\\\/portail\\\/formations-twiza\\\/enduits-de-terre-crue-jd\\\/#breadcrumb\"},\"inLanguage\":\"fr-FR\",\"potentialAction\":[{\"@type\":\"ReadAction\",\"target\":[\"https:\\\/\\\/fr.twiza.org\\\/portail\\\/formations-twiza\\\/enduits-de-terre-crue-jd\\\/\"]}]},{\"@type\":\"ImageObject\",\"inLanguage\":\"fr-FR\",\"@id\":\"https:\\\/\\\/fr.twiza.org\\\/portail\\\/formations-twiza\\\/enduits-de-terre-crue-jd\\\/#primaryimage\",\"url\":\"https:\\\/\\\/fr.twiza.org\\\/portail\\\/wp-content\\\/uploads\\\/2025\\\/05\\\/Formation-terre-Johann-Degrave-Mains.jpg\",\"contentUrl\":\"https:\\\/\\\/fr.twiza.org\\\/portail\\\/wp-content\\\/uploads\\\/2025\\\/05\\\/Formation-terre-Johann-Degrave-Mains.jpg\",\"width\":675,\"height\":439,\"caption\":\"Formation enduits terre Johann Degrave Mains\"},{\"@type\":\"BreadcrumbList\",\"@id\":\"https:\\\/\\\/fr.twiza.org\\\/portail\\\/formations-twiza\\\/enduits-de-terre-crue-jd\\\/#breadcrumb\",\"itemListElement\":[{\"@type\":\"ListItem\",\"position\":1,\"name\":\"Accueil\",\"item\":\"https:\\\/\\\/fr.twiza.org\\\/portail\\\/\"},{\"@type\":\"ListItem\",\"position\":2,\"name\":\"Les Formations Sign\u00e9es Twiza Arrivent en Force\",\"item\":\"https:\\\/\\\/fr.twiza.org\\\/portail\\\/formations-twiza\\\/\"},{\"@type\":\"ListItem\",\"position\":3,\"name\":\"Enduits de Terre Crue (Johann Degrave)\"}]},{\"@type\":\"WebSite\",\"@id\":\"https:\\\/\\\/fr.twiza.org\\\/portail\\\/#website\",\"url\":\"https:\\\/\\\/fr.twiza.org\\\/portail\\\/\",\"name\":\"R\u00e9seau Twiza\",\"description\":\"Entraide pour un habitat \u00e9cologique, convivial et r\u00e9silient\",\"publisher\":{\"@id\":\"https:\\\/\\\/fr.twiza.org\\\/portail\\\/#organization\"},\"potentialAction\":[{\"@type\":\"SearchAction\",\"target\":{\"@type\":\"EntryPoint\",\"urlTemplate\":\"https:\\\/\\\/fr.twiza.org\\\/portail\\\/?s={search_term_string}\"},\"query-input\":{\"@type\":\"PropertyValueSpecification\",\"valueRequired\":true,\"valueName\":\"search_term_string\"}}],\"inLanguage\":\"fr-FR\"},{\"@type\":\"Organization\",\"@id\":\"https:\\\/\\\/fr.twiza.org\\\/portail\\\/#organization\",\"name\":\"R\u00e9seau Twiza\",\"url\":\"https:\\\/\\\/fr.twiza.org\\\/portail\\\/\",\"logo\":{\"@type\":\"ImageObject\",\"inLanguage\":\"fr-FR\",\"@id\":\"https:\\\/\\\/fr.twiza.org\\\/portail\\\/#\\\/schema\\\/logo\\\/image\\\/\",\"url\":\"https:\\\/\\\/fr.twiza.org\\\/portail\\\/wp-content\\\/uploads\\\/2021\\\/05\\\/cropped-logo-reseau-twiza.jpg\",\"contentUrl\":\"https:\\\/\\\/fr.twiza.org\\\/portail\\\/wp-content\\\/uploads\\\/2021\\\/05\\\/cropped-logo-reseau-twiza.jpg\",\"width\":400,\"height\":102,\"caption\":\"R\u00e9seau Twiza\"},\"image\":{\"@id\":\"https:\\\/\\\/fr.twiza.org\\\/portail\\\/#\\\/schema\\\/logo\\\/image\\\/\"},\"sameAs\":[\"https:\\\/\\\/fr-fr.facebook.com\\\/Twiza.fr\\\/\",\"https:\\\/\\\/www.instagram.com\\\/twiza_fr\\\/\",\"https:\\\/\\\/www.linkedin.com\\\/company\\\/reseautwiza\\\/\"]}]}<\/script>\n<!-- \/ Yoast SEO Premium plugin. -->","yoast_head_json":{"title":"Enduits de Terre Crue (Johann Degrave)","robots":{"index":"index","follow":"follow","max-snippet":"max-snippet:-1","max-image-preview":"max-image-preview:large","max-video-preview":"max-video-preview:-1"},"canonical":"https:\/\/fr.twiza.org\/portail\/formations-twiza\/enduits-de-terre-crue-jd\/","og_locale":"fr_FR","og_type":"article","og_title":"Enduits de Terre Crue (Johann Degrave)","og_description":"L&rsquo;enduit terre du gobetis aux finitions en 2 jours, et retrouve enfin la fiert\u00e9 de cr\u00e9er de tes mains. \ud83d\udcc5 Le 08 et 09 mai 2026\ud83d\udcc5 Le 04 et 05 juillet 2026\ud83d\udcc5 Le 17 et 18 octobre 2026 \u2022 8 places seulement\ud83d\udccd Ferme de Johann \u00e0 Haussez (76) Tu regardes [&hellip;]","og_url":"https:\/\/fr.twiza.org\/portail\/formations-twiza\/enduits-de-terre-crue-jd\/","og_site_name":"R\u00e9seau Twiza","article_publisher":"https:\/\/fr-fr.facebook.com\/Twiza.fr\/","article_modified_time":"2026-03-10T08:38:54+00:00","og_image":[{"width":675,"height":439,"url":"https:\/\/fr.twiza.org\/portail\/wp-content\/uploads\/2025\/05\/Formation-terre-Johann-Degrave-Mains.jpg","type":"image\/jpeg"}],"twitter_card":"summary_large_image","schema":{"@context":"https:\/\/schema.org","@graph":[{"@type":"WebPage","@id":"https:\/\/fr.twiza.org\/portail\/formations-twiza\/enduits-de-terre-crue-jd\/","url":"https:\/\/fr.twiza.org\/portail\/formations-twiza\/enduits-de-terre-crue-jd\/","name":"Enduits de Terre Crue (Johann Degrave)","isPartOf":{"@id":"https:\/\/fr.twiza.org\/portail\/#website"},"primaryImageOfPage":{"@id":"https:\/\/fr.twiza.org\/portail\/formations-twiza\/enduits-de-terre-crue-jd\/#primaryimage"},"image":{"@id":"https:\/\/fr.twiza.org\/portail\/formations-twiza\/enduits-de-terre-crue-jd\/#primaryimage"},"thumbnailUrl":"https:\/\/fr.twiza.org\/portail\/wp-content\/uploads\/2025\/05\/Formation-terre-Johann-Degrave-Mains.jpg","datePublished":"2025-05-28T09:15:53+00:00","dateModified":"2026-03-10T08:38:54+00:00","breadcrumb":{"@id":"https:\/\/fr.twiza.org\/portail\/formations-twiza\/enduits-de-terre-crue-jd\/#breadcrumb"},"inLanguage":"fr-FR","potentialAction":[{"@type":"ReadAction","target":["https:\/\/fr.twiza.org\/portail\/formations-twiza\/enduits-de-terre-crue-jd\/"]}]},{"@type":"ImageObject","inLanguage":"fr-FR","@id":"https:\/\/fr.twiza.org\/portail\/formations-twiza\/enduits-de-terre-crue-jd\/#primaryimage","url":"https:\/\/fr.twiza.org\/portail\/wp-content\/uploads\/2025\/05\/Formation-terre-Johann-Degrave-Mains.jpg","contentUrl":"https:\/\/fr.twiza.org\/portail\/wp-content\/uploads\/2025\/05\/Formation-terre-Johann-Degrave-Mains.jpg","width":675,"height":439,"caption":"Formation enduits terre Johann Degrave Mains"},{"@type":"BreadcrumbList","@id":"https:\/\/fr.twiza.org\/portail\/formations-twiza\/enduits-de-terre-crue-jd\/#breadcrumb","itemListElement":[{"@type":"ListItem","position":1,"name":"Accueil","item":"https:\/\/fr.twiza.org\/portail\/"},{"@type":"ListItem","position":2,"name":"Les Formations Sign\u00e9es Twiza Arrivent en Force","item":"https:\/\/fr.twiza.org\/portail\/formations-twiza\/"},{"@type":"ListItem","position":3,"name":"Enduits de Terre Crue (Johann Degrave)"}]},{"@type":"WebSite","@id":"https:\/\/fr.twiza.org\/portail\/#website","url":"https:\/\/fr.twiza.org\/portail\/","name":"R\u00e9seau Twiza","description":"Entraide pour un habitat \u00e9cologique, convivial et r\u00e9silient","publisher":{"@id":"https:\/\/fr.twiza.org\/portail\/#organization"},"potentialAction":[{"@type":"SearchAction","target":{"@type":"EntryPoint","urlTemplate":"https:\/\/fr.twiza.org\/portail\/?s={search_term_string}"},"query-input":{"@type":"PropertyValueSpecification","valueRequired":true,"valueName":"search_term_string"}}],"inLanguage":"fr-FR"},{"@type":"Organization","@id":"https:\/\/fr.twiza.org\/portail\/#organization","name":"R\u00e9seau Twiza","url":"https:\/\/fr.twiza.org\/portail\/","logo":{"@type":"ImageObject","inLanguage":"fr-FR","@id":"https:\/\/fr.twiza.org\/portail\/#\/schema\/logo\/image\/","url":"https:\/\/fr.twiza.org\/portail\/wp-content\/uploads\/2021\/05\/cropped-logo-reseau-twiza.jpg","contentUrl":"https:\/\/fr.twiza.org\/portail\/wp-content\/uploads\/2021\/05\/cropped-logo-reseau-twiza.jpg","width":400,"height":102,"caption":"R\u00e9seau Twiza"},"image":{"@id":"https:\/\/fr.twiza.org\/portail\/#\/schema\/logo\/image\/"},"sameAs":["https:\/\/fr-fr.facebook.com\/Twiza.fr\/","https:\/\/www.instagram.com\/twiza_fr\/","https:\/\/www.linkedin.com\/company\/reseautwiza\/"]}]}},"jetpack_sharing_enabled":true,"_links":{"self":[{"href":"https:\/\/fr.twiza.org\/portail\/wp-json\/wp\/v2\/pages\/12633","targetHints":{"allow":["GET"]}}],"collection":[{"href":"https:\/\/fr.twiza.org\/portail\/wp-json\/wp\/v2\/pages"}],"about":[{"href":"https:\/\/fr.twiza.org\/portail\/wp-json\/wp\/v2\/types\/page"}],"author":[{"embeddable":true,"href":"https:\/\/fr.twiza.org\/portail\/wp-json\/wp\/v2\/users\/22"}],"replies":[{"embeddable":true,"href":"https:\/\/fr.twiza.org\/portail\/wp-json\/wp\/v2\/comments?post=12633"}],"version-history":[{"count":13,"href":"https:\/\/fr.twiza.org\/portail\/wp-json\/wp\/v2\/pages\/12633\/revisions"}],"predecessor-version":[{"id":14113,"href":"https:\/\/fr.twiza.org\/portail\/wp-json\/wp\/v2\/pages\/12633\/revisions\/14113"}],"up":[{"embeddable":true,"href":"https:\/\/fr.twiza.org\/portail\/wp-json\/wp\/v2\/pages\/12516"}],"wp:featuredmedia":[{"embeddable":true,"href":"https:\/\/fr.twiza.org\/portail\/wp-json\/wp\/v2\/media\/12644"}],"wp:attachment":[{"href":"https:\/\/fr.twiza.org\/portail\/wp-json\/wp\/v2\/media?parent=12633"}],"curies":[{"name":"wp","href":"https:\/\/api.w.org\/{rel}","templated":true}]}}