{"id":12848,"date":"2025-06-25T12:01:50","date_gmt":"2025-06-25T10:01:50","guid":{"rendered":"https:\/\/fr.twiza.org\/portail\/?page_id=12848"},"modified":"2025-11-04T11:26:19","modified_gmt":"2025-11-04T10:26:19","slug":"clarifier-son-projet-clp","status":"publish","type":"page","link":"https:\/\/fr.twiza.org\/portail\/formations-twiza\/clarifier-son-projet-clp\/","title":{"rendered":"Clarifier son projet et lever les blocages int\u00e9rieurs"},"content":{"rendered":"\n<h2 class=\"wp-block-heading has-text-align-center\" id=\"h-balaie-tes-doutes-et-passe-de-l-envie-a-l-action-dans-ton-projet-de-construction-ou-renovation\"><strong>Balaie tes doutes et passe de l&rsquo;envie \u00e0 l&rsquo;action dans ton projet de construction ou r\u00e9novation.<\/strong><\/h2>\n\n\n\n<p class=\"has-text-align-center\">\ud83d\udcc5 \u00a0Du 6 au 20 janvier 2026<br><strong>8 places maximum<br><\/strong> \ud83d\udccd en distanciel tous les mardi de 20h \u00e0 22h30<\/p>\n\n\n\n<p class=\"has-text-align-center\"><\/p>\n\n\n\n<div class=\"wp-block-buttons o-sticky o-sticky-scope-main-area o-sticky-pos-top o-sticky-bhvr-keep is-content-justification-center is-layout-flex wp-container-core-buttons-is-layout-a89b3969 wp-block-buttons-is-layout-flex\">\n<div class=\"wp-block-button\"><a class=\"wp-block-button__link wp-element-button\" href=\"https:\/\/airtable.com\/appe5mJ3IHMjUaCZH\/shrs1AyTlaWdJo8DM\" target=\"_blank\" rel=\"noreferrer noopener\">Demander des renseignements<\/a><\/div>\n<\/div>\n\n\n\n<p style=\"font-size:30px\"><strong><strong>Tu as un projet en t\u00eate&#8230; mais tu n&rsquo;arrives pas \u00e0 te lancer ?<\/strong><\/strong><\/p>\n\n\n\n<p><em>\u00ab\u00a0J&rsquo;ai envie de construire, de r\u00e9nover, de changer de vie&#8230; mais je suis compl\u00e8tement bloqu\u00e9\u00b7e.\u00a0\u00bb<\/em><\/p>\n\n\n\n<p>Tu passes des heures \u00e0 regarder des photos de maisons en paille, \u00e0 r\u00eaver de ton futur chez-toi, \u00e0 imaginer cette nouvelle vie&#8230; <strong>Mais d\u00e8s qu&rsquo;il faut passer \u00e0 l&rsquo;action, quelque chose te freine.<\/strong><\/p>\n\n\n\n<p>Tu te poses mille questions : <em>Est-ce que j&rsquo;en suis capable ? Et si je me plante ? Et si je n&rsquo;ai pas assez d&rsquo;argent ? Et si mon entourage a raison de me d\u00e9courager ?<\/em><\/p>\n\n\n\n<p>Tu h\u00e9sites entre plusieurs directions, tu doutes de tes choix, tu te sens influenc\u00e9\u00b7e par les avis ext\u00e9rieurs. <strong>Tu ressens beaucoup d&rsquo;\u00e9motions, de stress, d&rsquo;inqui\u00e9tudes&#8230; et tu n&rsquo;avances pas.<\/strong><\/p>\n\n\n\n<p><strong>Et si le probl\u00e8me n&rsquo;\u00e9tait pas ton projet, mais les freins invisibles qui t&#8217;emp\u00eachent de le r\u00e9aliser ?<\/strong><\/p>\n\n\n\n<p>Cette formation n&rsquo;est pas technique. C&rsquo;est un accompagnement pour <strong>d\u00e9m\u00ealer ce qui se passe \u00e0 l&rsquo;int\u00e9rieur de toi<\/strong> et retrouver la clart\u00e9 et la confiance n\u00e9cessaires pour avancer. <\/p>\n\n\n\n<p>Tu repartiras avec une vision limpide de ton projet, des outils pour g\u00e9rer tes \u00e9motions, et surtout <strong>la l\u00e9gitimit\u00e9 de te faire confiance.<\/strong><\/p>\n\n\n\n<p><\/p>\n\n\n\n<h2 class=\"wp-block-heading\" id=\"h-a-qui-s-adresse-cette-formation\"><strong>\u00c0 qui s\u2019adresse cette formation ?<\/strong><\/h2>\n\n\n\n<p>Cette formation s&rsquo;adresse \u00e0 celles et ceux qui ont un <strong>projet motiv\u00e9 de construction, r\u00e9novation ou changement de vie<\/strong> mais qui se sentent bloqu\u00e9s.<\/p>\n\n\n\n<p><strong>Tu te reconnais si :<\/strong><\/p>\n\n\n\n<ul class=\"wp-block-list\">\n<li>Tu as un projet en cours ou en gestation mais tu procrastines<\/li>\n\n\n\n<li>Tu ne sais pas par o\u00f9 commencer et tu manques de structure<\/li>\n\n\n\n<li>Tu doutes de tes capacit\u00e9s, tu as peur de ne pas aller au bout<\/li>\n\n\n\n<li>Tu te sens seul\u00b7e, sans rep\u00e8res, influenc\u00e9\u00b7e par les avis ext\u00e9rieurs<\/li>\n\n\n\n<li>Tu as besoin de lever des freins et croyances limitantes<\/li>\n\n\n\n<li>Tu veux gagner en confiance et en autonomie<\/li>\n\n\n\n<li><strong>Tu es pr\u00eat\u00b7e \u00e0 plonger en toi pour comprendre tes blocages<\/strong><\/li>\n<\/ul>\n\n\n\n<p><strong>Aucun pr\u00e9requis technique<\/strong> \u2014 juste l&rsquo;ouverture \u00e0 l&rsquo;introspection et \u00e0 l&rsquo;\u00e9change en groupe.<\/p>\n\n\n\n<p>Les personnes qui t&rsquo;entoureront seront comme toi : motiv\u00e9es, bienveillantes, et pr\u00eates \u00e0 faire ce travail int\u00e9rieur pour d\u00e9bloquer leur projet.<\/p>\n\n\n\n<p><\/p>\n\n\n\n<h3 class=\"wp-block-heading\" id=\"h-ton-projet-au-coeur-du-dispositif-pedagogique\">Ton projet au coeur du dispositif p\u00e9dagogique<\/h3>\n\n\n\n<p>Comme toujours chez Twiza, on part de <strong>TON projet<\/strong> pour construire <strong>TON accompagnement<\/strong>.<br>Tu viendras avec tes r\u00eaves, tes doutes, tes peurs : ils nourrissent les exercices et les \u00e9changes. Ce n&rsquo;est pas de la th\u00e9orie g\u00e9n\u00e9rale, mais <strong>un travail sur-mesure pour ton cas.<\/strong><\/p>\n\n\n\n<p>Le but est qu&rsquo;\u00e0 l&rsquo;issue de la formation, en plus d&rsquo;avoir mont\u00e9 en comp\u00e9tence, ton projet aura \u00e9t\u00e9 acc\u00e9l\u00e9r\u00e9, ou d\u00e9bloqu\u00e9.<\/p>\n\n\n\n<p>Et nous mettons un point d&rsquo;honneur \u00e0 te contacter d\u00e8s ton inscription pour savoir comment nous pouvons personnaliser le parcours que nous te pr\u00e9parons.<br><\/p>\n\n\n\n<p><\/p>\n\n\n\n<blockquote class=\"wp-block-quote is-layout-flow wp-block-quote-is-layout-flow\">\n<p style=\"font-size:30px\">Ensemble, on se concentre sur ce qui est r\u00e9ellement utile et actionnable pour permettre \u00e0 chacun\u00b7e d&rsquo;avancer sur son projet personnel rapidement et avec clart\u00e9.<\/p>\n<\/blockquote>\n\n\n\n<h2 class=\"wp-block-heading\" id=\"h-ce-que-tu-vas-vivre-et-ressentir-en-2-jours\"><strong><strong><strong>Ce que tu vas vivre et ressentir en 2 jours<\/strong><\/strong><\/strong><\/h2>\n\n\n\n<p><strong>\u00c9tape 1 &#8211; \u00ab\u00a0Je comprends enfin ce qui me bloque\u00a0\u00bb<\/strong><\/p>\n\n\n\n<ul class=\"wp-block-list\">\n<li>Tu clarifies la structure et les fondations de ton projet<\/li>\n\n\n\n<li>Tu explores tes motivations profondes avec les approches Cercle d&rsquo;Or et IKIGAI<\/li>\n\n\n\n<li>Tu identifies tes freins inconscients gr\u00e2ce aux outils de CNV et Katie Byron<\/li>\n\n\n\n<li>Tu transformes tes croyances limitantes en ressources<\/li>\n\n\n\n<li><strong>Tu passes de la confusion \u00e0 la clart\u00e9<\/strong><\/li>\n<\/ul>\n\n\n\n<p><strong>\u00c9tape 2 &#8211; \u00ab\u00a0Je sais comment avancer\u00a0\u00bb<\/strong><\/p>\n\n\n\n<ul class=\"wp-block-list\">\n<li>Tu d\u00e9finis tes priorit\u00e9s et tes prochains pas concrets<\/li>\n\n\n\n<li>Tu apprends \u00e0 c\u00e9l\u00e9brer tes avanc\u00e9es et renforcer ta motivation<\/li>\n\n\n\n<li>Tu int\u00e8gres tes apprentissages dans un plan d&rsquo;action personnalis\u00e9<\/li>\n\n\n\n<li>Tu cr\u00e9es ton tableau de visualisation du projet r\u00e9alis\u00e9<\/li>\n\n\n\n<li><strong>Tu passes de la paralysie \u00e0 l&rsquo;action align\u00e9e<\/strong><\/li>\n<\/ul>\n\n\n\n<h3 class=\"wp-block-heading\"><strong>En d\u2019autres termes :<\/strong><\/h3>\n\n\n\n<p>\u2728 <strong>Clart\u00e9<\/strong> : \u00ab\u00a0Je sais pourquoi je porte ce projet\u00a0\u00bb<br>\u2728 <strong>Confiance<\/strong> : \u00ab\u00a0Je me sens capable de faire les bons choix\u00a0\u00bb<br>\u2728 <strong>S\u00e9r\u00e9nit\u00e9<\/strong> : \u00ab\u00a0Je suis en paix avec l&rsquo;id\u00e9e de ne pas tout contr\u00f4ler\u00a0\u00bb<br>\u2728 <strong>L\u00e9gitimit\u00e9<\/strong> : \u00ab\u00a0J&rsquo;ai le droit de r\u00e9aliser mes r\u00eaves\u00a0\u00bb<br>\u2728 <strong>Motivation<\/strong> : \u00ab\u00a0J&rsquo;ai envie d&rsquo;avancer, je me sens align\u00e9\u00b7e\u00a0\u00bb<\/p>\n\n\n\n<p><\/p>\n\n\n\n<h2 class=\"wp-block-heading\" id=\"h-ce-que-tu-deviendras-capable-d-accomplir-concretement\"><strong>Ce que tu deviendras capable d&rsquo;accomplir, concr\u00e8tement<\/strong><\/h2>\n\n\n\n<p>Cette formation est une porte d&rsquo;entr\u00e9e dans ton projet de vie, pens\u00e9e pour les personnes qui ont besoin de clarifier leur vision avant d&rsquo;agir.<\/p>\n\n\n\n<p>On n&rsquo;applique pas un programme fig\u00e9. On part de ce que tu vis, de ce qui te freine, de ce dont tu as besoin pour te mettre en mouvement.<\/p>\n\n\n\n<p>Dans le cadre bienveillant de la yourte de Carole, entour\u00e9\u00b7e de verdure et de calme, tu auras l&rsquo;espace pour te connecter \u00e0 toi-m\u00eame et \u00e0 ton projet authentique.<\/p>\n\n\n\n<p>Tu apprendras \u00e0 :<\/p>\n\n\n\n<ul class=\"wp-block-list\">\n<li><strong>Clarifier ta vision personnelle et profonde<\/strong> de ton projet de construction ou de vie<\/li>\n\n\n\n<li><strong>Identifier tes freins, blocages et croyances limitantes<\/strong> avec des outils pr\u00e9cis<\/li>\n\n\n\n<li><strong>Comprendre l&rsquo;origine de ces freins<\/strong> (personnelle, familiale, soci\u00e9tale)<\/li>\n\n\n\n<li><strong>Transformer ta posture int\u00e9rieure<\/strong> gr\u00e2ce \u00e0 des techniques de reprogrammation douces<\/li>\n\n\n\n<li><strong>D\u00e9finir des priorit\u00e9s concr\u00e8tes<\/strong> et mettre en place un plan d&rsquo;action align\u00e9<\/li>\n\n\n\n<li><strong>Renforcer ta motivation<\/strong> et c\u00e9l\u00e9brer tes avanc\u00e9es pour ancrer le changement<\/li>\n\n\n\n<li><strong>Utiliser des outils de gestion \u00e9motionnelle<\/strong> pour traverser les moments difficiles<\/li>\n\n\n\n<li><strong>Te faire confiance<\/strong> dans tes d\u00e9cisions sans \u00eatre influenc\u00e9\u00b7e par l&rsquo;ext\u00e9rieur<\/li>\n<\/ul>\n\n\n\n<p>Et surtout : Tu comprendras pourquoi tu te bloques&#8230; et comment retrouver ta puissance d&rsquo;action.<\/p>\n\n\n\n<h3 class=\"wp-block-heading\" id=\"h-inclus-dans-la-formation\"><strong>\ud83c\udf81 Inclus dans la formation :<\/strong><\/h3>\n\n\n\n<ul class=\"wp-block-list\">\n<li>Fiches pratiques personnalis\u00e9es<\/li>\n\n\n\n<li>Outils d&rsquo;auto-accompagnement \u00e0 utiliser apr\u00e8s la formation<\/li>\n\n\n\n<li>Acc\u00e8s \u00e0 des ressources compl\u00e9mentaires<\/li>\n\n\n\n<li>Suivi par email post-formation<\/li>\n<\/ul>\n\n\n\n<p><br><\/p>\n\n\n\n<p><\/p>\n\n\n\n<h2 class=\"wp-block-heading\" id=\"h-rencontre-carole-ta-guide-de-transformatio-n\"><strong>Rencontre Carole, ta guide de transformatio<\/strong>n<\/h2>\n\n\n\n<p><strong>Carole Lambert Poulin<\/strong> accompagne depuis plus de 10 ans les porteurs de projets dans leur transformation int\u00e9rieure. Form\u00e9e aux approches de coaching, psychologie positive et outils de transformation personnelle, elle a d\u00e9velopp\u00e9 une expertise unique dans l&rsquo;accompagnement des personnes qui veulent changer de vie. Elle a \u00e9galement autoconstruit sa maison en paille en famille pendant 3,5 ans en g\u00e9rant le projet de A \u00e0 Z<\/p>\n\n\n\n<div class=\"wp-block-columns is-layout-flex wp-container-core-columns-is-layout-28f84493 wp-block-columns-is-layout-flex\">\n<div class=\"wp-block-column is-layout-flow wp-block-column-is-layout-flow\">\n<div class=\"wp-block-group\"><div class=\"wp-block-group__inner-container is-layout-constrained wp-block-group-is-layout-constrained\">\n<h3 class=\"wp-block-heading\" id=\"h-son-approche\"><strong>Son approche :<\/strong><\/h3>\n\n\n\n<ul class=\"wp-block-list\">\n<li>Bienveillance et \u00e9coute sans jugement<\/li>\n\n\n\n<li>M\u00e9thodes douces alliant introspection et action concr\u00e8te<\/li>\n\n\n\n<li>Respect du rythme de chacun\u00b7e<\/li>\n\n\n\n<li>Alternance entre travail individuel et soutien collectif<\/li>\n<\/ul>\n\n\n\n<h3 class=\"wp-block-heading\" id=\"h-sa-pedagogie-unique\"><strong>Sa p\u00e9dagogie unique :<\/strong><\/h3>\n\n\n\n<ul class=\"wp-block-list\">\n<li>Elle part toujours de ton v\u00e9cu et de tes \u00e9motions<\/li>\n\n\n\n<li>Elle utilise des outils vari\u00e9s : CNV, m\u00e9thode Katie Byron, visualisation, m\u00e9ditation, neurosciences<\/li>\n\n\n\n<li>Elle cr\u00e9e un cadre s\u00e9curisant pour explorer en profondeur<\/li>\n\n\n\n<li><strong>Elle croit profond\u00e9ment en ta capacit\u00e9 \u00e0 r\u00e9ussir<\/strong><\/li>\n<\/ul>\n\n\n\n<p><\/p>\n<\/div><\/div>\n<\/div>\n\n\n\n<div class=\"wp-block-column is-layout-flow wp-block-column-is-layout-flow\"><div class=\"wp-block-image\">\n<figure class=\"aligncenter size-full is-resized\"><img decoding=\"async\" src=\"https:\/\/fr.twiza.org\/portail\/wp-content\/uploads\/2025\/06\/Carole-portrait-700-Carole-LP-rotated.jpg\" alt=\"Carole portrait\" class=\"wp-image-12852\" style=\"width:352px;height:auto\"\/><\/figure>\n<\/div><\/div>\n<\/div>\n\n\n\n<blockquote class=\"wp-block-quote is-layout-flow wp-block-quote-is-layout-flow\">\n<p style=\"font-size:30px\"><em>\u00ab\u00a0Les blocages ne sont pas des ennemis, ce sont des messagers. Quand on apprend \u00e0 les \u00e9couter et \u00e0 les transformer, ils deviennent nos plus grands alli\u00e9s pour avancer.\u00a0\u00bb<\/em><\/p>\n<\/blockquote>\n\n\n\n<p><\/p>\n\n\n\n<p><\/p>\n\n\n\n<div class=\"wp-block-group has-background\" style=\"background-color:#e6e6e626\"><div class=\"wp-block-group__inner-container is-layout-constrained wp-block-group-is-layout-constrained\">\n<div class=\"wp-block-columns is-layout-flex wp-container-core-columns-is-layout-28f84493 wp-block-columns-is-layout-flex\">\n<div class=\"wp-block-column is-layout-flow wp-block-column-is-layout-flow\">\n<h3 class=\"wp-block-heading has-background has-medium-font-size\" id=\"h-lieu\" style=\"background-color:#86ab3e30\"><strong>\ud83d\udccd Lieu<\/strong><\/h3>\n\n\n\n<ul class=\"wp-block-list\">\n<li>En distanciel tous les mardi de 20h \u00e0 22h00<\/li>\n<\/ul>\n\n\n\n<h3 class=\"wp-block-heading has-background has-medium-font-size\" id=\"h-dates-des-prochaines-sessions\" style=\"background-color:#86ab3e30\">Dates des prochaines sessions<\/h3>\n\n\n\n<ul class=\"wp-block-list\">\n<li><strong>\ud83d\udcc5 &nbsp;Du 6 au 20 janvier 2026<\/strong><\/li>\n<\/ul>\n\n\n\n<p>\u26a0\ufe0f seulement 8 places pour garantir la qualit\u00e9 de l&rsquo;accompagnement !<br><\/p>\n<\/div>\n\n\n\n<div class=\"wp-block-column is-layout-flow wp-block-column-is-layout-flow\">\n<h3 class=\"wp-block-heading has-background has-medium-font-size\" id=\"h-organisation\" style=\"background-color:#86ab3e30\">Organisation<\/h3>\n\n\n\n<p><\/p>\n\n\n\n<ul class=\"wp-block-list\">\n<li><strong>Nombre de participants :<\/strong> 8 maximum<\/li>\n\n\n\n<li><strong>Horaires :<\/strong> 20h00 \u00e0 22h30<\/li>\n\n\n\n<li><strong>Pr\u00e9-requis :<\/strong>&nbsp;avoir un projet en cours ou en gestation, \u00eatre ouvert \u00e0 l&rsquo;introspection<\/li>\n<\/ul>\n\n\n\n<h3 class=\"wp-block-heading has-background has-medium-font-size\" id=\"h-tarif\" style=\"background-color:#86ab3e30\">Tarif<\/h3>\n\n\n\n<ul class=\"wp-block-list\">\n<li><strong>Tarif financ\u00e9 :<\/strong> 696 \u20ac <em>(bient\u00f4t disponible)<\/em><\/li>\n\n\n\n<li><strong>Tarif r\u00e9duit :<\/strong> 420 \u20ac<\/li>\n\n\n\n<li><strong>Tarif solidaire :<\/strong> 300 \u20ac (RSA, ch\u00f4mage, sur justificatif)<\/li>\n<\/ul>\n<\/div>\n<\/div>\n\n\n\n<div class=\"wp-block-buttons is-content-justification-center is-layout-flex wp-container-core-buttons-is-layout-a89b3969 wp-block-buttons-is-layout-flex\">\n<div class=\"wp-block-button\"><a class=\"wp-block-button__link wp-element-button\" href=\"https:\/\/airtable.com\/appe5mJ3IHMjUaCZH\/paguvx3BQ3d8nBZVK\/form\" target=\"_blank\" rel=\"noreferrer noopener\">Demander des renseignements<\/a><\/div>\n<\/div>\n\n\n\n<p class=\"has-text-align-center\"><\/p>\n\n\n\n<p class=\"has-text-align-center\">Tu peux <a href=\"https:\/\/airtable.com\/appe5mJ3IHMjUaCZH\/shrs1AyTlaWdJo8DM\" target=\"_blank\" rel=\"noreferrer noopener\">t\u2019inscrire \u00e0 notre alerte mail<\/a> si tu souhaites \u00eatre inform\u00e9\u00b7e des prochaines ouvertures.<\/p>\n\n\n\n<div class=\"wp-block-columns is-layout-flex wp-container-core-columns-is-layout-28f84493 wp-block-columns-is-layout-flex\">\n<div class=\"wp-block-column is-layout-flow wp-block-column-is-layout-flow\">\n<figure class=\"wp-block-image size-full\"><img fetchpriority=\"high\" decoding=\"async\" width=\"700\" height=\"466\" src=\"https:\/\/fr.twiza.org\/portail\/wp-content\/uploads\/2025\/06\/dalle-chaux-Twiza-Carole-LP.jpg\" alt=\"\" class=\"wp-image-12853\" srcset=\"https:\/\/fr.twiza.org\/portail\/wp-content\/uploads\/2025\/06\/dalle-chaux-Twiza-Carole-LP.jpg 700w, https:\/\/fr.twiza.org\/portail\/wp-content\/uploads\/2025\/06\/dalle-chaux-Twiza-Carole-LP-300x200.jpg 300w, https:\/\/fr.twiza.org\/portail\/wp-content\/uploads\/2025\/06\/dalle-chaux-Twiza-Carole-LP-360x240.jpg 360w, https:\/\/fr.twiza.org\/portail\/wp-content\/uploads\/2025\/06\/dalle-chaux-Twiza-Carole-LP-600x399.jpg 600w\" sizes=\"(max-width: 700px) 100vw, 700px\" \/><\/figure>\n<\/div>\n\n\n\n<div class=\"wp-block-column is-layout-flow wp-block-column-is-layout-flow\">\n<figure class=\"wp-block-image size-full\"><img decoding=\"async\" width=\"466\" height=\"700\" src=\"https:\/\/fr.twiza.org\/portail\/wp-content\/uploads\/2025\/06\/tranches-Twiza-Carole-LP-rotated.jpg\" alt=\"\" class=\"wp-image-12854\" srcset=\"https:\/\/fr.twiza.org\/portail\/wp-content\/uploads\/2025\/06\/tranches-Twiza-Carole-LP-rotated.jpg 466w, https:\/\/fr.twiza.org\/portail\/wp-content\/uploads\/2025\/06\/tranches-Twiza-Carole-LP-200x300.jpg 200w\" sizes=\"(max-width: 466px) 100vw, 466px\" \/><\/figure>\n<\/div>\n\n\n\n<div class=\"wp-block-column is-layout-flow wp-block-column-is-layout-flow\">\n<figure class=\"wp-block-image size-full\"><img decoding=\"async\" width=\"700\" height=\"466\" src=\"https:\/\/fr.twiza.org\/portail\/wp-content\/uploads\/2025\/06\/barnum-paille-Twiza-Carole-LP.jpg\" alt=\"\" class=\"wp-image-12851\" srcset=\"https:\/\/fr.twiza.org\/portail\/wp-content\/uploads\/2025\/06\/barnum-paille-Twiza-Carole-LP.jpg 700w, https:\/\/fr.twiza.org\/portail\/wp-content\/uploads\/2025\/06\/barnum-paille-Twiza-Carole-LP-300x200.jpg 300w, https:\/\/fr.twiza.org\/portail\/wp-content\/uploads\/2025\/06\/barnum-paille-Twiza-Carole-LP-360x240.jpg 360w, https:\/\/fr.twiza.org\/portail\/wp-content\/uploads\/2025\/06\/barnum-paille-Twiza-Carole-LP-600x399.jpg 600w\" sizes=\"(max-width: 700px) 100vw, 700px\" \/><\/figure>\n<\/div>\n<\/div>\n<\/div><\/div>\n\n\n\n<h2 class=\"wp-block-heading\"><strong>\ud83d\udca1 Pourquoi choisir Twiza ?<\/strong><\/h2>\n\n\n\n<h3 class=\"wp-block-heading\"><strong>Un espace pour VOTRE couple\/famille<\/strong><\/h3>\n\n\n\n<p>Chez Twiza, on ne plaque pas de m\u00e9thode g\u00e9n\u00e9rale \u2014 on cr\u00e9e <strong>votre mode d&#8217;emploi relationnel unique<\/strong>. Vos forces, vos d\u00e9fis, votre fa\u00e7on de fonctionner deviennent le mat\u00e9riau pour construire vos solutions.<\/p>\n\n\n\n<h3 class=\"wp-block-heading\"><strong>Une p\u00e9dagogie qui transforme vraiment<\/strong><\/h3>\n\n\n\n<p>Carole est accompagn\u00e9e par notre \u00e9quipe p\u00e9dagogique pour cr\u00e9er des exp\u00e9riences qui marquent. Pas juste pour donner des conseils, mais pour <strong>transformer durablement votre fa\u00e7on de vous organiser ensemble.<\/strong><\/p>\n\n\n\n<h3 class=\"wp-block-heading\"><strong>Un cadre humain et s\u00e9curisant<\/strong><\/h3>\n\n\n\n<p>Travailler sur la relation de couple\/famille demande de la confiance. Chez nous, vous pouvez explorer, exprimer, m\u00eame pleurer. <strong>Z\u00e9ro jugement, maximum bienveillance.<\/strong><\/p>\n\n\n\n<h3 class=\"wp-block-heading\"><strong>Un r\u00e9seau qui vous porte<\/strong><\/h3>\n\n\n\n<p>Twiza, c&rsquo;est une coop\u00e9rative de 300+ membres qui partagent vos valeurs. En nous rejoignant, vous int\u00e9grez une communaut\u00e9 qui comprend les d\u00e9fis de l&rsquo;autoconstruction.<\/p>\n\n\n\n<h3 class=\"wp-block-heading\" id=\"h-\"><\/h3>\n\n\n\n<blockquote class=\"wp-block-quote is-layout-flow wp-block-quote-is-layout-flow\">\n<p style=\"font-size:30px\"><em><strong>\u201c<\/strong>Parce qu\u2019il ne suffit pas d&rsquo;\u00eatre un bon artisan pour \u00eatre un bon formateur !\u201d<\/em><\/p>\n<\/blockquote>\n\n\n\n<h3 class=\"wp-block-heading\"><strong>Un cadre simple, humain et convivial<\/strong><\/h3>\n\n\n\n<p>On apprend \u00e0 son rythme, sans pression ni jargon, en petit groupe, dans une ambiance <strong>conviviale<\/strong>. On est aussi l\u00e0 pour passer un moment agr\u00e9able et <strong>rencontrer<\/strong> d&rsquo;autres personnes qui partagent nos valeurs et nos enjeux.<br><\/p>\n\n\n\n<h3 class=\"wp-block-heading\"><strong>Un r\u00e9seau engag\u00e9<\/strong><\/h3>\n\n\n\n<p>Twiza est une coop\u00e9rative d\u2019int\u00e9r\u00eat collectif, n\u00e9e pour d\u00e9fendre la transmission des savoir-faire, l\u2019autonomie et une construction plus responsable.<br>En te formant ici, tu fais un choix qui d\u00e9passe la technique : tu rejoins un r\u00e9seau d\u2019entraide.<\/p>\n\n\n\n<figure class=\"wp-block-image size-large\"><img loading=\"lazy\" decoding=\"async\" width=\"1024\" height=\"397\" src=\"https:\/\/fr.twiza.org\/portail\/wp-content\/uploads\/2025\/03\/RHE25-1024x397.jpeg\" alt=\"\" class=\"wp-image-12338\" srcset=\"https:\/\/fr.twiza.org\/portail\/wp-content\/uploads\/2025\/03\/RHE25-1024x397.jpeg 1024w, https:\/\/fr.twiza.org\/portail\/wp-content\/uploads\/2025\/03\/RHE25-600x233.jpeg 600w, https:\/\/fr.twiza.org\/portail\/wp-content\/uploads\/2025\/03\/RHE25-300x116.jpeg 300w, https:\/\/fr.twiza.org\/portail\/wp-content\/uploads\/2025\/03\/RHE25-768x298.jpeg 768w, https:\/\/fr.twiza.org\/portail\/wp-content\/uploads\/2025\/03\/RHE25-1536x595.jpeg 1536w, https:\/\/fr.twiza.org\/portail\/wp-content\/uploads\/2025\/03\/RHE25.jpeg 1920w\" sizes=\"(max-width: 1024px) 100vw, 1024px\" \/><\/figure>\n\n\n\n<div class=\"wp-block-buttons is-content-justification-center is-layout-flex wp-container-core-buttons-is-layout-a89b3969 wp-block-buttons-is-layout-flex\">\n<div class=\"wp-block-button\"><a class=\"wp-block-button__link wp-element-button\" href=\"https:\/\/airtable.com\/appe5mJ3IHMjUaCZH\/paguvx3BQ3d8nBZVK\/form\" target=\"_blank\" rel=\"noreferrer noopener\">Demander des renseignements<\/a><\/div>\n<\/div>\n\n\n\n<h2 class=\"wp-block-heading\"><strong>\u2753 Questions fr\u00e9quentes<\/strong><\/h2>\n\n\n\n<h3 class=\"wp-block-heading\" id=\"h-je-ne-suis-pas-sur-e-de-mon-projet-est-ce-que-c-est-grave\"><strong> Je ne suis pas s\u00fbr\u00b7e de mon projet, est-ce que c&rsquo;est grave ?<\/strong><\/h3>\n\n\n\n<p> C&rsquo;est m\u00eame parfait ! Cette formation est justement faite pour clarifier les projets flous. Tu repartiras avec plus de clart\u00e9.<\/p>\n\n\n\n<h3 class=\"wp-block-heading\" id=\"h-et-si-je-pleure-ou-si-je-suis-emotionnel-le\"><strong>\u2192 Et si je pleure ou si je suis \u00e9motionnel\u00b7le ?<\/strong><\/h3>\n\n\n\n<p> C&rsquo;est normal et bienvenu ! Les \u00e9motions sont des guides pr\u00e9cieux. Carole sait les accueillir avec bienveillance.<\/p>\n\n\n\n<h3 class=\"wp-block-heading\" id=\"h-est-ce-que-c-est-de-la-therapie\"><strong>\u2192 Est-ce que c&rsquo;est de la th\u00e9rapie ?<\/strong><\/h3>\n\n\n\n<p> Non, c&rsquo;est de l&rsquo;accompagnement au projet. On travaille sur les freins li\u00e9s \u00e0 ton projet sp\u00e9cifique, pas sur l&rsquo;ensemble de ta vie.<\/p>\n\n\n\n<h3 class=\"wp-block-heading\" id=\"h-je-viens-seul-e-je-vais-me-sentir-a-l-aise\"><strong>\u2192 Je viens seul\u00b7e, je vais me sentir \u00e0 l&rsquo;aise ?<\/strong><\/h3>\n\n\n\n<p> Totalement ! Le groupe devient rapidement un soutien. Carole cr\u00e9e une ambiance o\u00f9 chacun\u00b7e se sent accueilli\u00b7e.<\/p>\n\n\n\n<h3 class=\"wp-block-heading\" id=\"h-et-apres-la-formation-je-fais-comment\"><strong>\u2192 Et apr\u00e8s la formation, je fais comment ?<\/strong><\/h3>\n\n\n\n<p>Tu repars avec des outils concrets et un plan d&rsquo;action. Plus un suivi par email pour les questions qui peuvent \u00e9merger.<\/p>\n\n\n\n<h3 class=\"wp-block-heading\" id=\"h-je-suis-en-situation-de-handicap-puis-je-participer\"><strong><strong>\u2192<\/strong> Je suis en situation de handicap, puis-je participer ?<\/strong><\/h3>\n\n\n\n<p>Le lieu est enti\u00e8rement accessible et une aide peut \u00eatre mise en place sur demande.<br>Contacte-nous avant l\u2019inscription pour qu\u2019on voie ensemble les meilleures conditions d\u2019accueil.<\/p>\n\n\n\n<hr class=\"wp-block-separator has-alpha-channel-opacity\"\/>\n\n\n\n<h3 class=\"wp-block-heading\" id=\"h-peut-on-faire-financer-cette-formation\"><strong><strong>\u2192<\/strong> Peut-on faire financer cette formation ?<\/strong><\/h3>\n\n\n\n<p>\u00c0 ce stade, la formation n\u2019est pas finan\u00e7able. Mais le tarif reste accessible et l\u2019investissement est rentabilis\u00e9 d\u00e8s le premier muret.<\/p>\n\n\n\n<p><\/p>\n\n\n\n<hr class=\"wp-block-separator has-alpha-channel-opacity\"\/>\n\n\n\n<div class=\"wp-block-buttons is-content-justification-center is-layout-flex wp-container-core-buttons-is-layout-a89b3969 wp-block-buttons-is-layout-flex\">\n<div class=\"wp-block-button\"><a class=\"wp-block-button__link wp-element-button\" href=\"https:\/\/airtable.com\/appe5mJ3IHMjUaCZH\/paguvx3BQ3d8nBZVK\/form\" target=\"_blank\" rel=\"noreferrer noopener\">En savoir plus<\/a><\/div>\n<\/div>\n\n\n\n<div style=\"height:220px\" aria-hidden=\"true\" class=\"wp-block-spacer\"><\/div>\n\n\n\n<p><\/p>\n\n\n\n<p><\/p>\n","protected":false},"excerpt":{"rendered":"<p>Balaie tes doutes et passe de l&rsquo;envie \u00e0 l&rsquo;action dans ton projet de construction ou r\u00e9novation. \ud83d\udcc5 \u00a0Du 6 au 20 janvier 20268 places maximum \ud83d\udccd en distanciel tous les mardi de 20h \u00e0 22h30 Tu as un projet en t\u00eate&#8230; mais tu n&rsquo;arrives pas \u00e0 te lancer ? \u00ab\u00a0J&rsquo;ai [&hellip;]<\/p>\n","protected":false},"author":22,"featured_media":12882,"parent":12516,"menu_order":0,"comment_status":"closed","ping_status":"closed","template":"","meta":{"_eb_attr":"","_themeisle_gutenberg_block_has_review":false,"footnotes":""},"class_list":["post-12848","page","type-page","status-publish","has-post-thumbnail","hentry"],"yoast_head":"<!-- This site is optimized with the Yoast SEO Premium plugin v27.2 (Yoast SEO v27.5) - https:\/\/yoast.com\/product\/yoast-seo-premium-wordpress\/ -->\n<title>Clarifier son projet et lever les blocages int\u00e9rieurs<\/title>\n<meta name=\"robots\" content=\"index, follow, max-snippet:-1, max-image-preview:large, max-video-preview:-1\" \/>\n<link rel=\"canonical\" href=\"https:\/\/fr.twiza.org\/portail\/formations-twiza\/clarifier-son-projet-clp\/\" \/>\n<meta property=\"og:locale\" content=\"fr_FR\" \/>\n<meta property=\"og:type\" content=\"article\" \/>\n<meta property=\"og:title\" content=\"Clarifier son projet et lever les blocages int\u00e9rieurs\" \/>\n<meta property=\"og:description\" content=\"Balaie tes doutes et passe de l&rsquo;envie \u00e0 l&rsquo;action dans ton projet de construction ou r\u00e9novation. \ud83d\udcc5 \u00a0Du 6 au 20 janvier 20268 places maximum \ud83d\udccd en distanciel tous les mardi de 20h \u00e0 22h30 Tu as un projet en t\u00eate&#8230; mais tu n&rsquo;arrives pas \u00e0 te lancer ? \u00ab\u00a0J&rsquo;ai [&hellip;]\" \/>\n<meta property=\"og:url\" content=\"https:\/\/fr.twiza.org\/portail\/formations-twiza\/clarifier-son-projet-clp\/\" \/>\n<meta property=\"og:site_name\" content=\"R\u00e9seau Twiza\" \/>\n<meta property=\"article:publisher\" content=\"https:\/\/fr-fr.facebook.com\/Twiza.fr\/\" \/>\n<meta property=\"article:modified_time\" content=\"2025-11-04T10:26:19+00:00\" \/>\n<meta property=\"og:image\" content=\"https:\/\/fr.twiza.org\/portail\/wp-content\/uploads\/2025\/06\/Formation-Clarifier-son-projet-Carole-LPsmall.png\" \/>\n\t<meta property=\"og:image:width\" content=\"400\" \/>\n\t<meta property=\"og:image:height\" content=\"300\" \/>\n\t<meta property=\"og:image:type\" content=\"image\/png\" \/>\n<meta name=\"twitter:card\" content=\"summary_large_image\" \/>\n<script type=\"application\/ld+json\" class=\"yoast-schema-graph\">{\"@context\":\"https:\\\/\\\/schema.org\",\"@graph\":[{\"@type\":\"WebPage\",\"@id\":\"https:\\\/\\\/fr.twiza.org\\\/portail\\\/formations-twiza\\\/clarifier-son-projet-clp\\\/\",\"url\":\"https:\\\/\\\/fr.twiza.org\\\/portail\\\/formations-twiza\\\/clarifier-son-projet-clp\\\/\",\"name\":\"Clarifier son projet et lever les blocages int\u00e9rieurs\",\"isPartOf\":{\"@id\":\"https:\\\/\\\/fr.twiza.org\\\/portail\\\/#website\"},\"primaryImageOfPage\":{\"@id\":\"https:\\\/\\\/fr.twiza.org\\\/portail\\\/formations-twiza\\\/clarifier-son-projet-clp\\\/#primaryimage\"},\"image\":{\"@id\":\"https:\\\/\\\/fr.twiza.org\\\/portail\\\/formations-twiza\\\/clarifier-son-projet-clp\\\/#primaryimage\"},\"thumbnailUrl\":\"https:\\\/\\\/fr.twiza.org\\\/portail\\\/wp-content\\\/uploads\\\/2025\\\/06\\\/Formation-Clarifier-son-projet-Carole-LPsmall.png\",\"datePublished\":\"2025-06-25T10:01:50+00:00\",\"dateModified\":\"2025-11-04T10:26:19+00:00\",\"breadcrumb\":{\"@id\":\"https:\\\/\\\/fr.twiza.org\\\/portail\\\/formations-twiza\\\/clarifier-son-projet-clp\\\/#breadcrumb\"},\"inLanguage\":\"fr-FR\",\"potentialAction\":[{\"@type\":\"ReadAction\",\"target\":[\"https:\\\/\\\/fr.twiza.org\\\/portail\\\/formations-twiza\\\/clarifier-son-projet-clp\\\/\"]}]},{\"@type\":\"ImageObject\",\"inLanguage\":\"fr-FR\",\"@id\":\"https:\\\/\\\/fr.twiza.org\\\/portail\\\/formations-twiza\\\/clarifier-son-projet-clp\\\/#primaryimage\",\"url\":\"https:\\\/\\\/fr.twiza.org\\\/portail\\\/wp-content\\\/uploads\\\/2025\\\/06\\\/Formation-Clarifier-son-projet-Carole-LPsmall.png\",\"contentUrl\":\"https:\\\/\\\/fr.twiza.org\\\/portail\\\/wp-content\\\/uploads\\\/2025\\\/06\\\/Formation-Clarifier-son-projet-Carole-LPsmall.png\",\"width\":400,\"height\":300,\"caption\":\"Formation Clarifier son projet - Carole LPsmall\"},{\"@type\":\"BreadcrumbList\",\"@id\":\"https:\\\/\\\/fr.twiza.org\\\/portail\\\/formations-twiza\\\/clarifier-son-projet-clp\\\/#breadcrumb\",\"itemListElement\":[{\"@type\":\"ListItem\",\"position\":1,\"name\":\"Accueil\",\"item\":\"https:\\\/\\\/fr.twiza.org\\\/portail\\\/\"},{\"@type\":\"ListItem\",\"position\":2,\"name\":\"Les Formations Sign\u00e9es Twiza Arrivent en Force\",\"item\":\"https:\\\/\\\/fr.twiza.org\\\/portail\\\/formations-twiza\\\/\"},{\"@type\":\"ListItem\",\"position\":3,\"name\":\"Clarifier son projet et lever les blocages int\u00e9rieurs\"}]},{\"@type\":\"WebSite\",\"@id\":\"https:\\\/\\\/fr.twiza.org\\\/portail\\\/#website\",\"url\":\"https:\\\/\\\/fr.twiza.org\\\/portail\\\/\",\"name\":\"R\u00e9seau Twiza\",\"description\":\"Entraide pour un habitat \u00e9cologique, convivial et r\u00e9silient\",\"publisher\":{\"@id\":\"https:\\\/\\\/fr.twiza.org\\\/portail\\\/#organization\"},\"potentialAction\":[{\"@type\":\"SearchAction\",\"target\":{\"@type\":\"EntryPoint\",\"urlTemplate\":\"https:\\\/\\\/fr.twiza.org\\\/portail\\\/?s={search_term_string}\"},\"query-input\":{\"@type\":\"PropertyValueSpecification\",\"valueRequired\":true,\"valueName\":\"search_term_string\"}}],\"inLanguage\":\"fr-FR\"},{\"@type\":\"Organization\",\"@id\":\"https:\\\/\\\/fr.twiza.org\\\/portail\\\/#organization\",\"name\":\"R\u00e9seau Twiza\",\"url\":\"https:\\\/\\\/fr.twiza.org\\\/portail\\\/\",\"logo\":{\"@type\":\"ImageObject\",\"inLanguage\":\"fr-FR\",\"@id\":\"https:\\\/\\\/fr.twiza.org\\\/portail\\\/#\\\/schema\\\/logo\\\/image\\\/\",\"url\":\"https:\\\/\\\/fr.twiza.org\\\/portail\\\/wp-content\\\/uploads\\\/2021\\\/05\\\/cropped-logo-reseau-twiza.jpg\",\"contentUrl\":\"https:\\\/\\\/fr.twiza.org\\\/portail\\\/wp-content\\\/uploads\\\/2021\\\/05\\\/cropped-logo-reseau-twiza.jpg\",\"width\":400,\"height\":102,\"caption\":\"R\u00e9seau Twiza\"},\"image\":{\"@id\":\"https:\\\/\\\/fr.twiza.org\\\/portail\\\/#\\\/schema\\\/logo\\\/image\\\/\"},\"sameAs\":[\"https:\\\/\\\/fr-fr.facebook.com\\\/Twiza.fr\\\/\",\"https:\\\/\\\/www.instagram.com\\\/twiza_fr\\\/\",\"https:\\\/\\\/www.linkedin.com\\\/company\\\/reseautwiza\\\/\"]}]}<\/script>\n<!-- \/ Yoast SEO Premium plugin. -->","yoast_head_json":{"title":"Clarifier son projet et lever les blocages int\u00e9rieurs","robots":{"index":"index","follow":"follow","max-snippet":"max-snippet:-1","max-image-preview":"max-image-preview:large","max-video-preview":"max-video-preview:-1"},"canonical":"https:\/\/fr.twiza.org\/portail\/formations-twiza\/clarifier-son-projet-clp\/","og_locale":"fr_FR","og_type":"article","og_title":"Clarifier son projet et lever les blocages int\u00e9rieurs","og_description":"Balaie tes doutes et passe de l&rsquo;envie \u00e0 l&rsquo;action dans ton projet de construction ou r\u00e9novation. \ud83d\udcc5 \u00a0Du 6 au 20 janvier 20268 places maximum \ud83d\udccd en distanciel tous les mardi de 20h \u00e0 22h30 Tu as un projet en t\u00eate&#8230; mais tu n&rsquo;arrives pas \u00e0 te lancer ? \u00ab\u00a0J&rsquo;ai [&hellip;]","og_url":"https:\/\/fr.twiza.org\/portail\/formations-twiza\/clarifier-son-projet-clp\/","og_site_name":"R\u00e9seau Twiza","article_publisher":"https:\/\/fr-fr.facebook.com\/Twiza.fr\/","article_modified_time":"2025-11-04T10:26:19+00:00","og_image":[{"width":400,"height":300,"url":"https:\/\/fr.twiza.org\/portail\/wp-content\/uploads\/2025\/06\/Formation-Clarifier-son-projet-Carole-LPsmall.png","type":"image\/png"}],"twitter_card":"summary_large_image","schema":{"@context":"https:\/\/schema.org","@graph":[{"@type":"WebPage","@id":"https:\/\/fr.twiza.org\/portail\/formations-twiza\/clarifier-son-projet-clp\/","url":"https:\/\/fr.twiza.org\/portail\/formations-twiza\/clarifier-son-projet-clp\/","name":"Clarifier son projet et lever les blocages int\u00e9rieurs","isPartOf":{"@id":"https:\/\/fr.twiza.org\/portail\/#website"},"primaryImageOfPage":{"@id":"https:\/\/fr.twiza.org\/portail\/formations-twiza\/clarifier-son-projet-clp\/#primaryimage"},"image":{"@id":"https:\/\/fr.twiza.org\/portail\/formations-twiza\/clarifier-son-projet-clp\/#primaryimage"},"thumbnailUrl":"https:\/\/fr.twiza.org\/portail\/wp-content\/uploads\/2025\/06\/Formation-Clarifier-son-projet-Carole-LPsmall.png","datePublished":"2025-06-25T10:01:50+00:00","dateModified":"2025-11-04T10:26:19+00:00","breadcrumb":{"@id":"https:\/\/fr.twiza.org\/portail\/formations-twiza\/clarifier-son-projet-clp\/#breadcrumb"},"inLanguage":"fr-FR","potentialAction":[{"@type":"ReadAction","target":["https:\/\/fr.twiza.org\/portail\/formations-twiza\/clarifier-son-projet-clp\/"]}]},{"@type":"ImageObject","inLanguage":"fr-FR","@id":"https:\/\/fr.twiza.org\/portail\/formations-twiza\/clarifier-son-projet-clp\/#primaryimage","url":"https:\/\/fr.twiza.org\/portail\/wp-content\/uploads\/2025\/06\/Formation-Clarifier-son-projet-Carole-LPsmall.png","contentUrl":"https:\/\/fr.twiza.org\/portail\/wp-content\/uploads\/2025\/06\/Formation-Clarifier-son-projet-Carole-LPsmall.png","width":400,"height":300,"caption":"Formation Clarifier son projet - Carole LPsmall"},{"@type":"BreadcrumbList","@id":"https:\/\/fr.twiza.org\/portail\/formations-twiza\/clarifier-son-projet-clp\/#breadcrumb","itemListElement":[{"@type":"ListItem","position":1,"name":"Accueil","item":"https:\/\/fr.twiza.org\/portail\/"},{"@type":"ListItem","position":2,"name":"Les Formations Sign\u00e9es Twiza Arrivent en Force","item":"https:\/\/fr.twiza.org\/portail\/formations-twiza\/"},{"@type":"ListItem","position":3,"name":"Clarifier son projet et lever les blocages int\u00e9rieurs"}]},{"@type":"WebSite","@id":"https:\/\/fr.twiza.org\/portail\/#website","url":"https:\/\/fr.twiza.org\/portail\/","name":"R\u00e9seau Twiza","description":"Entraide pour un habitat \u00e9cologique, convivial et r\u00e9silient","publisher":{"@id":"https:\/\/fr.twiza.org\/portail\/#organization"},"potentialAction":[{"@type":"SearchAction","target":{"@type":"EntryPoint","urlTemplate":"https:\/\/fr.twiza.org\/portail\/?s={search_term_string}"},"query-input":{"@type":"PropertyValueSpecification","valueRequired":true,"valueName":"search_term_string"}}],"inLanguage":"fr-FR"},{"@type":"Organization","@id":"https:\/\/fr.twiza.org\/portail\/#organization","name":"R\u00e9seau Twiza","url":"https:\/\/fr.twiza.org\/portail\/","logo":{"@type":"ImageObject","inLanguage":"fr-FR","@id":"https:\/\/fr.twiza.org\/portail\/#\/schema\/logo\/image\/","url":"https:\/\/fr.twiza.org\/portail\/wp-content\/uploads\/2021\/05\/cropped-logo-reseau-twiza.jpg","contentUrl":"https:\/\/fr.twiza.org\/portail\/wp-content\/uploads\/2021\/05\/cropped-logo-reseau-twiza.jpg","width":400,"height":102,"caption":"R\u00e9seau Twiza"},"image":{"@id":"https:\/\/fr.twiza.org\/portail\/#\/schema\/logo\/image\/"},"sameAs":["https:\/\/fr-fr.facebook.com\/Twiza.fr\/","https:\/\/www.instagram.com\/twiza_fr\/","https:\/\/www.linkedin.com\/company\/reseautwiza\/"]}]}},"jetpack_sharing_enabled":true,"_links":{"self":[{"href":"https:\/\/fr.twiza.org\/portail\/wp-json\/wp\/v2\/pages\/12848","targetHints":{"allow":["GET"]}}],"collection":[{"href":"https:\/\/fr.twiza.org\/portail\/wp-json\/wp\/v2\/pages"}],"about":[{"href":"https:\/\/fr.twiza.org\/portail\/wp-json\/wp\/v2\/types\/page"}],"author":[{"embeddable":true,"href":"https:\/\/fr.twiza.org\/portail\/wp-json\/wp\/v2\/users\/22"}],"replies":[{"embeddable":true,"href":"https:\/\/fr.twiza.org\/portail\/wp-json\/wp\/v2\/comments?post=12848"}],"version-history":[{"count":18,"href":"https:\/\/fr.twiza.org\/portail\/wp-json\/wp\/v2\/pages\/12848\/revisions"}],"predecessor-version":[{"id":13760,"href":"https:\/\/fr.twiza.org\/portail\/wp-json\/wp\/v2\/pages\/12848\/revisions\/13760"}],"up":[{"embeddable":true,"href":"https:\/\/fr.twiza.org\/portail\/wp-json\/wp\/v2\/pages\/12516"}],"wp:featuredmedia":[{"embeddable":true,"href":"https:\/\/fr.twiza.org\/portail\/wp-json\/wp\/v2\/media\/12882"}],"wp:attachment":[{"href":"https:\/\/fr.twiza.org\/portail\/wp-json\/wp\/v2\/media?parent=12848"}],"curies":[{"name":"wp","href":"https:\/\/api.w.org\/{rel}","templated":true}]}}