{"id":12877,"date":"2025-06-26T12:17:29","date_gmt":"2025-06-26T10:17:29","guid":{"rendered":"https:\/\/fr.twiza.org\/portail\/?page_id=12877"},"modified":"2026-04-10T11:44:37","modified_gmt":"2026-04-10T09:44:37","slug":"femme-batisseuse-clp","status":"publish","type":"page","link":"https:\/\/fr.twiza.org\/portail\/formations-twiza\/femme-batisseuse-clp\/","title":{"rendered":"Femme B\u00e2tisseuse : Construire ou R\u00e9nover Autonome et Confiante"},"content":{"rendered":"\n<h2 class=\"wp-block-heading has-text-align-center\" id=\"h-arrete-d-attendre-la-permission-et-prends-enfin-les-commandes-de-ton-projet-de-construction-sublime-ta-force-et-ta-legitimite\"><strong><strong>Arr\u00eate d&rsquo;attendre la permission et prends enfin les commandes de ton projet de construction\u2026 Sublime ta force et ta l\u00e9gitimit\u00e9 !<\/strong><\/strong><\/h2>\n\n\n\n<p class=\"has-text-align-center\">\ud83d\udcc5 <strong>Du <strong><strong>02 au 30 juin 2026<\/strong><\/strong><\/strong><br>\ud83d\udcc5Du 04aout au 01 septembre 2026<br>(5 sessions de 2h30, en distanciel tous les mardi soir)<br><strong>8 places maximum<\/strong> \u2022 <strong>En visioconf\u00e9rence<\/strong><\/p>\n\n\n\n<p class=\"has-text-align-center\"><\/p>\n\n\n\n<div class=\"wp-block-buttons o-sticky o-sticky-scope-main-area o-sticky-pos-top o-sticky-bhvr-keep is-content-justification-center is-layout-flex wp-container-core-buttons-is-layout-a89b3969 wp-block-buttons-is-layout-flex\">\n<div class=\"wp-block-button\"><a class=\"wp-block-button__link wp-element-button\" href=\"https:\/\/airtable.com\/appe5mJ3IHMjUaCZH\/shrs1AyTlaWdJo8DM\" target=\"_blank\" rel=\"noreferrer noopener\">Demander des renseignements<\/a><\/div>\n<\/div>\n\n\n\n<p style=\"font-size:30px\"><strong>Fatigu\u00e9e d&rsquo;attendre qu&rsquo;un homme s&rsquo;occupe des choses \u00e0 ta place ?<\/strong><\/p>\n\n\n\n<p><em>\u00ab\u00a0J&rsquo;aimerais r\u00e9nover mon salon, mais je ne sais pas par o\u00f9 commencer&#8230;\u00a0\u00bb<\/em><em><br><\/em><em>\u00ab\u00a0J&rsquo;ai ce projet de tiny house, mais est-ce que j&rsquo;en suis vraiment capable ?\u00a0\u00bb<\/em><em><br><\/em><em>\u00ab\u00a0Je r\u00eave d&rsquo;autoconstruire, mais je ne me sens pas l\u00e9gitime&#8230;\u00a0\u00bb<\/em><\/p>\n\n\n\n<p>Tu as ce projet de construction ou r\u00e9novation qui te fait vibrer. <strong>Mais tu te retrouves toujours \u00e0 attendre.<\/strong> Attendre que ton conjoint s&rsquo;y mette. Attendre de trouver \u00ab\u00a0le bon artisan\u00a0\u00bb. Attendre d&rsquo;avoir plus d&rsquo;argent, plus de temps, plus de&#8230; l\u00e9gitimit\u00e9.<\/p>\n\n\n\n<p>Tu en as assez de cette frustration ? <strong>Tu veux enfin passer de spectatrice \u00e0 actrice de ton projet ?<\/strong><\/p>\n\n\n\n<p>Et si je te disais qu&rsquo;en une journ\u00e9e, tu peux transformer cette petite voix qui murmure \u00ab\u00a0j&rsquo;aimerais bien mais&#8230;\u00a0\u00bb en une conviction puissante : <strong>\u00ab\u00a0Je suis une femme ind\u00e9pendante et je le fais !\u00a0\u00bb<\/strong><\/p>\n\n\n\n<p>Cette formation n&rsquo;est pas technique. C&rsquo;est une <strong>r\u00e9volution int\u00e9rieure<\/strong> pour que tu te r\u00e9appropries ton pouvoir d&rsquo;agir et que tu oses enfin te lancer avec confiance et d\u00e9termination.Tu repartiras avec une vision claire, des outils concrets, et surtout <strong>cette nouvelle identit\u00e9 de femme b\u00e2tisseuse<\/strong> qui te portera tout au long de ton projet.<\/p>\n\n\n\n<p><\/p>\n\n\n\n<h2 class=\"wp-block-heading\" id=\"h-a-qui-s-adresse-cette-formation\"><strong>\u00c0 qui s\u2019adresse cette formation ?<\/strong><\/h2>\n\n\n\n<p>Cette formation s&rsquo;adresse aux <strong>femmes<\/strong> qui ont un projet de construction ou r\u00e9novation mais qui se sentent bloqu\u00e9es par le doute ou les croyances limitantes.<\/p>\n\n\n\n<p><strong>Tu es la bienvenue si :<\/strong><\/p>\n\n\n\n<ul class=\"wp-block-list\">\n<li>Tu as un projet de construction\/r\u00e9novation personnel qui te tient \u00e0 c\u0153ur<\/li>\n\n\n\n<li>Tu veux gagner en confiance et en autonomie face \u00e0 ce d\u00e9fi<\/li>\n\n\n\n<li>Tu en as marre de d\u00e9pendre des autres pour tes projets<\/li>\n\n\n\n<li>Tu ressens un besoin visc\u00e9ral d&rsquo;ind\u00e9pendance et de coh\u00e9rence avec tes valeurs<\/li>\n\n\n\n<li>Tu doutes de tes comp\u00e9tences techniques ou de ta l\u00e9gitimit\u00e9<\/li>\n\n\n\n<li>Tu veux clarifier ta vision et savoir par o\u00f9 commencer concr\u00e8tement<\/li>\n\n\n\n<li><strong>Tu es pr\u00eate \u00e0 r\u00e9v\u00e9ler la b\u00e2tisseuse puissante qui est en toi<\/strong><\/li>\n<\/ul>\n\n\n\n<p><strong>Aucun pr\u00e9requis technique<\/strong> \u2014 seulement une motivation sinc\u00e8re \u00e0 te r\u00e9approprier ton pouvoir d&rsquo;agir et l&rsquo;envie de sortir de ta zone de confort.<\/p>\n\n\n\n<h2 class=\"wp-block-heading\" id=\"h-ton-projet-au-coeur-de-ta-transformation\"><strong>Ton projet au c\u0153ur de ta transformation<\/strong><\/h2>\n\n\n\n<p>Comme toujours chez Twiza, on part de <strong>TON projet sp\u00e9cifique<\/strong> pour construire <strong>TA transformation<\/strong>.<\/p>\n\n\n\n<p>Tu viendras avec tes r\u00eaves, tes peurs, tes contraintes : ils deviennent le terrain d&rsquo;exploration pour r\u00e9v\u00e9ler tes ressources cach\u00e9es et construire ton plan d&rsquo;action personnalis\u00e9.<\/p>\n\n\n\n<p>Et nous mettons un point d&rsquo;honneur \u00e0 te contacter d\u00e8s ton inscription pour savoir comment personnaliser au mieux le parcours que nous te pr\u00e9parons.<br><\/p>\n\n\n\n<blockquote class=\"wp-block-quote is-layout-flow wp-block-quote-is-layout-flow\">\n<p style=\"font-size:25px\"><em>\u00ab\u00a0Les freins que tu ressens ne sont pas la r\u00e9alit\u00e9 de tes capacit\u00e9s. Ce sont des conditionnements qu&rsquo;on peut transformer. Une fois que tu touches \u00e0 ta puissance int\u00e9rieure, plus rien ne peut t&rsquo;arr\u00eater.\u00a0\u00bb<\/em><\/p>\n<\/blockquote>\n\n\n\n<h2 class=\"wp-block-heading\" id=\"h-ce-que-tu-vas-vivre-durant-ces-5-visios\"><strong><strong><strong><strong>Ce que tu vas vivre durant ces 5 visios<\/strong><\/strong><\/strong><\/strong><\/h2>\n\n\n\n<p>\u00ab\u00a0<strong>Je prends conscience de mes ressources cach\u00e9es\u00a0\u00bb<\/strong><\/p>\n\n\n\n<ul class=\"wp-block-list\">\n<li>Tu fais l&rsquo;inventaire de tes comp\u00e9tences et ressources int\u00e9rieures (spoiler: tu en as plus que tu ne le crois !)<\/li>\n\n\n\n<li>Tu identifies tes croyances limitantes sp\u00e9cifiques (technique, solitude, l\u00e9gitimit\u00e9&#8230;)<\/li>\n\n\n\n<li>Tu d\u00e9couvres ta posture personnelle face aux d\u00e9fis<\/li>\n\n\n\n<li>Tu clarifies ta vision et tes besoins r\u00e9els pour un projet vraiment align\u00e9<\/li>\n\n\n\n<li><strong>Tu passes de \u00ab\u00a0je ne suis pas capable\u00a0\u00bb \u00e0 \u00ab\u00a0j&rsquo;ai d\u00e9j\u00e0 des ressources\u00a0\u00bb<\/strong><\/li>\n<\/ul>\n\n\n\n<p><strong>\u00ab\u00a0Je construis ma feuille de route de b\u00e2tisseuse\u00a0\u00bb<\/strong><\/p>\n\n\n\n<ul class=\"wp-block-list\">\n<li>Tu comprends les grandes \u00e9tapes d&rsquo;un projet de construction\/r\u00e9novation<\/li>\n\n\n\n<li>Tu \u00e9labores ta feuille de route personnalis\u00e9e et r\u00e9aliste<\/li>\n\n\n\n<li>Tu renforces ta s\u00e9curit\u00e9 int\u00e9rieure face aux doutes et \u00e0 l&rsquo;argent<\/li>\n\n\n\n<li>Tu ancres ta nouvelle identit\u00e9 de \u00ab\u00a0femme b\u00e2tisseuse\u00a0\u00bb avec des outils concrets<\/li>\n\n\n\n<li><strong>Tu passes de \u00ab\u00a0j&rsquo;aimerais bien\u00a0\u00bb \u00e0 \u00ab\u00a0je sais comment faire et je le fais\u00a0\u00bb<\/strong><\/li>\n<\/ul>\n\n\n\n<h3 class=\"wp-block-heading\"><strong>En d\u2019autres termes :<\/strong><\/h3>\n\n\n\n<p>\u2728 <strong>L\u00e9gitimit\u00e9<\/strong> : \u00ab\u00a0J&rsquo;ai ma place dans ce monde du b\u00e2timent\u00a0\u00bb<br>\u2728 <strong>Autonomie<\/strong> : \u00ab\u00a0Je n&rsquo;attends plus que quelqu&rsquo;un d&rsquo;autre s&rsquo;y mette\u00a0\u00bb<br>\u2728 <strong>Confiance<\/strong> : \u00ab\u00a0Je me sens capable de mener mon projet\u00a0\u00bb<br>\u2728 <strong>Clart\u00e9<\/strong> : \u00ab\u00a0Je sais exactement o\u00f9 je vais et comment\u00a0\u00bb<br>\u2728 <strong>Puissance<\/strong> : \u00ab\u00a0Je suis une femme b\u00e2tisseuse et j&rsquo;assume !\u00a0\u00bb<\/p>\n\n\n\n<p><\/p>\n\n\n\n<h2 class=\"wp-block-heading\" id=\"h-ce-que-tu-deviendras-capable-d-accomplir-concretement\"><strong>Ce que tu deviendras capable d&rsquo;accomplir, concr\u00e8tement<\/strong><\/h2>\n\n\n\n<p>Cette formation est un d\u00e9clic pour toutes les femmes qui veulent sortir de la d\u00e9pendance et devenir actrices de leurs projets de construction.<\/p>\n\n\n\n<p>On n&rsquo;applique pas une m\u00e9thode g\u00e9n\u00e9rale. On part de tes sp\u00e9cificit\u00e9s, de tes peurs, de ton projet unique pour r\u00e9v\u00e9ler tes ressources personnelles.<\/p>\n\n\n\n<p>Dans le confort de ton chez-toi, en visioconf\u00e9rence avec d&rsquo;autres femmes motiv\u00e9es, tu auras l&rsquo;espace pour explorer sans jugement et construire ta nouvelle posture.<\/p>\n\n\n\n<p>Tu apprendras \u00e0 :<\/p>\n\n\n\n<ul class=\"wp-block-list\">\n<li><strong>Prendre conscience de tes ressources<\/strong> et transformer ta posture face au projet<\/li>\n\n\n\n<li><strong>Clarifier ta vision et tes besoins r\u00e9els<\/strong> pour b\u00e2tir un projet authentiquement align\u00e9<\/li>\n\n\n\n<li><strong>Comprendre les grandes \u00e9tapes<\/strong> d&rsquo;un projet de construction ou r\u00e9novation avec des rep\u00e8res concrets<\/li>\n\n\n\n<li><strong>Identifier et transformer tes croyances limitantes<\/strong> notamment li\u00e9es \u00e0 la technique, la solitude ou ta l\u00e9gitimit\u00e9<\/li>\n\n\n\n<li><strong>Reconnecter \u00e0 ta s\u00e9curit\u00e9 int\u00e9rieure<\/strong> pour avancer avec fluidit\u00e9 malgr\u00e9 les obstacles<\/li>\n\n\n\n<li><strong>Cr\u00e9er ton carnet de bord<\/strong> et ta feuille de route personnalis\u00e9e<\/li>\n\n\n\n<li><strong>Ancrer confiance et autonomie<\/strong> gr\u00e2ce \u00e0 des outils pratiques et une dynamique de groupe bienveillante<\/li>\n\n\n\n<li><strong>Assumer ton nouveau statut<\/strong> de femme b\u00e2tisseuse d\u00e9termin\u00e9e et cr\u00e9ative<\/li>\n<\/ul>\n\n\n\n<p>Et surtout : Tu ne remettras plus jamais en doute ta l\u00e9gitimit\u00e9 \u00e0 r\u00e9aliser tes r\u00eaves de construction.<\/p>\n\n\n\n<h3 class=\"wp-block-heading\" id=\"h-inclus-dans-la-formation\"><strong>\ud83c\udf81 Inclus dans la formation :<\/strong><\/h3>\n\n\n\n<ul class=\"wp-block-list\">\n<li>Cr\u00e9ation de ton carnet de bord de femme b\u00e2tisseuse personnalis\u00e9<\/li>\n\n\n\n<li>Ta feuille de route projet d\u00e9taill\u00e9e<\/li>\n\n\n\n<li>Acc\u00e8s au replay<\/li>\n\n\n\n<li>Ressources et outils d&rsquo;auto-accompagnement<\/li>\n<\/ul>\n\n\n\n<p><br><\/p>\n\n\n\n<p><\/p>\n\n\n\n<h2 class=\"wp-block-heading\" id=\"h-rencontre-carole-ta-guide-nbsp-vers-l-autonomie\"><strong>Rencontre Carole, ta guide &nbsp;vers l&rsquo;autonomie<\/strong><\/h2>\n\n\n\n<p><strong>Carole Lambert Poulin<\/strong> accompagne depuis plus de 10 ans les femmes dans leur transformation personnelle et leurs projets de vie. Form\u00e9e aux approches de coaching, psychologie positive et outils de transformation personnelle, elle a d\u00e9velopp\u00e9 une expertise unique dans l&rsquo;accompagnement des personnes qui veulent changer de vie. Elle a \u00e9galement autoconstruit sa maison en paille en famille pendant 3,5 ans en g\u00e9rant le projet de A \u00e0 Z<\/p>\n\n\n\n<div class=\"wp-block-columns is-layout-flex wp-container-core-columns-is-layout-28f84493 wp-block-columns-is-layout-flex\">\n<div class=\"wp-block-column is-layout-flow wp-block-column-is-layout-flow\">\n<div class=\"wp-block-group\"><div class=\"wp-block-group__inner-container is-layout-constrained wp-block-group-is-layout-constrained\">\n<h3 class=\"wp-block-heading\" id=\"h-son-parcours-personnel\"><strong><strong>Son parcours personnel<\/strong> :<\/strong><\/h3>\n\n\n\n<ul class=\"wp-block-list\">\n<li>Elle a elle-m\u00eame travers\u00e9 cette transformation de \u00ab\u00a0femme qui doute\u00a0\u00bb \u00e0 \u00ab\u00a0femme qui ose\u00a0\u00bb<\/li>\n\n\n\n<li>Elle conna\u00eet intimement les freins sp\u00e9cifiques que vivent les femmes dans le monde du b\u00e2timent<\/li>\n\n\n\n<li>Elle accompagne r\u00e9guli\u00e8rement des femmes vers l&rsquo;autonomie dans leurs projets<\/li>\n<\/ul>\n\n\n\n<h3 class=\"wp-block-heading\" id=\"h-sa-pedagogie-empowerment\"><strong>Sa p\u00e9dagogie <em>\u00ab\u00a0<strong>empowerment\u00a0\u00bb<\/strong><\/em> :<\/strong><\/h3>\n\n\n\n<ul class=\"wp-block-list\">\n<li>Elle cr\u00e9e un espace s\u00e9curisant o\u00f9 les femmes peuvent explorer leurs peurs sans jugement<\/li>\n\n\n\n<li>Elle r\u00e9v\u00e8le les ressources cach\u00e9es que chaque femme poss\u00e8de d\u00e9j\u00e0<\/li>\n\n\n\n<li>Elle alterne introspection personnelle et dynamique de groupe puissante<\/li>\n\n\n\n<li><strong>Elle croit profond\u00e9ment en la capacit\u00e9 de chaque femme \u00e0 r\u00e9ussir<\/strong><\/li>\n<\/ul>\n\n\n\n<p><\/p>\n<\/div><\/div>\n<\/div>\n\n\n\n<div class=\"wp-block-column is-layout-flow wp-block-column-is-layout-flow\"><div class=\"wp-block-image\">\n<figure class=\"aligncenter size-full is-resized\"><img decoding=\"async\" src=\"https:\/\/fr.twiza.org\/portail\/wp-content\/uploads\/2025\/06\/Carole-portrait-700-Carole-LP-rotated.jpg\" alt=\"Carole portrait\" class=\"wp-image-12852\" style=\"width:352px;height:auto\"\/><\/figure>\n<\/div><\/div>\n<\/div>\n\n\n\n<blockquote class=\"wp-block-quote is-layout-flow wp-block-quote-is-layout-flow\">\n<p style=\"font-size:25px\"><em><em>\u00ab\u00a0Je suis convaincue que chaque femme porte en elle une b\u00e2tisseuse puissante. Mon r\u00f4le, c&rsquo;est de t&rsquo;aider \u00e0 la r\u00e9v\u00e9ler et \u00e0 lui donner les ailes pour qu&rsquo;elle s&rsquo;\u00e9panouisse pleinement.\u00a0\u00bb<\/em><\/em><\/p>\n<\/blockquote>\n\n\n\n<p><\/p>\n\n\n\n<p><\/p>\n\n\n\n<div class=\"wp-block-group has-background\" style=\"background-color:#e6e6e626\"><div class=\"wp-block-group__inner-container is-layout-constrained wp-block-group-is-layout-constrained\">\n<div class=\"wp-block-columns is-layout-flex wp-container-core-columns-is-layout-28f84493 wp-block-columns-is-layout-flex\">\n<div class=\"wp-block-column is-layout-flow wp-block-column-is-layout-flow\">\n<h3 class=\"wp-block-heading has-background has-medium-font-size\" id=\"h-format\" style=\"background-color:#86ab3e30\"><strong><strong>\ud83d\udcbb Format<\/strong><\/strong><\/h3>\n\n\n\n<p>  <strong>Formation 100% en visioconf\u00e9rence via Zoom<\/strong><\/p>\n\n\n\n<ul class=\"wp-block-list\">\n<li>Confort de ton chez-toi, pas de d\u00e9placement<\/li>\n\n\n\n<li>Interactions en direct avec Carole et le groupe<\/li>\n\n\n\n<li>Support visuel et exercices pratiques adapt\u00e9s au distanciel<\/li>\n\n\n\n<li>Replay disponible<\/li>\n<\/ul>\n\n\n\n<h3 class=\"wp-block-heading has-background has-medium-font-size\" id=\"h-tarif\" style=\"background-color:#86ab3e30\">Tarif<\/h3>\n\n\n\n<ul class=\"wp-block-list\">\n<li><strong>Tarif r\u00e9duit :<\/strong> 378 \u20ac<\/li>\n\n\n\n<li><strong>Tarif solidaire :<\/strong> 270 \u20ac (RSA, ch\u00f4mage, sur justificatif)<\/li>\n<\/ul>\n<\/div>\n\n\n\n<div class=\"wp-block-column is-layout-flow wp-block-column-is-layout-flow\">\n<h3 class=\"wp-block-heading has-background has-medium-font-size\" id=\"h-organisation\" style=\"background-color:#86ab3e30\">Organisation<\/h3>\n\n\n\n<ul class=\"wp-block-list\">\n<li><strong>Dur\u00e9e :<\/strong> 5 semaines avec 1 visio chaque mardi soir. &nbsp;<\/li>\n\n\n\n<li><strong>Nombre de participants :<\/strong> 8 maximum<\/li>\n\n\n\n<li><strong>Horaires :<\/strong> de 20h \u00e0 22h30<\/li>\n\n\n\n<li><strong>Pr\u00e9-requis :<\/strong> \u00eatre une femme avec un projet de construction\/r\u00e9novation<\/li>\n<\/ul>\n\n\n\n<h3 class=\"wp-block-heading has-background has-medium-font-size\" id=\"h-dates-des-prochaines-sessions\" style=\"background-color:#86ab3e30\">Dates des prochaines sessions<\/h3>\n\n\n\n<ul class=\"wp-block-list\">\n<li><strong>\ud83d\udcc5 <strong>Du <strong><strong>02 au 30 juin 2026<\/strong><\/strong><\/strong><br>\ud83d\udcc5 Du 04 aout au 01 septembre 2026<\/strong><br>(5 sessions de 2h30, en distanciel tous les mardi soir)<\/li>\n<\/ul>\n\n\n\n<p>\u26a0\ufe0f &nbsp;seulement 8 places pour garantir un accompagnement personnalis\u00e9 !<\/p>\n<\/div>\n<\/div>\n\n\n\n<div class=\"wp-block-buttons o-sticky o-sticky-scope-main-area o-sticky-pos-top o-sticky-bhvr-keep is-content-justification-center is-layout-flex wp-container-core-buttons-is-layout-a89b3969 wp-block-buttons-is-layout-flex\">\n<div class=\"wp-block-button\"><a class=\"wp-block-button__link wp-element-button\" href=\"https:\/\/airtable.com\/appe5mJ3IHMjUaCZH\/paguvx3BQ3d8nBZVK\/form\" target=\"_blank\" rel=\"noreferrer noopener\">Demander des renseignements<\/a><\/div>\n<\/div>\n\n\n\n<p class=\"has-text-align-center\"><\/p>\n\n\n\n<p class=\"has-text-align-center\">Tu peux <a href=\"https:\/\/airtable.com\/appe5mJ3IHMjUaCZH\/shrs1AyTlaWdJo8DM\" target=\"_blank\" rel=\"noreferrer noopener\">t\u2019inscrire \u00e0 notre alerte mail<\/a> si tu souhaites \u00eatre inform\u00e9\u00b7e des prochaines ouvertures.<\/p>\n\n\n\n<div class=\"wp-block-columns is-layout-flex wp-container-core-columns-is-layout-28f84493 wp-block-columns-is-layout-flex\">\n<div class=\"wp-block-column is-layout-flow wp-block-column-is-layout-flow\">\n<figure class=\"wp-block-image size-full\"><img fetchpriority=\"high\" decoding=\"async\" width=\"700\" height=\"466\" src=\"https:\/\/fr.twiza.org\/portail\/wp-content\/uploads\/2025\/06\/dalle-chaux-Twiza-Carole-LP.jpg\" alt=\"\" class=\"wp-image-12853\" srcset=\"https:\/\/fr.twiza.org\/portail\/wp-content\/uploads\/2025\/06\/dalle-chaux-Twiza-Carole-LP.jpg 700w, https:\/\/fr.twiza.org\/portail\/wp-content\/uploads\/2025\/06\/dalle-chaux-Twiza-Carole-LP-300x200.jpg 300w, https:\/\/fr.twiza.org\/portail\/wp-content\/uploads\/2025\/06\/dalle-chaux-Twiza-Carole-LP-360x240.jpg 360w, https:\/\/fr.twiza.org\/portail\/wp-content\/uploads\/2025\/06\/dalle-chaux-Twiza-Carole-LP-600x399.jpg 600w\" sizes=\"(max-width: 700px) 100vw, 700px\" \/><\/figure>\n<\/div>\n\n\n\n<div class=\"wp-block-column is-layout-flow wp-block-column-is-layout-flow\">\n<figure class=\"wp-block-image size-full\"><img decoding=\"async\" width=\"466\" height=\"700\" src=\"https:\/\/fr.twiza.org\/portail\/wp-content\/uploads\/2025\/06\/tranches-Twiza-Carole-LP-rotated.jpg\" alt=\"\" class=\"wp-image-12854\" srcset=\"https:\/\/fr.twiza.org\/portail\/wp-content\/uploads\/2025\/06\/tranches-Twiza-Carole-LP-rotated.jpg 466w, https:\/\/fr.twiza.org\/portail\/wp-content\/uploads\/2025\/06\/tranches-Twiza-Carole-LP-200x300.jpg 200w\" sizes=\"(max-width: 466px) 100vw, 466px\" \/><\/figure>\n<\/div>\n\n\n\n<div class=\"wp-block-column is-layout-flow wp-block-column-is-layout-flow\">\n<figure class=\"wp-block-image size-full\"><img decoding=\"async\" width=\"700\" height=\"466\" src=\"https:\/\/fr.twiza.org\/portail\/wp-content\/uploads\/2025\/06\/barnum-paille-Twiza-Carole-LP.jpg\" alt=\"\" class=\"wp-image-12851\" srcset=\"https:\/\/fr.twiza.org\/portail\/wp-content\/uploads\/2025\/06\/barnum-paille-Twiza-Carole-LP.jpg 700w, https:\/\/fr.twiza.org\/portail\/wp-content\/uploads\/2025\/06\/barnum-paille-Twiza-Carole-LP-300x200.jpg 300w, https:\/\/fr.twiza.org\/portail\/wp-content\/uploads\/2025\/06\/barnum-paille-Twiza-Carole-LP-360x240.jpg 360w, https:\/\/fr.twiza.org\/portail\/wp-content\/uploads\/2025\/06\/barnum-paille-Twiza-Carole-LP-600x399.jpg 600w\" sizes=\"(max-width: 700px) 100vw, 700px\" \/><\/figure>\n<\/div>\n<\/div>\n<\/div><\/div>\n\n\n\n<h2 class=\"wp-block-heading\"><strong>\ud83d\udca1 Pourquoi choisir Twiza ?<\/strong><\/h2>\n\n\n\n<h3 class=\"wp-block-heading\" id=\"h-un-espace-pour-ton-empowerment\"><strong>Un espace pour TON empowerment<\/strong><\/h3>\n\n\n\n<p>Chez Twiza, on ne plaque pas de m\u00e9thode masculine sur les femmes \u2014 on r\u00e9v\u00e8le <strong>ta puissance f\u00e9minine unique<\/strong> en respectant ta sensibilit\u00e9 et tes sp\u00e9cificit\u00e9s.<\/p>\n\n\n\n<h3 class=\"wp-block-heading\"><strong>Une p\u00e9dagogie qui transforme vraiment<\/strong><\/h3>\n\n\n\n<p>Carole est accompagn\u00e9e par notre \u00e9quipe p\u00e9dagogique pour cr\u00e9er des exp\u00e9riences qui marquent. Pas juste pour motiver, mais pour <strong>transformer durablement ta relation \u00e0 tes capacit\u00e9s.<\/strong><\/p>\n\n\n\n<h3 class=\"wp-block-heading\"><strong>Un cadre 100% bienveillant<\/strong><\/h3>\n\n\n\n<p>Entre femmes, on peut explorer nos peurs sans jugement. Chez nous, tu peux douter, pleurer, rager, r\u00eaver. <strong>Z\u00e9ro comp\u00e9tition, maximum de sororit\u00e9.<\/strong><\/p>\n\n\n\n<h3 class=\"wp-block-heading\"><strong>Un r\u00e9seau qui te porte<\/strong><\/h3>\n\n\n\n<p>Twiza, c&rsquo;est une coop\u00e9rative qui compte de plus en plus de femmes b\u00e2tisseuses. En nous rejoignant, tu int\u00e8gres une communaut\u00e9 qui comprend tes d\u00e9fis sp\u00e9cifiques.<\/p>\n\n\n\n<h3 class=\"wp-block-heading\"><strong>Un cadre simple, humain et convivial<\/strong><\/h3>\n\n\n\n<p>On apprend \u00e0 son rythme, sans pression ni jargon, en petit groupe, dans une ambiance <strong>conviviale<\/strong>. On est aussi l\u00e0 pour passer un moment agr\u00e9able et <strong>rencontrer<\/strong> d&rsquo;autres personnes qui partagent nos valeurs et nos enjeux.<br><\/p>\n\n\n\n<h3 class=\"wp-block-heading\"><strong>Un r\u00e9seau engag\u00e9<\/strong><\/h3>\n\n\n\n<p>Twiza est une coop\u00e9rative d\u2019int\u00e9r\u00eat collectif, n\u00e9e pour d\u00e9fendre la transmission des savoir-faire, l\u2019autonomie et une construction plus responsable.<br>En te formant ici, tu fais un choix qui d\u00e9passe la technique : tu rejoins un r\u00e9seau d\u2019entraide.<\/p>\n\n\n\n<figure class=\"wp-block-image size-large\"><img loading=\"lazy\" decoding=\"async\" width=\"1024\" height=\"397\" src=\"https:\/\/fr.twiza.org\/portail\/wp-content\/uploads\/2025\/03\/RHE25-1024x397.jpeg\" alt=\"\" class=\"wp-image-12338\" srcset=\"https:\/\/fr.twiza.org\/portail\/wp-content\/uploads\/2025\/03\/RHE25-1024x397.jpeg 1024w, https:\/\/fr.twiza.org\/portail\/wp-content\/uploads\/2025\/03\/RHE25-600x233.jpeg 600w, https:\/\/fr.twiza.org\/portail\/wp-content\/uploads\/2025\/03\/RHE25-300x116.jpeg 300w, https:\/\/fr.twiza.org\/portail\/wp-content\/uploads\/2025\/03\/RHE25-768x298.jpeg 768w, https:\/\/fr.twiza.org\/portail\/wp-content\/uploads\/2025\/03\/RHE25-1536x595.jpeg 1536w, https:\/\/fr.twiza.org\/portail\/wp-content\/uploads\/2025\/03\/RHE25.jpeg 1920w\" sizes=\"(max-width: 1024px) 100vw, 1024px\" \/><\/figure>\n\n\n\n<div class=\"wp-block-buttons is-content-justification-center is-layout-flex wp-container-core-buttons-is-layout-a89b3969 wp-block-buttons-is-layout-flex\">\n<div class=\"wp-block-button\"><a class=\"wp-block-button__link wp-element-button\" href=\"https:\/\/airtable.com\/appe5mJ3IHMjUaCZH\/paguvx3BQ3d8nBZVK\/form\" target=\"_blank\" rel=\"noreferrer noopener\">Demander des renseignements<\/a><\/div>\n<\/div>\n\n\n\n<h2 class=\"wp-block-heading\"><strong>\u2753 Questions fr\u00e9quentes<\/strong><\/h2>\n\n\n\n<h3 class=\"wp-block-heading\" id=\"h-je-n-ai-vraiment-aucune-competence-technique-c-est-pour-moi\"><strong>\u2192 Je n&rsquo;ai vraiment aucune comp\u00e9tence technique, c&rsquo;est pour moi ?<\/strong><\/h3>\n\n\n\n<p> Cette formation ne demande aucun pr\u00e9requis technique. Elle pose les fondations mentales indispensables.<\/p>\n\n\n\n<h3 class=\"wp-block-heading\" id=\"h-mon-projet-n-est-qu-a-l-etat-d-idee-c-est-trop-tot\"><strong>\u2192 Mon projet n&rsquo;est qu&rsquo;\u00e0 l&rsquo;\u00e9tat d&rsquo;id\u00e9e, c&rsquo;est trop t\u00f4t ?<\/strong><\/h3>\n\n\n\n<p> C&rsquo;est le moment parfait ! Mieux vaut clarifier ta vision en amont plut\u00f4t que de se lancer dans la confusion.<\/p>\n\n\n\n<h3 class=\"wp-block-heading\" id=\"h-je-suis-timide-je-vais-oser-parler-en-visio\"><strong>\u2192 Je suis timide, je vais oser parler en visio ?<\/strong><\/h3>\n\n\n\n<p> Carole cr\u00e9e une ambiance ultra-bienveillante. Tu partages \u00e0 ton rythme, selon ton confort. La magie op\u00e8re naturellement.<\/p>\n\n\n\n<h3 class=\"wp-block-heading\" id=\"h-une-journee-c-est-suffisant-pour-vraiment-changer\"><strong>\u2192 Une journ\u00e9e, c&rsquo;est suffisant pour vraiment changer ?<\/strong><\/h3>\n\n\n\n<p> Pour une transformation profonde, il restera un travail personnel \u00e0 fournir, oui ! Mais ce sera un d\u00e9clic puissant qui lancera une dynamique vertueruse et t&rsquo;offrira tous les outils pour te d\u00e9passer chaque jour. <\/p>\n\n\n\n<h3 class=\"wp-block-heading\" id=\"h-et-si-mon-entourage-ne-comprend-pas-ma-nouvelle-assurance\"><strong>\u2192 Et si mon entourage ne comprend pas ma nouvelle assurance ?<\/strong><\/h3>\n\n\n\n<p>Tant mieux ! Tu apprendras justement \u00e0 ne plus d\u00e9pendre de leur validation. Ton nouveau rayonnement parlera pour toi. \ud83d\ude09<\/p>\n\n\n\n<h3 class=\"wp-block-heading\" id=\"h-et-si-je-pleure-ou-si-je-suis-emotionnel-le\"><strong>\u2192 Et si je pleure ou si je suis \u00e9motionnel\u00b7le ?<\/strong><\/h3>\n\n\n\n<p> C&rsquo;est normal et bienvenu ! Les \u00e9motions sont des guides pr\u00e9cieux. Carole sait les accueillir avec bienveillance.<\/p>\n\n\n\n<h3 class=\"wp-block-heading\" id=\"h-est-ce-que-c-est-de-la-therapie\"><strong>\u2192 Est-ce que c&rsquo;est de la th\u00e9rapie ?<\/strong><\/h3>\n\n\n\n<p> Non, c&rsquo;est de l&rsquo;accompagnement au projet. On travaille sur les frictions li\u00e9es \u00e0 ton projet sp\u00e9cifique, pas sur l&rsquo;ensemble de ta vie.<\/p>\n\n\n\n<hr class=\"wp-block-separator has-alpha-channel-opacity\"\/>\n\n\n\n<h3 class=\"wp-block-heading\" id=\"h-peut-on-faire-financer-cette-formation\"><strong><strong>\u2192<\/strong> Peut-on faire financer cette formation ?<\/strong><\/h3>\n\n\n\n<p>\u00c0 ce stade, la formation n\u2019est pas encore finan\u00e7able. Nous y travaillons activement.<\/p>\n\n\n\n<hr class=\"wp-block-separator has-alpha-channel-opacity\"\/>\n\n\n\n<div class=\"wp-block-buttons is-content-justification-center is-layout-flex wp-container-core-buttons-is-layout-a89b3969 wp-block-buttons-is-layout-flex\">\n<div class=\"wp-block-button\"><a class=\"wp-block-button__link wp-element-button\" href=\"https:\/\/airtable.com\/appe5mJ3IHMjUaCZH\/paguvx3BQ3d8nBZVK\/form\" target=\"_blank\" rel=\"noreferrer noopener\">En savoir plus<\/a><\/div>\n<\/div>\n\n\n\n<div style=\"height:220px\" aria-hidden=\"true\" class=\"wp-block-spacer\"><\/div>\n\n\n\n<p><\/p>\n\n\n\n<p><\/p>\n","protected":false},"excerpt":{"rendered":"<p>Arr\u00eate d&rsquo;attendre la permission et prends enfin les commandes de ton projet de construction\u2026 Sublime ta force et ta l\u00e9gitimit\u00e9 ! \ud83d\udcc5 Du 02 au 30 juin 2026\ud83d\udcc5Du 04aout au 01 septembre 2026(5 sessions de 2h30, en distanciel tous les mardi soir)8 places maximum \u2022 En visioconf\u00e9rence Fatigu\u00e9e d&rsquo;attendre qu&rsquo;un [&hellip;]<\/p>\n","protected":false},"author":22,"featured_media":12883,"parent":12516,"menu_order":0,"comment_status":"closed","ping_status":"closed","template":"","meta":{"_eb_attr":"","_themeisle_gutenberg_block_has_review":false,"footnotes":""},"class_list":["post-12877","page","type-page","status-publish","has-post-thumbnail","hentry"],"yoast_head":"<!-- This site is optimized with the Yoast SEO Premium plugin v27.5 (Yoast SEO v27.5) - https:\/\/yoast.com\/product\/yoast-seo-premium-wordpress\/ -->\n<title>Femme B\u00e2tisseuse : Construire ou R\u00e9nover Autonome et Confiante<\/title>\n<meta name=\"robots\" content=\"index, follow, max-snippet:-1, max-image-preview:large, max-video-preview:-1\" \/>\n<link rel=\"canonical\" href=\"https:\/\/fr.twiza.org\/portail\/formations-twiza\/femme-batisseuse-clp\/\" \/>\n<meta property=\"og:locale\" content=\"fr_FR\" \/>\n<meta property=\"og:type\" content=\"article\" \/>\n<meta property=\"og:title\" content=\"Femme B\u00e2tisseuse : Construire ou R\u00e9nover Autonome et Confiante\" \/>\n<meta property=\"og:description\" content=\"Arr\u00eate d&rsquo;attendre la permission et prends enfin les commandes de ton projet de construction\u2026 Sublime ta force et ta l\u00e9gitimit\u00e9 ! \ud83d\udcc5 Du 02 au 30 juin 2026\ud83d\udcc5Du 04aout au 01 septembre 2026(5 sessions de 2h30, en distanciel tous les mardi soir)8 places maximum \u2022 En visioconf\u00e9rence Fatigu\u00e9e d&rsquo;attendre qu&rsquo;un [&hellip;]\" \/>\n<meta property=\"og:url\" content=\"https:\/\/fr.twiza.org\/portail\/formations-twiza\/femme-batisseuse-clp\/\" \/>\n<meta property=\"og:site_name\" content=\"R\u00e9seau Twiza\" \/>\n<meta property=\"article:publisher\" content=\"https:\/\/fr-fr.facebook.com\/Twiza.fr\/\" \/>\n<meta property=\"article:modified_time\" content=\"2026-04-10T09:44:37+00:00\" \/>\n<meta property=\"og:image\" content=\"https:\/\/fr.twiza.org\/portail\/wp-content\/uploads\/2025\/06\/Formation-Femme-batisseuses-Carole-LP-2small.png\" \/>\n\t<meta property=\"og:image:width\" content=\"400\" \/>\n\t<meta property=\"og:image:height\" content=\"300\" \/>\n\t<meta property=\"og:image:type\" content=\"image\/png\" \/>\n<meta name=\"twitter:card\" content=\"summary_large_image\" \/>\n<script type=\"application\/ld+json\" class=\"yoast-schema-graph\">{\"@context\":\"https:\\\/\\\/schema.org\",\"@graph\":[{\"@type\":\"WebPage\",\"@id\":\"https:\\\/\\\/fr.twiza.org\\\/portail\\\/formations-twiza\\\/femme-batisseuse-clp\\\/\",\"url\":\"https:\\\/\\\/fr.twiza.org\\\/portail\\\/formations-twiza\\\/femme-batisseuse-clp\\\/\",\"name\":\"Femme B\u00e2tisseuse : Construire ou R\u00e9nover Autonome et Confiante\",\"isPartOf\":{\"@id\":\"https:\\\/\\\/fr.twiza.org\\\/portail\\\/#website\"},\"primaryImageOfPage\":{\"@id\":\"https:\\\/\\\/fr.twiza.org\\\/portail\\\/formations-twiza\\\/femme-batisseuse-clp\\\/#primaryimage\"},\"image\":{\"@id\":\"https:\\\/\\\/fr.twiza.org\\\/portail\\\/formations-twiza\\\/femme-batisseuse-clp\\\/#primaryimage\"},\"thumbnailUrl\":\"https:\\\/\\\/fr.twiza.org\\\/portail\\\/wp-content\\\/uploads\\\/2025\\\/06\\\/Formation-Femme-batisseuses-Carole-LP-2small.png\",\"datePublished\":\"2025-06-26T10:17:29+00:00\",\"dateModified\":\"2026-04-10T09:44:37+00:00\",\"breadcrumb\":{\"@id\":\"https:\\\/\\\/fr.twiza.org\\\/portail\\\/formations-twiza\\\/femme-batisseuse-clp\\\/#breadcrumb\"},\"inLanguage\":\"fr-FR\",\"potentialAction\":[{\"@type\":\"ReadAction\",\"target\":[\"https:\\\/\\\/fr.twiza.org\\\/portail\\\/formations-twiza\\\/femme-batisseuse-clp\\\/\"]}]},{\"@type\":\"ImageObject\",\"inLanguage\":\"fr-FR\",\"@id\":\"https:\\\/\\\/fr.twiza.org\\\/portail\\\/formations-twiza\\\/femme-batisseuse-clp\\\/#primaryimage\",\"url\":\"https:\\\/\\\/fr.twiza.org\\\/portail\\\/wp-content\\\/uploads\\\/2025\\\/06\\\/Formation-Femme-batisseuses-Carole-LP-2small.png\",\"contentUrl\":\"https:\\\/\\\/fr.twiza.org\\\/portail\\\/wp-content\\\/uploads\\\/2025\\\/06\\\/Formation-Femme-batisseuses-Carole-LP-2small.png\",\"width\":400,\"height\":300,\"caption\":\"Formation Femme batisseuses - Carole LP (2)small\"},{\"@type\":\"BreadcrumbList\",\"@id\":\"https:\\\/\\\/fr.twiza.org\\\/portail\\\/formations-twiza\\\/femme-batisseuse-clp\\\/#breadcrumb\",\"itemListElement\":[{\"@type\":\"ListItem\",\"position\":1,\"name\":\"Accueil\",\"item\":\"https:\\\/\\\/fr.twiza.org\\\/portail\\\/\"},{\"@type\":\"ListItem\",\"position\":2,\"name\":\"Les Formations Sign\u00e9es Twiza Arrivent en Force\",\"item\":\"https:\\\/\\\/fr.twiza.org\\\/portail\\\/formations-twiza\\\/\"},{\"@type\":\"ListItem\",\"position\":3,\"name\":\"Femme B\u00e2tisseuse : Construire ou R\u00e9nover Autonome et Confiante\"}]},{\"@type\":\"WebSite\",\"@id\":\"https:\\\/\\\/fr.twiza.org\\\/portail\\\/#website\",\"url\":\"https:\\\/\\\/fr.twiza.org\\\/portail\\\/\",\"name\":\"R\u00e9seau Twiza\",\"description\":\"Entraide pour un habitat \u00e9cologique, convivial et r\u00e9silient\",\"publisher\":{\"@id\":\"https:\\\/\\\/fr.twiza.org\\\/portail\\\/#organization\"},\"potentialAction\":[{\"@type\":\"SearchAction\",\"target\":{\"@type\":\"EntryPoint\",\"urlTemplate\":\"https:\\\/\\\/fr.twiza.org\\\/portail\\\/?s={search_term_string}\"},\"query-input\":{\"@type\":\"PropertyValueSpecification\",\"valueRequired\":true,\"valueName\":\"search_term_string\"}}],\"inLanguage\":\"fr-FR\"},{\"@type\":\"Organization\",\"@id\":\"https:\\\/\\\/fr.twiza.org\\\/portail\\\/#organization\",\"name\":\"R\u00e9seau Twiza\",\"url\":\"https:\\\/\\\/fr.twiza.org\\\/portail\\\/\",\"logo\":{\"@type\":\"ImageObject\",\"inLanguage\":\"fr-FR\",\"@id\":\"https:\\\/\\\/fr.twiza.org\\\/portail\\\/#\\\/schema\\\/logo\\\/image\\\/\",\"url\":\"https:\\\/\\\/fr.twiza.org\\\/portail\\\/wp-content\\\/uploads\\\/2021\\\/05\\\/cropped-logo-reseau-twiza.jpg\",\"contentUrl\":\"https:\\\/\\\/fr.twiza.org\\\/portail\\\/wp-content\\\/uploads\\\/2021\\\/05\\\/cropped-logo-reseau-twiza.jpg\",\"width\":400,\"height\":102,\"caption\":\"R\u00e9seau Twiza\"},\"image\":{\"@id\":\"https:\\\/\\\/fr.twiza.org\\\/portail\\\/#\\\/schema\\\/logo\\\/image\\\/\"},\"sameAs\":[\"https:\\\/\\\/fr-fr.facebook.com\\\/Twiza.fr\\\/\",\"https:\\\/\\\/www.instagram.com\\\/twiza_fr\\\/\",\"https:\\\/\\\/www.linkedin.com\\\/company\\\/reseautwiza\\\/\"]}]}<\/script>\n<!-- \/ Yoast SEO Premium plugin. -->","yoast_head_json":{"title":"Femme B\u00e2tisseuse : Construire ou R\u00e9nover Autonome et Confiante","robots":{"index":"index","follow":"follow","max-snippet":"max-snippet:-1","max-image-preview":"max-image-preview:large","max-video-preview":"max-video-preview:-1"},"canonical":"https:\/\/fr.twiza.org\/portail\/formations-twiza\/femme-batisseuse-clp\/","og_locale":"fr_FR","og_type":"article","og_title":"Femme B\u00e2tisseuse : Construire ou R\u00e9nover Autonome et Confiante","og_description":"Arr\u00eate d&rsquo;attendre la permission et prends enfin les commandes de ton projet de construction\u2026 Sublime ta force et ta l\u00e9gitimit\u00e9 ! \ud83d\udcc5 Du 02 au 30 juin 2026\ud83d\udcc5Du 04aout au 01 septembre 2026(5 sessions de 2h30, en distanciel tous les mardi soir)8 places maximum \u2022 En visioconf\u00e9rence Fatigu\u00e9e d&rsquo;attendre qu&rsquo;un [&hellip;]","og_url":"https:\/\/fr.twiza.org\/portail\/formations-twiza\/femme-batisseuse-clp\/","og_site_name":"R\u00e9seau Twiza","article_publisher":"https:\/\/fr-fr.facebook.com\/Twiza.fr\/","article_modified_time":"2026-04-10T09:44:37+00:00","og_image":[{"width":400,"height":300,"url":"https:\/\/fr.twiza.org\/portail\/wp-content\/uploads\/2025\/06\/Formation-Femme-batisseuses-Carole-LP-2small.png","type":"image\/png"}],"twitter_card":"summary_large_image","schema":{"@context":"https:\/\/schema.org","@graph":[{"@type":"WebPage","@id":"https:\/\/fr.twiza.org\/portail\/formations-twiza\/femme-batisseuse-clp\/","url":"https:\/\/fr.twiza.org\/portail\/formations-twiza\/femme-batisseuse-clp\/","name":"Femme B\u00e2tisseuse : Construire ou R\u00e9nover Autonome et Confiante","isPartOf":{"@id":"https:\/\/fr.twiza.org\/portail\/#website"},"primaryImageOfPage":{"@id":"https:\/\/fr.twiza.org\/portail\/formations-twiza\/femme-batisseuse-clp\/#primaryimage"},"image":{"@id":"https:\/\/fr.twiza.org\/portail\/formations-twiza\/femme-batisseuse-clp\/#primaryimage"},"thumbnailUrl":"https:\/\/fr.twiza.org\/portail\/wp-content\/uploads\/2025\/06\/Formation-Femme-batisseuses-Carole-LP-2small.png","datePublished":"2025-06-26T10:17:29+00:00","dateModified":"2026-04-10T09:44:37+00:00","breadcrumb":{"@id":"https:\/\/fr.twiza.org\/portail\/formations-twiza\/femme-batisseuse-clp\/#breadcrumb"},"inLanguage":"fr-FR","potentialAction":[{"@type":"ReadAction","target":["https:\/\/fr.twiza.org\/portail\/formations-twiza\/femme-batisseuse-clp\/"]}]},{"@type":"ImageObject","inLanguage":"fr-FR","@id":"https:\/\/fr.twiza.org\/portail\/formations-twiza\/femme-batisseuse-clp\/#primaryimage","url":"https:\/\/fr.twiza.org\/portail\/wp-content\/uploads\/2025\/06\/Formation-Femme-batisseuses-Carole-LP-2small.png","contentUrl":"https:\/\/fr.twiza.org\/portail\/wp-content\/uploads\/2025\/06\/Formation-Femme-batisseuses-Carole-LP-2small.png","width":400,"height":300,"caption":"Formation Femme batisseuses - Carole LP (2)small"},{"@type":"BreadcrumbList","@id":"https:\/\/fr.twiza.org\/portail\/formations-twiza\/femme-batisseuse-clp\/#breadcrumb","itemListElement":[{"@type":"ListItem","position":1,"name":"Accueil","item":"https:\/\/fr.twiza.org\/portail\/"},{"@type":"ListItem","position":2,"name":"Les Formations Sign\u00e9es Twiza Arrivent en Force","item":"https:\/\/fr.twiza.org\/portail\/formations-twiza\/"},{"@type":"ListItem","position":3,"name":"Femme B\u00e2tisseuse : Construire ou R\u00e9nover Autonome et Confiante"}]},{"@type":"WebSite","@id":"https:\/\/fr.twiza.org\/portail\/#website","url":"https:\/\/fr.twiza.org\/portail\/","name":"R\u00e9seau Twiza","description":"Entraide pour un habitat \u00e9cologique, convivial et r\u00e9silient","publisher":{"@id":"https:\/\/fr.twiza.org\/portail\/#organization"},"potentialAction":[{"@type":"SearchAction","target":{"@type":"EntryPoint","urlTemplate":"https:\/\/fr.twiza.org\/portail\/?s={search_term_string}"},"query-input":{"@type":"PropertyValueSpecification","valueRequired":true,"valueName":"search_term_string"}}],"inLanguage":"fr-FR"},{"@type":"Organization","@id":"https:\/\/fr.twiza.org\/portail\/#organization","name":"R\u00e9seau Twiza","url":"https:\/\/fr.twiza.org\/portail\/","logo":{"@type":"ImageObject","inLanguage":"fr-FR","@id":"https:\/\/fr.twiza.org\/portail\/#\/schema\/logo\/image\/","url":"https:\/\/fr.twiza.org\/portail\/wp-content\/uploads\/2021\/05\/cropped-logo-reseau-twiza.jpg","contentUrl":"https:\/\/fr.twiza.org\/portail\/wp-content\/uploads\/2021\/05\/cropped-logo-reseau-twiza.jpg","width":400,"height":102,"caption":"R\u00e9seau Twiza"},"image":{"@id":"https:\/\/fr.twiza.org\/portail\/#\/schema\/logo\/image\/"},"sameAs":["https:\/\/fr-fr.facebook.com\/Twiza.fr\/","https:\/\/www.instagram.com\/twiza_fr\/","https:\/\/www.linkedin.com\/company\/reseautwiza\/"]}]}},"jetpack_sharing_enabled":true,"_links":{"self":[{"href":"https:\/\/fr.twiza.org\/portail\/wp-json\/wp\/v2\/pages\/12877","targetHints":{"allow":["GET"]}}],"collection":[{"href":"https:\/\/fr.twiza.org\/portail\/wp-json\/wp\/v2\/pages"}],"about":[{"href":"https:\/\/fr.twiza.org\/portail\/wp-json\/wp\/v2\/types\/page"}],"author":[{"embeddable":true,"href":"https:\/\/fr.twiza.org\/portail\/wp-json\/wp\/v2\/users\/22"}],"replies":[{"embeddable":true,"href":"https:\/\/fr.twiza.org\/portail\/wp-json\/wp\/v2\/comments?post=12877"}],"version-history":[{"count":21,"href":"https:\/\/fr.twiza.org\/portail\/wp-json\/wp\/v2\/pages\/12877\/revisions"}],"predecessor-version":[{"id":14296,"href":"https:\/\/fr.twiza.org\/portail\/wp-json\/wp\/v2\/pages\/12877\/revisions\/14296"}],"up":[{"embeddable":true,"href":"https:\/\/fr.twiza.org\/portail\/wp-json\/wp\/v2\/pages\/12516"}],"wp:featuredmedia":[{"embeddable":true,"href":"https:\/\/fr.twiza.org\/portail\/wp-json\/wp\/v2\/media\/12883"}],"wp:attachment":[{"href":"https:\/\/fr.twiza.org\/portail\/wp-json\/wp\/v2\/media?parent=12877"}],"curies":[{"name":"wp","href":"https:\/\/api.w.org\/{rel}","templated":true}]}}