{"id":14100,"date":"2026-03-05T17:58:33","date_gmt":"2026-03-05T16:58:33","guid":{"rendered":"https:\/\/fr.twiza.org\/portail\/?page_id=14100"},"modified":"2026-04-09T09:43:35","modified_gmt":"2026-04-09T07:43:35","slug":"logiciel-phpp","status":"publish","type":"page","link":"https:\/\/fr.twiza.org\/portail\/formations-twiza\/logiciel-phpp\/","title":{"rendered":"Logiciel PHPP : aide \u00e0 la conception \u00e9nerg\u00e9tique d&rsquo;un b\u00e2timent"},"content":{"rendered":"\n<h2 class=\"wp-block-heading has-text-align-center\" id=\"h-et-si-tu-arretais-de-concevoir-a-l-aveugle\"><strong><strong><strong>Et si tu arr\u00eatais de concevoir \u00e0 l&rsquo;aveugle ?<\/strong><\/strong><\/strong><\/h2>\n\n\n\n<p class=\"has-text-align-center\"><br>\ud83d\udcc5<strong>Samedi 2 et dimanche 3 mai 2026<\/strong><br>\ud83d\udccd\u00e0 Va\u00efssac (82)<br>\ud83d\udc65 8 participant\u00b7es maximum<\/p>\n\n\n\n<p class=\"has-text-align-center\"><\/p>\n\n\n\n<p><\/p>\n\n\n\n<p><strong>Deux jours pour ma\u00eetriser l&rsquo;outil de r\u00e9f\u00e9rence mondiale du b\u00e2timent passif et reprendre le contr\u00f4le sur la performance \u00e9nerg\u00e9tique de tes projets.<\/strong><\/p>\n\n\n\n<p>Tu veux concevoir un ou plusieurs b\u00e2timents exemplaires, \u00e9conomes, confortables \u00e9t\u00e9 comme hiver ?<\/p>\n\n\n\n<p>Mais aujourd&rsquo;hui, tu travailles un peu \u00e0 l&rsquo;aveugle. Tu connais les termes (U, R, Lambda) sans vraiment pouvoir pr\u00e9dire comment ta maison se comportera dans la r\u00e9alit\u00e9. Tu empiles les \u00ab\u00a0bons\u00a0\u00bb mat\u00e9riaux en esp\u00e9rant que \u00e7a suffira, sans savoir s\u2019il y en a trop, ici ou pas assez l\u00e0. Et quand il faut arbitrer entre triple vitrage ou isolation renforc\u00e9e, tu avances au doigt mouill\u00e9.<\/p>\n\n\n\n<p>Rien que le nom du logiciel PHPP te fait peut-\u00eatre peur.<br>Encore une usine \u00e0 gaz r\u00e9serv\u00e9e aux ing\u00e9nieurs ultra-sp\u00e9cialis\u00e9s ?<\/p>\n\n\n\n<p>Non, non, non !&#8230; Et cet atelier est l\u00e0 pour te le prouver. Tu rempliras les feuilles d\u2019un tableur excel et verras les effets se r\u00e9percuter, comme par magie, de feuille en feuille.<\/p>\n\n\n\n<p>En deux jours, tu vas apprendre \u00e0 piloter cet outil puissant pour <strong>quantifier, tester, optimiser<\/strong> \u2013 et surtout, <strong>d\u00e9cider en connaissance de cause<\/strong>.<\/p>\n\n\n\n<p><em>\u201cConstruire mieux, c&rsquo;est d&rsquo;abord comprendre ce qu&rsquo;on construit.\u201d<\/em><\/p>\n\n\n\n<hr class=\"wp-block-separator has-alpha-channel-opacity\"\/>\n\n\n\n<h2 class=\"wp-block-heading\"><strong>\u00c0 qui s&rsquo;adresse cet atelier ?<\/strong><\/h2>\n\n\n\n<p>Tu as un projet de construction neuve ou de r\u00e9novation performante.<\/p>\n\n\n\n<p>Tu es un professionnel qui cherche \u00e0 avoir une vision plus globale.<\/p>\n\n\n\n<p>Tu veux comprendre le comportement thermique r\u00e9el de ton b\u00e2timent, hiver comme \u00e9t\u00e9<\/p>\n\n\n\n<p>Tu en as assez de d\u00e9pendre des bureaux d&rsquo;\u00e9tudes sans pouvoir challenger leurs propositions<\/p>\n\n\n\n<p>Tu veux savoir o\u00f9 placer ton argent pour obtenir le meilleur confort au moindre co\u00fbt<\/p>\n\n\n\n<p>Tu cherches un atelier technique mais accessible, sans jargon inutile<\/p>\n\n\n\n<p><strong>Pr\u00e9requis :<\/strong> cet atelier s&rsquo;adresse \u00e0 des personnes ayant d\u00e9j\u00e0 quelques bases : savoir lire un plan, conna\u00eetre les termes thermiques du b\u00e2timent (U, R, Lambda, kWh\/m\u00b2\/an), distinguer mat\u00e9riaux de structure et d&rsquo;isolation, et utiliser Excel.<\/p>\n\n\n\n<p>Tu viens avec tes questions, ton contexte \u2013 et tu repars avec une m\u00e9thode et des r\u00e9ponses chiffr\u00e9es.<\/p>\n\n\n\n<p>(En plus du \u201cservice apr\u00e8s-vente\u201d du formateur quand, une fois chez toi, tu bloqueras sur un sujet)<\/p>\n\n\n\n<hr class=\"wp-block-separator has-alpha-channel-opacity\"\/>\n\n\n\n<h2 class=\"wp-block-heading\"><strong>Ton projet au c\u0153ur du dispositif p\u00e9dagogique<\/strong><\/h2>\n\n\n\n<p>Comme toujours chez Twiza, on part de TON projet pour construire TON atelier.<\/p>\n\n\n\n<p>l&rsquo;atelier s&rsquo;appuie sur <strong>deux cas concrets<\/strong> que tu manipuleras toi-m\u00eame sur le logiciel :<\/p>\n\n\n\n<ul class=\"wp-block-list\">\n<li>Un b\u00e2timent neuf<\/li>\n\n\n\n<li>Un b\u00e2timent ancien \u00e0 r\u00e9nover<\/li>\n<\/ul>\n\n\n\n<p>Tu ne seras pas spectateur : tu entreras les donn\u00e9es, tu rentreras les mat\u00e9riaux comme tu les con\u00e7ois, tu&nbsp; compareras tes r\u00e9sultats avec ceux des copains de formation, tu verras en temps r\u00e9el l&rsquo;impact de chaque choix sur la performance \u00e9nerg\u00e9tique.<\/p>\n\n\n\n<p><strong>\u00c0 l&rsquo;issue de l&rsquo;atelier, tu auras non seulement compris la logique du PHPP, mais tu auras d\u00e9j\u00e0 commenc\u00e9 \u00e0 l&rsquo;appliquer \u00e0 des situations r\u00e9elles.<\/strong><\/p>\n\n\n\n<p><em>Le logiciel devient un bac \u00e0 sable o\u00f9 tu testes, tu apprends, tu d\u00e9cides.<\/em><\/p>\n\n\n<div class=\"wp-block-image\">\n<figure class=\"aligncenter size-full\"><img fetchpriority=\"high\" decoding=\"async\" width=\"960\" height=\"540\" src=\"https:\/\/fr.twiza.org\/portail\/wp-content\/uploads\/2026\/03\/Formation-PHPP-Bernard-Crozel-2.1.png\" alt=\"\" class=\"wp-image-14245\" srcset=\"https:\/\/fr.twiza.org\/portail\/wp-content\/uploads\/2026\/03\/Formation-PHPP-Bernard-Crozel-2.1.png 960w, https:\/\/fr.twiza.org\/portail\/wp-content\/uploads\/2026\/03\/Formation-PHPP-Bernard-Crozel-2.1-300x169.png 300w, https:\/\/fr.twiza.org\/portail\/wp-content\/uploads\/2026\/03\/Formation-PHPP-Bernard-Crozel-2.1-768x432.png 768w, https:\/\/fr.twiza.org\/portail\/wp-content\/uploads\/2026\/03\/Formation-PHPP-Bernard-Crozel-2.1-600x338.png 600w\" sizes=\"(max-width: 960px) 100vw, 960px\" \/><\/figure>\n<\/div>\n\n\n<blockquote class=\"wp-block-quote is-layout-flow wp-block-quote-is-layout-flow\" style=\"font-size:25px\">\n<p style=\"font-size:25px\">\u00ab\u00a0Parce qu&rsquo;on ne vient pas ici pour accumuler du savoir th\u00e9orique. On vient pour <strong>transformer une incapacit\u00e9 en libert\u00e9 de d\u00e9cider<\/strong>.\u00a0\u00bb<\/p>\n<\/blockquote>\n\n\n\n<hr class=\"wp-block-separator has-alpha-channel-opacity\"\/>\n\n\n\n<h2 class=\"wp-block-heading\"><strong>Ce que tu sauras faire concr\u00e8tement<\/strong><\/h2>\n\n\n\n<p><strong>Comprendre les flux de chaleur<\/strong><\/p>\n\n\n\n<ul class=\"wp-block-list\">\n<li>Ma\u00eetriser les transferts thermiques (transmission, convection, rayonnement) en hiver et en \u00e9t\u00e9<\/li>\n\n\n\n<li>Mesurer l&rsquo;utilit\u00e9 de l&rsquo;\u00e9nergie solaire et l&rsquo;impact de l&rsquo;orientation<\/li>\n<\/ul>\n\n\n\n<p><strong>Dimensionner avec pr\u00e9cision<\/strong><\/p>\n\n\n\n<ul class=\"wp-block-list\">\n<li>Dimensionner une enveloppe globale performante&nbsp;<\/li>\n\n\n\n<li>\u00e9quilibrer les performances de chaque \u00e9l\u00e9ment de l&rsquo;enveloppe : sol, murs, toiture, baies<\/li>\n\n\n\n<li>Jouer sur les \u00e9quilibres entre isolation et apports thermiques<\/li>\n\n\n\n<li>\u00c9valuer la qualit\u00e9 d&rsquo;un isolant, d\u2019un complexe ou d&rsquo;un vitrage avec des crit\u00e8res objectifs<\/li>\n<\/ul>\n\n\n\n<p><strong>Piloter le logiciel PHPP<\/strong><\/p>\n\n\n\n<ul class=\"wp-block-list\">\n<li>Entrer les donn\u00e9es dimensionnelles et performantielles des mat\u00e9riaux<\/li>\n\n\n\n<li>Visualiser et interpr\u00e9ter les r\u00e9sultats<\/li>\n\n\n\n<li>Modifier chaque param\u00e8tre et voir instantan\u00e9ment l&rsquo;incidence sur la performance<\/li>\n<\/ul>\n\n\n\n<p><strong>Optimiser et arbitrer<\/strong><\/p>\n\n\n\n<ul class=\"wp-block-list\">\n<li>Penser le confort d&rsquo;hiver et le confort d&rsquo;\u00e9t\u00e9<\/li>\n\n\n\n<li>Maximiser les apports gratuits (solaires, g\u00e9othermiques)<\/li>\n\n\n\n<li>Dimensionner les protections solaires d&rsquo;\u00e9t\u00e9 (casquettes, BSO, lames)<\/li>\n\n\n\n<li>Trouver le meilleur compromis qualit\u00e9\/prix pour ton projet<\/li>\n\n\n\n<li>Quantifier les performances thermiques objectives en kWh\/m\u00b2\/an<\/li>\n<\/ul>\n\n\n\n<p><strong>En r\u00e9novation : diagnostiquer et prioriser<\/strong><\/p>\n\n\n\n<ul class=\"wp-block-list\">\n<li>Etablir le bilan thermique objectif du b\u00e2ti ancien<\/li>\n\n\n\n<li>Identifier les \u00ab\u00a0passoires thermiques\u00a0\u00bb et leurs causes<\/li>\n\n\n\n<li>Tester diff\u00e9rentes solutions d&rsquo;am\u00e9lioration et mesurer leur impact<\/li>\n<\/ul>\n\n\n\n<p><\/p>\n\n\n\n<p><\/p>\n\n\n\n<h2 class=\"wp-block-heading\" id=\"h-cet-atelier-te-fera-economiser-des-milliers-d-euros\">Cet atelier te fera \u00e9conomiser des milliers d&rsquo;euros&#8230;<\/h2>\n\n\n\n<p>Ma\u00eetriser le PHPP, ce n&rsquo;est pas juste cocher une case \u00ab\u00a0formation\u00a0\u00bb. C&rsquo;est acqu\u00e9rir la capacit\u00e9 de dimensionner juste (et d&rsquo;\u00e9viter les d\u00e9penses inutiles.)<\/p>\n\n\n\n<p>Quelques exemples concrets, pour une maison de 100 m\u00b2 :<\/p>\n\n\n\n<h3 class=\"wp-block-heading\" id=\"h-1-reduire-drastiquement-l-investissement-chauffage\"><strong>1\/ R\u00e9duire drastiquement l&rsquo;investissement chauffage<\/strong><\/h3>\n\n\n\n<p>Quand tu ma\u00eetrises la performance thermique de ton b\u00e2timent, tu peux te contenter d&rsquo;un chauffage d&rsquo;appoint sans risque d&rsquo;avoir froid. Le PHPP calcule pr\u00e9cis\u00e9ment la dur\u00e9e et la puissance n\u00e9cessaires, <strong>en tenant compte des apports solaires.<\/strong><\/p>\n\n\n\n<figure class=\"wp-block-table\"><table class=\"has-background has-fixed-layout\" style=\"background-color:#ff663321\"><thead><tr><th>Solution<\/th><th>Co\u00fbt estim\u00e9<\/th><\/tr><\/thead><tbody><tr><td>Installation d&rsquo;une PAC compl\u00e8te<\/td><td>9 000 \u00e0 27 000 \u20ac<\/td><\/tr><tr><td>Po\u00eale \u00e0 bois<\/td><td>~ 800 \u20ac<\/td><\/tr><tr><td>R\u00e9chauffeur \u00e9lectrique 3 kW sur VMC<\/td><td>~ 500 \u20ac<\/td><\/tr><\/tbody><\/table><\/figure>\n\n\n\n<p class=\"has-background\" style=\"background-color:#86ab3e2b\"><strong>\u279c \u00c9conomie potentielle \u00e0 l&rsquo;investissement : 8 000 \u00e0 26 000 \u20ac<\/strong><\/p>\n\n\n<div class=\"wp-block-image\">\n<figure class=\"aligncenter size-full is-resized\"><img decoding=\"async\" width=\"960\" height=\"540\" src=\"https:\/\/fr.twiza.org\/portail\/wp-content\/uploads\/2026\/03\/Formation-PHPP-Bernard-Crozel-4.png\" alt=\"\" class=\"wp-image-14238\" style=\"width:656px;height:auto\" srcset=\"https:\/\/fr.twiza.org\/portail\/wp-content\/uploads\/2026\/03\/Formation-PHPP-Bernard-Crozel-4.png 960w, https:\/\/fr.twiza.org\/portail\/wp-content\/uploads\/2026\/03\/Formation-PHPP-Bernard-Crozel-4-300x169.png 300w, https:\/\/fr.twiza.org\/portail\/wp-content\/uploads\/2026\/03\/Formation-PHPP-Bernard-Crozel-4-768x432.png 768w, https:\/\/fr.twiza.org\/portail\/wp-content\/uploads\/2026\/03\/Formation-PHPP-Bernard-Crozel-4-600x338.png 600w\" sizes=\"(max-width: 960px) 100vw, 960px\" \/><\/figure>\n<\/div>\n\n\n<div style=\"height:50px\" aria-hidden=\"true\" class=\"wp-block-spacer\"><\/div>\n\n\n\n<h3 class=\"wp-block-heading\" id=\"h-2-diviser-ta-facture-energetique-par-3-ou-plus\"><strong>2\/ Diviser ta facture \u00e9nerg\u00e9tique par 3 ou plus<\/strong><\/h3>\n\n\n\n<hr class=\"wp-block-separator has-alpha-channel-opacity\"\/>\n\n\n\n<figure class=\"wp-block-table\"><table class=\"has-background has-fixed-layout\" style=\"background-color:#ff663329\"><thead><tr><th>Niveau de performance<\/th><th>Consommation\/an (100 m\u00b2)<\/th><th>Co\u00fbt \u00e9lectricit\u00e9<\/th><th>Co\u00fbt bois<\/th><\/tr><\/thead><tbody><tr><td>RT 2012 (50 kWh\/m\u00b2\/an)<\/td><td>5 000 kWh<\/td><td>~ 1 000 \u20ac\/an<\/td><td>~ 240 \u20ac\/an (3 st\u00e8res)<\/td><\/tr><tr><td>Passif (15 kWh\/m\u00b2\/an)<\/td><td>1 500 kWh<\/td><td>~ 300 \u20ac\/an<\/td><td>~ 80 \u20ac\/an (1 st\u00e8re)<\/td><\/tr><\/tbody><\/table><\/figure>\n\n\n\n<p class=\"has-background\" style=\"background-color:#86ab3e2e\"><strong>\u279c \u00c9conomie annuelle : 160 \u00e0 700 \u20ac chaque ann\u00e9e, \u00e0 vie.<\/strong><\/p>\n\n\n\n<p>Et si tu vises encore plus bas, les gains s&rsquo;amplifient math\u00e9matiquement.<\/p>\n\n\n\n<p><\/p>\n\n\n\n<h3 class=\"wp-block-heading\" id=\"h-\"><\/h3>\n\n\n\n<blockquote class=\"wp-block-quote is-layout-flow wp-block-quote-is-layout-flow\">\n<p style=\"font-size:25px\">\u00ab\u00a0On peut faire mieux avec moins. Encore faut-il savoir o\u00f9 mettre son \u00e9nergie \u2013 et son argent.\u00a0\u00bb<\/p>\n<\/blockquote>\n\n\n\n<p><\/p>\n\n\n\n<div class=\"wp-block-buttons o-sticky o-sticky-scope-main-area o-sticky-pos-top o-sticky-bhvr-keep is-content-justification-center is-layout-flex wp-container-core-buttons-is-layout-a89b3969 wp-block-buttons-is-layout-flex\">\n<div class=\"wp-block-button\"><a class=\"wp-block-button__link wp-element-button\" href=\"https:\/\/airtable.com\/appe5mJ3IHMjUaCZH\/shrs1AyTlaWdJo8DM\" target=\"_blank\" rel=\"noreferrer noopener\">Demander des renseignements<\/a><\/div>\n<\/div>\n\n\n\n<p><\/p>\n\n\n\n<h2 class=\"wp-block-heading\"><strong>Qui est ton formateur ?<\/strong><\/h2>\n\n\n\n<h3 class=\"wp-block-heading\" id=\"h-bernard-crozel-est-architecte-depuis-1985\">Bernard Crozel est architecte depuis 1985<\/h3>\n\n\n\n<div class=\"wp-block-columns is-layout-flex wp-container-core-columns-is-layout-28f84493 wp-block-columns-is-layout-flex\">\n<div class=\"wp-block-column is-layout-flow wp-block-column-is-layout-flow\">\n<p>En plus de 30 ans de pratique, il a vu passer les modes, les r\u00e9glementations, les promesses technologiques&#8230; et il a appris \u00e0 faire le tri.<\/p>\n\n\n\n<p>Depuis plus de 20 ans, il s&rsquo;est sp\u00e9cialis\u00e9 dans la performance \u00e9nerg\u00e9tique et les \u00e9nergies renouvelables appliqu\u00e9es au b\u00e2timent. Pas par effet de tendance, mais par conviction : les enjeux \u00e9cologiques et \u00e9conomiques de notre \u00e9poque imposent de repenser la mani\u00e8re dont on construit.<\/p>\n\n\n\n<p><\/p>\n<\/div>\n\n\n\n<div class=\"wp-block-column is-layout-flow wp-block-column-is-layout-flow\"><div class=\"wp-block-image\">\n<figure class=\"alignleft size-full is-resized\"><img decoding=\"async\" width=\"500\" height=\"597\" src=\"https:\/\/fr.twiza.org\/portail\/wp-content\/uploads\/2026\/03\/Formation-PHPP-Bernard-Crozel-5-profil-e1774541045894.png\" alt=\"\" class=\"wp-image-14247\" style=\"aspect-ratio:0.7588271192351284;width:247px;height:auto\" srcset=\"https:\/\/fr.twiza.org\/portail\/wp-content\/uploads\/2026\/03\/Formation-PHPP-Bernard-Crozel-5-profil-e1774541045894.png 500w, https:\/\/fr.twiza.org\/portail\/wp-content\/uploads\/2026\/03\/Formation-PHPP-Bernard-Crozel-5-profil-e1774541045894-251x300.png 251w\" sizes=\"(max-width: 500px) 100vw, 500px\" \/><\/figure>\n<\/div><\/div>\n<\/div>\n\n\n\n<p>Ce qui caract\u00e9rise Bernard, c&rsquo;est son refus de la surench\u00e8re. L\u00e0 o\u00f9 d&rsquo;autres empilent les solutions techniques, lui cherche l&rsquo;efficacit\u00e9 sobre : utiliser intelligemment les ressources disponibles (qu&rsquo;elles soient naturelles ou technologiques) plut\u00f4t que de multiplier les \u00e9quipements. Il aime recadrer la hi\u00e9rarchie des priorit\u00e9s : avant de parler pompe \u00e0 chaleur ou triple vitrage, on parle orientation, compacit\u00e9, bon sens.<\/p>\n\n\n\n<p>Aujourd&rsquo;hui, Bernard est dans une phase de transmission. L&rsquo;exp\u00e9rience accumul\u00e9e ne demande qu&rsquo;\u00e0 \u00eatre partag\u00e9e \u2013 et il n&rsquo;a plus envie d&rsquo;attendre. Ce qu&rsquo;il a mis des d\u00e9cennies \u00e0 comprendre, il veut le rendre accessible \u00e0 ceux qui construisent ou r\u00e9novent maintenant.<\/p>\n\n\n\n<blockquote class=\"wp-block-quote is-layout-flow wp-block-quote-is-layout-flow\" style=\"font-size:25px\">\n<p style=\"font-size:25px\">\u00ab\u00a0<em>A mon \u00e2ge, je n&rsquo;ai plus envie de perdre de temps. Ce que j&rsquo;ai appris en 35 ans, je veux le transmettre maintenant \u00e0 ceux qui construisent la suite<\/em>\u00ab\u00a0<\/p>\n<\/blockquote>\n\n\n\n<p><\/p>\n\n\n\n<p><\/p>\n\n\n\n<div class=\"wp-block-group has-background\" style=\"background-color:#e6e6e626\"><div class=\"wp-block-group__inner-container is-layout-constrained wp-block-group-is-layout-constrained\">\n<div class=\"wp-block-columns is-layout-flex wp-container-core-columns-is-layout-28f84493 wp-block-columns-is-layout-flex\">\n<div class=\"wp-block-column is-layout-flow wp-block-column-is-layout-flow\">\n<h3 class=\"wp-block-heading has-background has-medium-font-size\" id=\"h-lieu-et-hebergement\" style=\"background-color:#86ab3e30\"><strong>\ud83d\udccd Lieu<\/strong> et h\u00e9bergement<\/h3>\n\n\n\n<p>Les ateliers se tiendront \u00e0  Va\u00efssac (82) \u00e0 30 km de Montauban.<\/p>\n\n\n\n<p><strong>H\u00e9bergement :<\/strong><\/p>\n\n\n\n<p>H\u00e9bergement possible sur place par nuit, avec petit d\u00e9jeuner.<\/p>\n\n\n\n<p>Tarif : 45 \u20ac\/ personne, 90 \u20ac pour 2 nuits (\u00e0 r\u00e8gler directement au logeur)<\/p>\n\n\n\n<p>Restauration \u00e0 proximit\u00e9, possibilit\u00e9 de cuisiner sur place (supermarch\u00e9 \u00e0 3 km)<\/p>\n\n\n\n<h3 class=\"wp-block-heading has-background has-medium-font-size\" id=\"h-prerequis\" style=\"background-color:#86ab3e30\"><strong>Pr\u00e9requis<\/strong><\/h3>\n\n\n\n<ul class=\"wp-block-list\">\n<li>Avoir et savoir utiliser Excel<\/li>\n\n\n\n<li>Savoir lire un plan<\/li>\n\n\n\n<li>Conna\u00eetre les termes thermiques du b\u00e2timent (U, R, Lambda)<\/li>\n\n\n\n<li>Distinguer mat\u00e9riaux de structure et mat\u00e9riaux d&rsquo;isolation<\/li>\n<\/ul>\n\n\n\n<p><\/p>\n<\/div>\n\n\n\n<div class=\"wp-block-column is-layout-flow wp-block-column-is-layout-flow\">\n<h3 class=\"wp-block-heading has-background has-medium-font-size\" id=\"h-organisation\" style=\"background-color:#86ab3e30\">Organisation<\/h3>\n\n\n\n<ul class=\"wp-block-list\">\n<li>Dur\u00e9e 2 jours<\/li>\n\n\n\n<li>Nombre max de stagiaires : 8<\/li>\n\n\n\n<li>Les pr\u00e9-requis : Avoir le logiciel Excel<\/li>\n<\/ul>\n\n\n\n<h3 class=\"wp-block-heading has-background has-medium-font-size\" id=\"h-tarif\" style=\"background-color:#86ab3e30\">Tarif<\/h3>\n\n\n\n<ul class=\"wp-block-list\">\n<li><strong>Tarif normal : 520 \u20ac<\/strong><\/li>\n\n\n\n<li>Tarif solidaire : 360 \u20ac (retrait\u00e9s, \u00e9taudiants, RSA, faibles revenus, sur justificatifs)<br><\/li>\n\n\n\n<li>Non finan\u00e7able<\/li>\n<\/ul>\n\n\n\n<p><em>Paiement en 3 fois sans frais possible via Klarna<\/em><\/p>\n\n\n\n<h3 class=\"wp-block-heading has-background has-medium-font-size\" id=\"h-dates-des-prochaines-sessions\" style=\"background-color:#86ab3e30\">Dates des prochaines sessions<\/h3>\n\n\n\n<ul class=\"wp-block-list\">\n<li><strong><strong>Samedi 2 et dimanche 3 mai 2026<\/strong><\/strong><\/li>\n\n\n\n<li><strong>Horaires :<\/strong> 8h30-12h00 \/ 13h30-17h30<\/li>\n<\/ul>\n\n\n\n<p><\/p>\n<\/div>\n<\/div>\n\n\n\n<div class=\"wp-block-buttons is-content-justification-center is-layout-flex wp-container-core-buttons-is-layout-a89b3969 wp-block-buttons-is-layout-flex\">\n<div class=\"wp-block-button\"><a class=\"wp-block-button__link wp-element-button\" href=\"https:\/\/airtable.com\/appe5mJ3IHMjUaCZH\/paguvx3BQ3d8nBZVK\/form\" target=\"_blank\" rel=\"noreferrer noopener\">Demander des renseignements<\/a><\/div>\n<\/div>\n\n\n\n<p class=\"has-text-align-center\"><\/p>\n\n\n\n<p class=\"has-text-align-center\">Tu peux <a href=\"https:\/\/airtable.com\/appe5mJ3IHMjUaCZH\/shrs1AyTlaWdJo8DM\" target=\"_blank\" rel=\"noreferrer noopener\">t\u2019inscrire \u00e0 notre alerte mail<\/a> si tu souhaites \u00eatre inform\u00e9\u00b7e des prochaines ouvertures.<\/p>\n<\/div><\/div>\n\n\n\n<hr class=\"wp-block-separator has-alpha-channel-opacity\"\/>\n\n\n<div class=\"wp-block-image\">\n<figure class=\"aligncenter size-full\"><img loading=\"lazy\" decoding=\"async\" width=\"960\" height=\"540\" src=\"https:\/\/fr.twiza.org\/portail\/wp-content\/uploads\/2026\/03\/Formation-PHPP-Bernard-Crozel-3.png\" alt=\"\" class=\"wp-image-14241\" srcset=\"https:\/\/fr.twiza.org\/portail\/wp-content\/uploads\/2026\/03\/Formation-PHPP-Bernard-Crozel-3.png 960w, https:\/\/fr.twiza.org\/portail\/wp-content\/uploads\/2026\/03\/Formation-PHPP-Bernard-Crozel-3-300x169.png 300w, https:\/\/fr.twiza.org\/portail\/wp-content\/uploads\/2026\/03\/Formation-PHPP-Bernard-Crozel-3-768x432.png 768w, https:\/\/fr.twiza.org\/portail\/wp-content\/uploads\/2026\/03\/Formation-PHPP-Bernard-Crozel-3-600x338.png 600w\" sizes=\"(max-width: 960px) 100vw, 960px\" \/><\/figure>\n<\/div>\n\n\n<h2 class=\"wp-block-heading\" id=\"h-la-particularite-d-une-formation-twiza\"><strong>\ud83d\udca1 La particularit\u00e9 d&rsquo;une formation Twiza<\/strong><\/h2>\n\n\n\n<h3 class=\"wp-block-heading\"><strong>Un espace pour TON projet<\/strong><\/h3>\n\n\n\n<p>Chez Twiza, on ne forme pas \u00e0 c\u00f4t\u00e9 des projets des stagiaires, on les int\u00e8gre.<br>Tu viens avec tes id\u00e9es, tes contraintes, tes envies : elles nourrissent le contenu, les \u00e9changes et le d\u00e9roul\u00e9 de la formation. <strong>\u00c0 l&rsquo;issue de la formation ton projet a r\u00e9ellement avanc\u00e9.<\/strong><\/p>\n\n\n\n<h3 class=\"wp-block-heading\"><strong>Une p\u00e9dagogie pens\u00e9e pour transmettre vraiment<\/strong><\/h3>\n\n\n\n<p>Pour Twiza, la p\u00e9dagogie n\u2019est pas une option : c\u2019est le c\u0153ur de notre engagement.<br>Chaque formateur ou formatrice b\u00e9n\u00e9ficie d\u2019un accompagnement personnalis\u00e9 pour construire des formations claires, accessibles et centr\u00e9es sur l\u2019exp\u00e9rience v\u00e9cue.<\/p>\n\n\n\n<p>Nous ne laissons pas les intervenants \u201cse d\u00e9brouiller\u201d avec un savoir-faire : nous les aidons \u00e0 le transmettre avec justesse.<br>Notre \u00e9quipe p\u00e9dagogique les accompagne pour structurer les contenus, favoriser l\u2019ancrage, et prendre en compte les diff\u00e9rents profils d\u2019apprentissage.<\/p>\n\n\n\n<blockquote class=\"wp-block-quote is-layout-flow wp-block-quote-is-layout-flow\">\n<p style=\"font-size:30px\"><em><strong>\u201c<\/strong>Parce qu\u2019il ne suffit pas d&rsquo;\u00eatre un bon technicien pour \u00eatre un bon formateur !\u201d<\/em><\/p>\n<\/blockquote>\n\n\n\n<h3 class=\"wp-block-heading\"><strong>Un cadre simple, humain et convivial<\/strong><\/h3>\n\n\n\n<p>On apprend \u00e0 son rythme, sans pression ni jargon, en petit groupe, dans une ambiance <strong>conviviale<\/strong>. On est aussi l\u00e0 pour passer un moment agr\u00e9able et <strong>rencontrer<\/strong> d&rsquo;autres personnes qui partagent nos valeurs et nos enjeux.<br><\/p>\n\n\n\n<h3 class=\"wp-block-heading\"><strong>Un r\u00e9seau engag\u00e9<\/strong><\/h3>\n\n\n\n<p>Twiza est une coop\u00e9rative d\u2019int\u00e9r\u00eat collectif, n\u00e9e pour d\u00e9fendre la transmission des savoir-faire, l\u2019autonomie et une construction plus responsable.<br>En te formant ici, tu fais un choix qui d\u00e9passe la technique : tu rejoins un r\u00e9seau d\u2019entraide.<\/p>\n\n\n\n<figure class=\"wp-block-image size-large\"><img loading=\"lazy\" decoding=\"async\" width=\"1024\" height=\"397\" src=\"https:\/\/fr.twiza.org\/portail\/wp-content\/uploads\/2025\/03\/RHE25-1024x397.jpeg\" alt=\"\" class=\"wp-image-12338\" srcset=\"https:\/\/fr.twiza.org\/portail\/wp-content\/uploads\/2025\/03\/RHE25-1024x397.jpeg 1024w, https:\/\/fr.twiza.org\/portail\/wp-content\/uploads\/2025\/03\/RHE25-600x233.jpeg 600w, https:\/\/fr.twiza.org\/portail\/wp-content\/uploads\/2025\/03\/RHE25-300x116.jpeg 300w, https:\/\/fr.twiza.org\/portail\/wp-content\/uploads\/2025\/03\/RHE25-768x298.jpeg 768w, https:\/\/fr.twiza.org\/portail\/wp-content\/uploads\/2025\/03\/RHE25-1536x595.jpeg 1536w, https:\/\/fr.twiza.org\/portail\/wp-content\/uploads\/2025\/03\/RHE25.jpeg 1920w\" sizes=\"(max-width: 1024px) 100vw, 1024px\" \/><\/figure>\n\n\n\n<div class=\"wp-block-buttons is-content-justification-center is-layout-flex wp-container-core-buttons-is-layout-a89b3969 wp-block-buttons-is-layout-flex\">\n<div class=\"wp-block-button\"><a class=\"wp-block-button__link wp-element-button\" href=\"https:\/\/airtable.com\/appe5mJ3IHMjUaCZH\/paguvx3BQ3d8nBZVK\/form\" target=\"_blank\" rel=\"noreferrer noopener\">Demander des renseignements<\/a><\/div>\n<\/div>\n\n\n\n<div style=\"height:100px\" aria-hidden=\"true\" class=\"wp-block-spacer\"><\/div>\n\n\n\n<h2 class=\"wp-block-heading\" id=\"h-questions-frequentes\"><strong>\u2753<\/strong> <strong>Questions fr\u00e9quentes<\/strong><\/h2>\n\n\n\n<p><strong>\ud83d\udd27 Faut-il d\u00e9j\u00e0 ma\u00eetriser le logiciel PHPP ?<\/strong><\/p>\n\n\n\n<p>Non. Tu d\u00e9couvriras le logiciel pendant l&rsquo;atelier, pas \u00e0 pas. En revanche, il est important d&rsquo;avoir quelques bases en thermique du b\u00e2timent (les termes U, R, Lambda doivent te parler) et de savoir utiliser Excel.<\/p>\n\n\n\n<p><strong>\ud83d\udcbb Dois-je apporter mon ordinateur ?<\/strong><\/p>\n\n\n\n<p>Oui, il sera n\u00e9cessaire que tu puisses utiliser ton ordinateur pour \u00e9voluer dans le logiciel, qui te sera fourni, faire tes simulations et conserver ton travail<\/p>\n\n\n\n<p><strong>ATTENTION <\/strong>: Il faut poss\u00e9der EXCEL 97 ou versions plus r\u00e9centes. Les tableurs Open office ou Libre office ne cha\u00eenent pas les pages correctement<\/p>\n\n\n\n<p><strong>\ud83d\udcb0 Peut-on faire financer cet atelier ?<\/strong><\/p>\n\n\n\n<p>\u00c0 ce stade, l&rsquo;atelier n&rsquo;est pas finan\u00e7able via CPF ou OPCO. Mais le tarif reste accessible et l&rsquo;investissement est vite rentabilis\u00e9 : tu pourras ensuite concevoir ou challenger des projets sans d\u00e9pendre d&rsquo;un bureau d&rsquo;\u00e9tudes.<\/p>\n\n\n\n<p><strong>\ud83c\udfe0 Je peux appliquer ce que j&rsquo;apprends \u00e0 mon propre projet ?<\/strong><\/p>\n\n\n\n<p>Absolument. C&rsquo;est m\u00eame l&rsquo;objectif. l&rsquo;atelier s&rsquo;appuie sur des cas concrets, et tu repartiras avec la m\u00e9thode pour passer ton propre projet \u00ab\u00a0\u00e0 la moulinette\u00a0\u00bb du PHPP.<\/p>\n\n\n\n<p><strong>\ud83d\udcd0 cet atelier remplace-t-elle une \u00e9tude thermique officielle ?<\/strong><\/p>\n\n\n\n<p id=\"h-\">Non. Le PHPP est un outil d&rsquo;aide \u00e0 la conception, pas un document r\u00e9glementaire. Mais il te permettra de dimensionner ton projet avec rigueur, d&rsquo;optimiser tes choix en amont, et de dialoguer en position de force avec les professionnels.<\/p>\n\n\n\n<h2 class=\"wp-block-heading\" id=\"h-nbsp\">&nbsp;<\/h2>\n\n\n\n<p><strong><a href=\"https:\/\/airtable.com\/appe5mJ3IHMjUaCZH\/shrs1AyTlaWdJo8DM\" target=\"_blank\" rel=\"noreferrer noopener\">Demander des renseignements<\/a><\/strong><\/p>\n\n\n\n<p id=\"h-\"><em>Tu as des questions ? Une h\u00e9sitation ? Besoin de parler de ton projet avant de t&rsquo;inscrire ?<br><\/em> Contacte-nous : 06 80 36 57 35<br><em>Formation organis\u00e9e par <\/em><strong><em>Twiza<\/em><\/strong><em>, coop\u00e9rative d&rsquo;int\u00e9r\u00eat collectif pour la transmission des savoir-faire en \u00e9coconstruction.<\/em><\/p>\n\n\n\n<hr class=\"wp-block-separator has-alpha-channel-opacity\"\/>\n\n\n\n<div class=\"wp-block-buttons is-content-justification-center is-layout-flex wp-container-core-buttons-is-layout-a89b3969 wp-block-buttons-is-layout-flex\">\n<div class=\"wp-block-button\"><a class=\"wp-block-button__link wp-element-button\" href=\"https:\/\/airtable.com\/appe5mJ3IHMjUaCZH\/paguvx3BQ3d8nBZVK\/form\" target=\"_blank\" rel=\"noreferrer noopener\">En savoir plus<\/a><\/div>\n<\/div>\n\n\n\n<div style=\"height:220px\" aria-hidden=\"true\" class=\"wp-block-spacer\"><\/div>\n\n\n\n<p><\/p>\n\n\n\n<p><\/p>\n","protected":false},"excerpt":{"rendered":"<p>Et si tu arr\u00eatais de concevoir \u00e0 l&rsquo;aveugle ? \ud83d\udcc5Samedi 2 et dimanche 3 mai 2026\ud83d\udccd\u00e0 Va\u00efssac (82)\ud83d\udc65 8 participant\u00b7es maximum Deux jours pour ma\u00eetriser l&rsquo;outil de r\u00e9f\u00e9rence mondiale du b\u00e2timent passif et reprendre le contr\u00f4le sur la performance \u00e9nerg\u00e9tique de tes projets. Tu veux concevoir un ou plusieurs b\u00e2timents [&hellip;]<\/p>\n","protected":false},"author":22,"featured_media":14239,"parent":12516,"menu_order":0,"comment_status":"closed","ping_status":"closed","template":"","meta":{"_eb_attr":"","_themeisle_gutenberg_block_has_review":false,"footnotes":""},"class_list":["post-14100","page","type-page","status-publish","has-post-thumbnail","hentry"],"yoast_head":"<!-- This site is optimized with the Yoast SEO Premium plugin v27.5 (Yoast SEO v27.5) - https:\/\/yoast.com\/product\/yoast-seo-premium-wordpress\/ -->\n<title>Logiciel PHPP : aide \u00e0 la conception \u00e9nerg\u00e9tique d&#039;un b\u00e2timent<\/title>\n<meta name=\"robots\" content=\"index, follow, max-snippet:-1, max-image-preview:large, max-video-preview:-1\" \/>\n<link rel=\"canonical\" href=\"https:\/\/fr.twiza.org\/portail\/formations-twiza\/logiciel-phpp\/\" \/>\n<meta property=\"og:locale\" content=\"fr_FR\" \/>\n<meta property=\"og:type\" content=\"article\" \/>\n<meta property=\"og:title\" content=\"Logiciel PHPP : aide \u00e0 la conception \u00e9nerg\u00e9tique d&#039;un b\u00e2timent\" \/>\n<meta property=\"og:description\" content=\"Et si tu arr\u00eatais de concevoir \u00e0 l&rsquo;aveugle ? \ud83d\udcc5Samedi 2 et dimanche 3 mai 2026\ud83d\udccd\u00e0 Va\u00efssac (82)\ud83d\udc65 8 participant\u00b7es maximum Deux jours pour ma\u00eetriser l&rsquo;outil de r\u00e9f\u00e9rence mondiale du b\u00e2timent passif et reprendre le contr\u00f4le sur la performance \u00e9nerg\u00e9tique de tes projets. Tu veux concevoir un ou plusieurs b\u00e2timents [&hellip;]\" \/>\n<meta property=\"og:url\" content=\"https:\/\/fr.twiza.org\/portail\/formations-twiza\/logiciel-phpp\/\" \/>\n<meta property=\"og:site_name\" content=\"R\u00e9seau Twiza\" \/>\n<meta property=\"article:publisher\" content=\"https:\/\/fr-fr.facebook.com\/Twiza.fr\/\" \/>\n<meta property=\"article:modified_time\" content=\"2026-04-09T07:43:35+00:00\" \/>\n<meta property=\"og:image\" content=\"https:\/\/fr.twiza.org\/portail\/wp-content\/uploads\/2026\/03\/Formation-PHPP-Bernard-Crozel-1.png\" \/>\n\t<meta property=\"og:image:width\" content=\"960\" \/>\n\t<meta property=\"og:image:height\" content=\"540\" \/>\n\t<meta property=\"og:image:type\" content=\"image\/png\" \/>\n<meta name=\"twitter:card\" content=\"summary_large_image\" \/>\n<script type=\"application\/ld+json\" class=\"yoast-schema-graph\">{\"@context\":\"https:\\\/\\\/schema.org\",\"@graph\":[{\"@type\":\"WebPage\",\"@id\":\"https:\\\/\\\/fr.twiza.org\\\/portail\\\/formations-twiza\\\/logiciel-phpp\\\/\",\"url\":\"https:\\\/\\\/fr.twiza.org\\\/portail\\\/formations-twiza\\\/logiciel-phpp\\\/\",\"name\":\"Logiciel PHPP : aide \u00e0 la conception \u00e9nerg\u00e9tique d'un b\u00e2timent\",\"isPartOf\":{\"@id\":\"https:\\\/\\\/fr.twiza.org\\\/portail\\\/#website\"},\"primaryImageOfPage\":{\"@id\":\"https:\\\/\\\/fr.twiza.org\\\/portail\\\/formations-twiza\\\/logiciel-phpp\\\/#primaryimage\"},\"image\":{\"@id\":\"https:\\\/\\\/fr.twiza.org\\\/portail\\\/formations-twiza\\\/logiciel-phpp\\\/#primaryimage\"},\"thumbnailUrl\":\"https:\\\/\\\/fr.twiza.org\\\/portail\\\/wp-content\\\/uploads\\\/2026\\\/03\\\/Formation-PHPP-Bernard-Crozel-1.png\",\"datePublished\":\"2026-03-05T16:58:33+00:00\",\"dateModified\":\"2026-04-09T07:43:35+00:00\",\"breadcrumb\":{\"@id\":\"https:\\\/\\\/fr.twiza.org\\\/portail\\\/formations-twiza\\\/logiciel-phpp\\\/#breadcrumb\"},\"inLanguage\":\"fr-FR\",\"potentialAction\":[{\"@type\":\"ReadAction\",\"target\":[\"https:\\\/\\\/fr.twiza.org\\\/portail\\\/formations-twiza\\\/logiciel-phpp\\\/\"]}]},{\"@type\":\"ImageObject\",\"inLanguage\":\"fr-FR\",\"@id\":\"https:\\\/\\\/fr.twiza.org\\\/portail\\\/formations-twiza\\\/logiciel-phpp\\\/#primaryimage\",\"url\":\"https:\\\/\\\/fr.twiza.org\\\/portail\\\/wp-content\\\/uploads\\\/2026\\\/03\\\/Formation-PHPP-Bernard-Crozel-1.png\",\"contentUrl\":\"https:\\\/\\\/fr.twiza.org\\\/portail\\\/wp-content\\\/uploads\\\/2026\\\/03\\\/Formation-PHPP-Bernard-Crozel-1.png\",\"width\":960,\"height\":540},{\"@type\":\"BreadcrumbList\",\"@id\":\"https:\\\/\\\/fr.twiza.org\\\/portail\\\/formations-twiza\\\/logiciel-phpp\\\/#breadcrumb\",\"itemListElement\":[{\"@type\":\"ListItem\",\"position\":1,\"name\":\"Accueil\",\"item\":\"https:\\\/\\\/fr.twiza.org\\\/portail\\\/\"},{\"@type\":\"ListItem\",\"position\":2,\"name\":\"Les Formations Sign\u00e9es Twiza Arrivent en Force\",\"item\":\"https:\\\/\\\/fr.twiza.org\\\/portail\\\/formations-twiza\\\/\"},{\"@type\":\"ListItem\",\"position\":3,\"name\":\"Logiciel PHPP : aide \u00e0 la conception \u00e9nerg\u00e9tique d&rsquo;un b\u00e2timent\"}]},{\"@type\":\"WebSite\",\"@id\":\"https:\\\/\\\/fr.twiza.org\\\/portail\\\/#website\",\"url\":\"https:\\\/\\\/fr.twiza.org\\\/portail\\\/\",\"name\":\"R\u00e9seau Twiza\",\"description\":\"Entraide pour un habitat \u00e9cologique, convivial et r\u00e9silient\",\"publisher\":{\"@id\":\"https:\\\/\\\/fr.twiza.org\\\/portail\\\/#organization\"},\"potentialAction\":[{\"@type\":\"SearchAction\",\"target\":{\"@type\":\"EntryPoint\",\"urlTemplate\":\"https:\\\/\\\/fr.twiza.org\\\/portail\\\/?s={search_term_string}\"},\"query-input\":{\"@type\":\"PropertyValueSpecification\",\"valueRequired\":true,\"valueName\":\"search_term_string\"}}],\"inLanguage\":\"fr-FR\"},{\"@type\":\"Organization\",\"@id\":\"https:\\\/\\\/fr.twiza.org\\\/portail\\\/#organization\",\"name\":\"R\u00e9seau Twiza\",\"url\":\"https:\\\/\\\/fr.twiza.org\\\/portail\\\/\",\"logo\":{\"@type\":\"ImageObject\",\"inLanguage\":\"fr-FR\",\"@id\":\"https:\\\/\\\/fr.twiza.org\\\/portail\\\/#\\\/schema\\\/logo\\\/image\\\/\",\"url\":\"https:\\\/\\\/fr.twiza.org\\\/portail\\\/wp-content\\\/uploads\\\/2021\\\/05\\\/cropped-logo-reseau-twiza.jpg\",\"contentUrl\":\"https:\\\/\\\/fr.twiza.org\\\/portail\\\/wp-content\\\/uploads\\\/2021\\\/05\\\/cropped-logo-reseau-twiza.jpg\",\"width\":400,\"height\":102,\"caption\":\"R\u00e9seau Twiza\"},\"image\":{\"@id\":\"https:\\\/\\\/fr.twiza.org\\\/portail\\\/#\\\/schema\\\/logo\\\/image\\\/\"},\"sameAs\":[\"https:\\\/\\\/fr-fr.facebook.com\\\/Twiza.fr\\\/\",\"https:\\\/\\\/www.instagram.com\\\/twiza_fr\\\/\",\"https:\\\/\\\/www.linkedin.com\\\/company\\\/reseautwiza\\\/\"]}]}<\/script>\n<!-- \/ Yoast SEO Premium plugin. -->","yoast_head_json":{"title":"Logiciel PHPP : aide \u00e0 la conception \u00e9nerg\u00e9tique d'un b\u00e2timent","robots":{"index":"index","follow":"follow","max-snippet":"max-snippet:-1","max-image-preview":"max-image-preview:large","max-video-preview":"max-video-preview:-1"},"canonical":"https:\/\/fr.twiza.org\/portail\/formations-twiza\/logiciel-phpp\/","og_locale":"fr_FR","og_type":"article","og_title":"Logiciel PHPP : aide \u00e0 la conception \u00e9nerg\u00e9tique d'un b\u00e2timent","og_description":"Et si tu arr\u00eatais de concevoir \u00e0 l&rsquo;aveugle ? \ud83d\udcc5Samedi 2 et dimanche 3 mai 2026\ud83d\udccd\u00e0 Va\u00efssac (82)\ud83d\udc65 8 participant\u00b7es maximum Deux jours pour ma\u00eetriser l&rsquo;outil de r\u00e9f\u00e9rence mondiale du b\u00e2timent passif et reprendre le contr\u00f4le sur la performance \u00e9nerg\u00e9tique de tes projets. Tu veux concevoir un ou plusieurs b\u00e2timents [&hellip;]","og_url":"https:\/\/fr.twiza.org\/portail\/formations-twiza\/logiciel-phpp\/","og_site_name":"R\u00e9seau Twiza","article_publisher":"https:\/\/fr-fr.facebook.com\/Twiza.fr\/","article_modified_time":"2026-04-09T07:43:35+00:00","og_image":[{"width":960,"height":540,"url":"https:\/\/fr.twiza.org\/portail\/wp-content\/uploads\/2026\/03\/Formation-PHPP-Bernard-Crozel-1.png","type":"image\/png"}],"twitter_card":"summary_large_image","schema":{"@context":"https:\/\/schema.org","@graph":[{"@type":"WebPage","@id":"https:\/\/fr.twiza.org\/portail\/formations-twiza\/logiciel-phpp\/","url":"https:\/\/fr.twiza.org\/portail\/formations-twiza\/logiciel-phpp\/","name":"Logiciel PHPP : aide \u00e0 la conception \u00e9nerg\u00e9tique d'un b\u00e2timent","isPartOf":{"@id":"https:\/\/fr.twiza.org\/portail\/#website"},"primaryImageOfPage":{"@id":"https:\/\/fr.twiza.org\/portail\/formations-twiza\/logiciel-phpp\/#primaryimage"},"image":{"@id":"https:\/\/fr.twiza.org\/portail\/formations-twiza\/logiciel-phpp\/#primaryimage"},"thumbnailUrl":"https:\/\/fr.twiza.org\/portail\/wp-content\/uploads\/2026\/03\/Formation-PHPP-Bernard-Crozel-1.png","datePublished":"2026-03-05T16:58:33+00:00","dateModified":"2026-04-09T07:43:35+00:00","breadcrumb":{"@id":"https:\/\/fr.twiza.org\/portail\/formations-twiza\/logiciel-phpp\/#breadcrumb"},"inLanguage":"fr-FR","potentialAction":[{"@type":"ReadAction","target":["https:\/\/fr.twiza.org\/portail\/formations-twiza\/logiciel-phpp\/"]}]},{"@type":"ImageObject","inLanguage":"fr-FR","@id":"https:\/\/fr.twiza.org\/portail\/formations-twiza\/logiciel-phpp\/#primaryimage","url":"https:\/\/fr.twiza.org\/portail\/wp-content\/uploads\/2026\/03\/Formation-PHPP-Bernard-Crozel-1.png","contentUrl":"https:\/\/fr.twiza.org\/portail\/wp-content\/uploads\/2026\/03\/Formation-PHPP-Bernard-Crozel-1.png","width":960,"height":540},{"@type":"BreadcrumbList","@id":"https:\/\/fr.twiza.org\/portail\/formations-twiza\/logiciel-phpp\/#breadcrumb","itemListElement":[{"@type":"ListItem","position":1,"name":"Accueil","item":"https:\/\/fr.twiza.org\/portail\/"},{"@type":"ListItem","position":2,"name":"Les Formations Sign\u00e9es Twiza Arrivent en Force","item":"https:\/\/fr.twiza.org\/portail\/formations-twiza\/"},{"@type":"ListItem","position":3,"name":"Logiciel PHPP : aide \u00e0 la conception \u00e9nerg\u00e9tique d&rsquo;un b\u00e2timent"}]},{"@type":"WebSite","@id":"https:\/\/fr.twiza.org\/portail\/#website","url":"https:\/\/fr.twiza.org\/portail\/","name":"R\u00e9seau Twiza","description":"Entraide pour un habitat \u00e9cologique, convivial et r\u00e9silient","publisher":{"@id":"https:\/\/fr.twiza.org\/portail\/#organization"},"potentialAction":[{"@type":"SearchAction","target":{"@type":"EntryPoint","urlTemplate":"https:\/\/fr.twiza.org\/portail\/?s={search_term_string}"},"query-input":{"@type":"PropertyValueSpecification","valueRequired":true,"valueName":"search_term_string"}}],"inLanguage":"fr-FR"},{"@type":"Organization","@id":"https:\/\/fr.twiza.org\/portail\/#organization","name":"R\u00e9seau Twiza","url":"https:\/\/fr.twiza.org\/portail\/","logo":{"@type":"ImageObject","inLanguage":"fr-FR","@id":"https:\/\/fr.twiza.org\/portail\/#\/schema\/logo\/image\/","url":"https:\/\/fr.twiza.org\/portail\/wp-content\/uploads\/2021\/05\/cropped-logo-reseau-twiza.jpg","contentUrl":"https:\/\/fr.twiza.org\/portail\/wp-content\/uploads\/2021\/05\/cropped-logo-reseau-twiza.jpg","width":400,"height":102,"caption":"R\u00e9seau Twiza"},"image":{"@id":"https:\/\/fr.twiza.org\/portail\/#\/schema\/logo\/image\/"},"sameAs":["https:\/\/fr-fr.facebook.com\/Twiza.fr\/","https:\/\/www.instagram.com\/twiza_fr\/","https:\/\/www.linkedin.com\/company\/reseautwiza\/"]}]}},"jetpack_sharing_enabled":true,"_links":{"self":[{"href":"https:\/\/fr.twiza.org\/portail\/wp-json\/wp\/v2\/pages\/14100","targetHints":{"allow":["GET"]}}],"collection":[{"href":"https:\/\/fr.twiza.org\/portail\/wp-json\/wp\/v2\/pages"}],"about":[{"href":"https:\/\/fr.twiza.org\/portail\/wp-json\/wp\/v2\/types\/page"}],"author":[{"embeddable":true,"href":"https:\/\/fr.twiza.org\/portail\/wp-json\/wp\/v2\/users\/22"}],"replies":[{"embeddable":true,"href":"https:\/\/fr.twiza.org\/portail\/wp-json\/wp\/v2\/comments?post=14100"}],"version-history":[{"count":15,"href":"https:\/\/fr.twiza.org\/portail\/wp-json\/wp\/v2\/pages\/14100\/revisions"}],"predecessor-version":[{"id":14294,"href":"https:\/\/fr.twiza.org\/portail\/wp-json\/wp\/v2\/pages\/14100\/revisions\/14294"}],"up":[{"embeddable":true,"href":"https:\/\/fr.twiza.org\/portail\/wp-json\/wp\/v2\/pages\/12516"}],"wp:featuredmedia":[{"embeddable":true,"href":"https:\/\/fr.twiza.org\/portail\/wp-json\/wp\/v2\/media\/14239"}],"wp:attachment":[{"href":"https:\/\/fr.twiza.org\/portail\/wp-json\/wp\/v2\/media?parent=14100"}],"curies":[{"name":"wp","href":"https:\/\/api.w.org\/{rel}","templated":true}]}}