{"id":1852,"date":"2021-05-27T15:53:35","date_gmt":"2021-05-27T13:53:35","guid":{"rendered":"https:\/\/fr.twiza.org\/portail\/?page_id=1852"},"modified":"2026-03-25T08:00:42","modified_gmt":"2026-03-25T07:00:42","slug":"lequipe","status":"publish","type":"page","link":"https:\/\/fr.twiza.org\/portail\/lequipe\/","title":{"rendered":"L&rsquo;\u00e9quipe"},"content":{"rendered":"\n<h2 class=\"wp-block-heading\" id=\"salaries\">Les salari\u00e9s<\/h2>\n\n\n\n<p>Gr\u00e2ce au succ\u00e8s du projet et \u00e0 l\u2019ampleur qu\u2019il a pris, Twiza a pu accueillir en son sein plusieurs salari\u00e9s. Ils ont pour mission l\u2019<strong>animation<\/strong>&nbsp;de la communaut\u00e9, le&nbsp;<strong>d\u00e9veloppement<\/strong>&nbsp;et la&nbsp;<strong>mise en \u0153uvre<\/strong>&nbsp;des diff\u00e9rents services et outils propos\u00e9s, ainsi que la&nbsp;<strong>p\u00e9rennisation<\/strong>&nbsp;du projet.<\/p>\n\n\n\n<div style=\"height:31px\" aria-hidden=\"true\" class=\"wp-block-spacer\"><\/div>\n\n\n\n<div class=\"wp-block-columns are-vertically-aligned-top is-layout-flex wp-container-core-columns-is-layout-28f84493 wp-block-columns-is-layout-flex\">\n<div class=\"wp-block-column is-layout-flow wp-block-column-is-layout-flow\" style=\"flex-basis:100%\">\n<div class=\"wp-block-columns are-vertically-aligned-top tableau-equipe is-layout-flex wp-container-core-columns-is-layout-28f84493 wp-block-columns-is-layout-flex\">\n<div class=\"wp-block-column is-vertically-aligned-top is-layout-flow wp-block-column-is-layout-flow\" style=\"flex-basis:270px\">\n<h3 class=\"wp-block-heading alignwide has-text-align-center\">C\u00e9dric AVRAMOGLOU<\/h3>\n\n\n<div class=\"wp-block-image is-style-rounded\">\n<figure class=\"alignleft size-full\"><img fetchpriority=\"high\" decoding=\"async\" width=\"267\" height=\"257\" src=\"https:\/\/fr.twiza.org\/portail\/wp-content\/uploads\/2021\/12\/Ce\u0301dric-DANIEL-AVRAMOGLOU-edited-2.jpg\" alt=\"C\u00e9dric, \u00e9quipe Twiza\" class=\"wp-image-3273\"\/><figcaption class=\"wp-element-caption\"><meta charset=\"utf-8\">\u00c0 l&rsquo;initiative du r\u00e9seau Twiza, proactif et engag\u00e9, chef d\u2019orchestre de l\u2019\u00e9quipe actuelle. C\u00e9dric est passionn\u00e9 par l\u2019\u00e9co-construction mais aussi par l\u2019humain et ses capacit\u00e9s \u00e0 faire soci\u00e9t\u00e9 de fa\u00e7on p\u00e9renne. Entrepreneur dans l\u2019\u00e2me, il s\u2019applique depuis plusieurs ann\u00e9es d\u00e9j\u00e0 \u00e0 f\u00e9d\u00e9rer autour du projet Twiza. Actuellement, il porte une attention particuli\u00e8re \u00e0 l\u2019\u00e9mergence des R\u00e9seaux locaux et \u00e0 la d\u00e9centralisation de notre organisation interne.<\/figcaption><\/figure>\n<\/div><\/div>\n\n\n\n<div class=\"wp-block-column is-vertically-aligned-top is-layout-flow wp-block-column-is-layout-flow\" style=\"flex-basis:270px\">\n<h3 class=\"wp-block-heading has-text-align-center\" id=\"h-odile-monseu\">Odile MONSEU <\/h3>\n\n\n<div class=\"wp-block-image is-style-rounded\">\n<figure class=\"alignleft size-thumbnail\"><img decoding=\"async\" width=\"234\" height=\"234\" src=\"https:\/\/fr.twiza.org\/portail\/wp-content\/uploads\/2025\/11\/Photo-Odile-234x234.png\" alt=\"\" class=\"wp-image-13822\" srcset=\"https:\/\/fr.twiza.org\/portail\/wp-content\/uploads\/2025\/11\/Photo-Odile-234x234.png 234w, https:\/\/fr.twiza.org\/portail\/wp-content\/uploads\/2025\/11\/Photo-Odile-460x460.png 460w, https:\/\/fr.twiza.org\/portail\/wp-content\/uploads\/2025\/11\/Photo-Odile-230x230.png 230w, https:\/\/fr.twiza.org\/portail\/wp-content\/uploads\/2025\/11\/Photo-Odile-160x160.png 160w, https:\/\/fr.twiza.org\/portail\/wp-content\/uploads\/2025\/11\/Photo-Odile-50x50.png 50w\" sizes=\"(max-width: 234px) 100vw, 234px\" \/><figcaption class=\"wp-element-caption\"><meta charset=\"utf-8\">Apr\u00e8s une formation en arts plastiques et en histoire de l\u2019art, Odile a travaill\u00e9 pour la m\u00e9diation culturelle de la cath\u00e9drale de Lyon. Apr\u00e8s plusieurs chantiers participatifs comme b\u00e9n\u00e9vole, elle a b\u00e2ti sa maison GREB au pied du Vercors et accueilli des centaines de Twizeurs tout au long de son projet. Elle anime aujourd&rsquo;hui le r\u00e9seau Twiza et accompagne les ma\u00eetres\u2022ses d&rsquo;ouvrage dans la d\u00e9finition et la r\u00e9alisation de leur projets.<\/figcaption><\/figure>\n<\/div><\/div>\n\n\n\n<div class=\"wp-block-column is-vertically-aligned-top is-layout-flow wp-block-column-is-layout-flow\" style=\"flex-basis:270px\">\n<h3 class=\"wp-block-heading has-text-align-center\" id=\"h-celine-baraldi\">C\u00e9line BARALDI<\/h3>\n\n\n<div class=\"wp-block-image is-style-rounded\">\n<figure class=\"alignleft size-full\"><img decoding=\"async\" width=\"1024\" height=\"1016\" src=\"https:\/\/fr.twiza.org\/portail\/wp-content\/uploads\/2024\/04\/WhatsApp-Image-2024-04-25-at-13.02.59.jpeg\" alt=\"\" class=\"wp-image-10555\" srcset=\"https:\/\/fr.twiza.org\/portail\/wp-content\/uploads\/2024\/04\/WhatsApp-Image-2024-04-25-at-13.02.59.jpeg 1024w, https:\/\/fr.twiza.org\/portail\/wp-content\/uploads\/2024\/04\/WhatsApp-Image-2024-04-25-at-13.02.59-160x160.jpeg 160w, https:\/\/fr.twiza.org\/portail\/wp-content\/uploads\/2024\/04\/WhatsApp-Image-2024-04-25-at-13.02.59-600x595.jpeg 600w, https:\/\/fr.twiza.org\/portail\/wp-content\/uploads\/2024\/04\/WhatsApp-Image-2024-04-25-at-13.02.59-300x298.jpeg 300w, https:\/\/fr.twiza.org\/portail\/wp-content\/uploads\/2024\/04\/WhatsApp-Image-2024-04-25-at-13.02.59-768x762.jpeg 768w\" sizes=\"(max-width: 1024px) 100vw, 1024px\" \/><figcaption class=\"wp-element-caption\">&nbsp;Engag\u00e9e premi\u00e8rement dans une entreprise coop\u00e9rative d&rsquo;agriculture biologique et durable, C\u00e9line continue cette relation avec le vivant \u00e0 travers&nbsp;l&rsquo;\u00e9ducation. Elle est convaincue de l&rsquo;importance de la nature profonde de chaque humain. \u00ab\u00a0Entrer chez TWIZA, c&rsquo;est explorer de nouvelles pratiques organisationnelles, comme l&rsquo;auto-gouvernance et la pl\u00e9nitude\u00a0\u00bb. Elle nous accompagne sur l&rsquo;administration et la compta, afin de nous aider \u00e0 faire tourner cette belle machine.<\/figcaption><\/figure>\n<\/div><\/div>\n\n\n\n<div class=\"wp-block-column is-layout-flow wp-block-column-is-layout-flow\"><\/div>\n<\/div>\n<\/div>\n<\/div>\n\n\n\n<div class=\"wp-block-columns is-layout-flex wp-container-core-columns-is-layout-28f84493 wp-block-columns-is-layout-flex\">\n<div class=\"wp-block-column is-layout-flow wp-block-column-is-layout-flow\" style=\"flex-basis:100%\">\n<div class=\"wp-block-columns are-vertically-aligned-top is-layout-flex wp-container-core-columns-is-layout-28f84493 wp-block-columns-is-layout-flex\">\n<div class=\"wp-block-column is-vertically-aligned-top is-layout-flow wp-block-column-is-layout-flow\" style=\"flex-basis:270px\">\n<h3 class=\"wp-block-heading has-text-align-center\"><strong>Olivier BARALDI<\/strong><\/h3>\n\n\n<div class=\"wp-block-image is-style-rounded\">\n<figure class=\"alignleft size-full\"><img loading=\"lazy\" decoding=\"async\" width=\"267\" height=\"266\" src=\"https:\/\/fr.twiza.org\/portail\/wp-content\/uploads\/2021\/12\/Olivier-BARALDI-edited.jpg\" alt=\"Olivier, \u00e9quipe Twiza\" class=\"wp-image-3278\" srcset=\"https:\/\/fr.twiza.org\/portail\/wp-content\/uploads\/2021\/12\/Olivier-BARALDI-edited.jpg 267w, https:\/\/fr.twiza.org\/portail\/wp-content\/uploads\/2021\/12\/Olivier-BARALDI-edited-230x230.jpg 230w, https:\/\/fr.twiza.org\/portail\/wp-content\/uploads\/2021\/12\/Olivier-BARALDI-edited-160x160.jpg 160w, https:\/\/fr.twiza.org\/portail\/wp-content\/uploads\/2021\/12\/Olivier-BARALDI-edited-234x234.jpg 234w\" sizes=\"(max-width: 267px) 100vw, 267px\" \/><figcaption class=\"wp-element-caption\">Apr\u00e8s avoir parcouru le monde dans l&rsquo;industrie \u00e9lectronique, il s&rsquo;est ensuite forg\u00e9 une expertise dans le secteur des menuiseries pour \u00ab\u00a0promouvoir des emplois non d\u00e9localisables\u00a0\u00bb dit-il clairement. Il est maintenant responsable de l&rsquo;offre de menuiseries qu&rsquo;il a largement particip\u00e9 \u00e0 faire \u00e9merger. Apr\u00e8s avoir sillonn\u00e9 la France dans son bus am\u00e9nag\u00e9 avec C\u00e9line et sa famille, il s&rsquo;est r\u00e9install\u00e9 en Is\u00e8re, sa terre d&rsquo;origine, depuis laquelle il accompagne des projets d&rsquo;un peu partout. Profond\u00e9ment int\u00e8gre, bienveillant et g\u00e9n\u00e9reux en conseils, il accompagne les porteurs de projet avec douceur et empathie.<\/figcaption><\/figure>\n<\/div><\/div>\n\n\n\n<div class=\"wp-block-column is-vertically-aligned-top is-layout-flow wp-block-column-is-layout-flow\" style=\"flex-basis:270px\">\n<h3 class=\"wp-block-heading has-text-align-center\"><strong>Th\u00e9o SOLA\u00cf<\/strong><\/h3>\n\n\n<div class=\"wp-block-image is-style-rounded\">\n<figure class=\"alignleft size-full\"><img loading=\"lazy\" decoding=\"async\" width=\"381\" height=\"387\" src=\"https:\/\/fr.twiza.org\/portail\/wp-content\/uploads\/2023\/07\/269914429_4211262212307951_2275155795054914612_n-3.png\" alt=\"\" class=\"wp-image-8986\" srcset=\"https:\/\/fr.twiza.org\/portail\/wp-content\/uploads\/2023\/07\/269914429_4211262212307951_2275155795054914612_n-3.png 381w, https:\/\/fr.twiza.org\/portail\/wp-content\/uploads\/2023\/07\/269914429_4211262212307951_2275155795054914612_n-3-295x300.png 295w\" sizes=\"(max-width: 381px) 100vw, 381px\" \/><figcaption class=\"wp-element-caption\">Th\u00e9o est issu d&rsquo;une greffe singuli\u00e8re entre le milieu des lettres, des sciences de l&rsquo;information et de la communication et celui du marketing. Une double comp\u00e9tence qu&rsquo;il a toujours mise au service de causes d&rsquo;utilit\u00e9 sociale. Il est aussi sp\u00e9cialis\u00e9 en gamification. Apr\u00e8s une premi\u00e8re exp\u00e9rience en conseil aupr\u00e8s d&rsquo;associations et d&rsquo;entreprises l&rsquo;\u00e9conomie sociale et solidaire, mais aussi un investissement b\u00e9n\u00e9vole et militant, il s&rsquo;occupe de la production de contenu r\u00e9dactionnel, de la communication num\u00e9rique et de la coordination du r\u00e9seau. <br><br><\/figcaption><\/figure>\n<\/div><\/div>\n\n\n\n<div class=\"wp-block-column is-layout-flow wp-block-column-is-layout-flow\">\n<h3 class=\"wp-block-heading has-text-align-left\" id=\"h-gautier-assume\"><strong>Gautier ASSUME<\/strong><\/h3>\n\n\n<div class=\"wp-block-image is-style-rounded\">\n<figure class=\"alignleft size-thumbnail\"><img loading=\"lazy\" decoding=\"async\" width=\"234\" height=\"234\" src=\"https:\/\/fr.twiza.org\/portail\/wp-content\/uploads\/2025\/11\/Gautier-StAupre-1-234x234.jpg\" alt=\"\" class=\"wp-image-13823\" srcset=\"https:\/\/fr.twiza.org\/portail\/wp-content\/uploads\/2025\/11\/Gautier-StAupre-1-234x234.jpg 234w, https:\/\/fr.twiza.org\/portail\/wp-content\/uploads\/2025\/11\/Gautier-StAupre-1-460x460.jpg 460w, https:\/\/fr.twiza.org\/portail\/wp-content\/uploads\/2025\/11\/Gautier-StAupre-1-230x230.jpg 230w, https:\/\/fr.twiza.org\/portail\/wp-content\/uploads\/2025\/11\/Gautier-StAupre-1-160x160.jpg 160w, https:\/\/fr.twiza.org\/portail\/wp-content\/uploads\/2025\/11\/Gautier-StAupre-1-50x50.jpg 50w\" sizes=\"(max-width: 234px) 100vw, 234px\" \/><figcaption class=\"wp-element-caption\">Si certains connaissent Gautier, c&rsquo;est qu&rsquo;il anime avec passion, humour et po\u00e9sie le blog Faisons-le-Mur depuis plusieurs ann\u00e9es. Apr\u00e8s un parcours singulier, jalonn\u00e9 d&rsquo;aventure, il met son humour et sa p\u00e9dagogie afin de promouvoir la \u00ab\u00a0ma\u00e7onnerie douce\u00a0\u00bb. Fort de cette exp\u00e9rience, il a rejoint l&rsquo;\u00e9quipe pour coordonner et animer le P\u00f4le Formation du R\u00e9seau Twiza. Conception, ing\u00e9nierie p\u00e9dagogique et promotion de notre catalogue de formation :  si tu souhaites monter en comp\u00e9tence, pose lui tes questions, il te r\u00e9pondra avec plaisir !<br><\/figcaption><\/figure>\n<\/div><\/div>\n<\/div>\n<\/div>\n<\/div>\n\n\n\n<p><\/p>\n\n\n\n<div class=\"wp-block-buttons is-horizontal is-content-justification-center is-layout-flex wp-container-core-buttons-is-layout-03627597 wp-block-buttons-is-layout-flex\">\n<div class=\"wp-block-button\"><a class=\"wp-block-button__link wp-element-button\">Nous contacter<\/a><\/div>\n<\/div>\n\n\n\n<div class=\"wp-block-group\"><div class=\"wp-block-group__inner-container is-layout-flow wp-block-group-is-layout-flow\">\n<div class=\"wp-block-columns is-layout-flex wp-container-core-columns-is-layout-28f84493 wp-block-columns-is-layout-flex\">\n<div class=\"wp-block-column is-layout-flow wp-block-column-is-layout-flow\" style=\"flex-basis:33%\">\n<h2 class=\"wp-block-heading has-text-align-center\" id=\"doctorante\">Une doctorante<\/h2>\n\n\n\n<h3 class=\"wp-block-heading has-text-align-center\"><strong>Tassadit BONNARDOT<\/strong><\/h3>\n\n\n<div class=\"wp-block-image is-style-rounded\">\n<figure class=\"aligncenter size-medium is-resized\"><img loading=\"lazy\" decoding=\"async\" width=\"300\" height=\"300\" src=\"https:\/\/fr.twiza.org\/portail\/wp-content\/uploads\/2021\/05\/tassadit-300x300.jpg\" alt=\"Tassadit, doctorante chez Twiza\" class=\"wp-image-1862\" style=\"width:200px;height:200px\" srcset=\"https:\/\/fr.twiza.org\/portail\/wp-content\/uploads\/2021\/05\/tassadit-300x300.jpg 300w, https:\/\/fr.twiza.org\/portail\/wp-content\/uploads\/2021\/05\/tassadit-230x230.jpg 230w, https:\/\/fr.twiza.org\/portail\/wp-content\/uploads\/2021\/05\/tassadit-160x160.jpg 160w, https:\/\/fr.twiza.org\/portail\/wp-content\/uploads\/2021\/05\/tassadit-234x234.jpg 234w, https:\/\/fr.twiza.org\/portail\/wp-content\/uploads\/2021\/05\/tassadit.jpg 600w\" sizes=\"(max-width: 300px) 100vw, 300px\" \/><figcaption class=\"wp-element-caption\">Elle fait partie des pionni\u00e8res du r\u00e9seau Twiza et a contribu\u00e9 \u00e0 d\u00e9finir le projet,&nbsp; ainsi qu\u2019\u00e0 le mettre en place. Tassadit est une jeune femme engag\u00e9e, consciencieuse et passionn\u00e9e d\u2019\u00e9co-construction. Elle fait actuellement une th\u00e8se en sociologie, co-financ\u00e9e par Twiza et l\u2019ADEME, dont l\u2019objectif est d\u2019identifier les motivations mais aussi les freins associ\u00e9s \u00e0 la r\u00e9novation \u00e9nerg\u00e9tique au sein des pratiques d\u2019autoconstruction et de chantiers participatifs.<\/figcaption><\/figure>\n<\/div><\/div>\n\n\n\n<div class=\"wp-block-column is-layout-flow wp-block-column-is-layout-flow\">\n<h2 class=\"wp-block-heading has-text-align-center\" id=\"partenaires\">Des associ\u00e9s et partenaires<\/h2>\n\n\n\n<div class=\"wp-block-columns is-layout-flex wp-container-core-columns-is-layout-28f84493 wp-block-columns-is-layout-flex\">\n<div class=\"wp-block-column is-layout-flow wp-block-column-is-layout-flow\" style=\"flex-basis:270px\">\n<h3 class=\"wp-block-heading has-text-align-center\" id=\"h-kevin-bruneau\"><strong>K\u00e9vin BRUNEAU<\/strong><\/h3>\n\n\n<div class=\"wp-block-image is-style-rounded\">\n<figure class=\"aligncenter size-large is-resized\"><img loading=\"lazy\" decoding=\"async\" width=\"227\" height=\"227\" src=\"https:\/\/fr.twiza.org\/portail\/wp-content\/uploads\/2021\/05\/photo-KB.jpg\" alt=\"K\u00e9vin, d\u00e9veloppeur web, partenaire du r\u00e9seau Twiza\" class=\"wp-image-1863\" style=\"width:200px;height:200px\" srcset=\"https:\/\/fr.twiza.org\/portail\/wp-content\/uploads\/2021\/05\/photo-KB.jpg 227w, https:\/\/fr.twiza.org\/portail\/wp-content\/uploads\/2021\/05\/photo-KB-160x160.jpg 160w\" sizes=\"(max-width: 227px) 100vw, 227px\" \/><figcaption class=\"wp-element-caption\">Associ\u00e9 et partenaire du r\u00e9seau, non salari\u00e9, il offre ponctuellement son expertise de d\u00e9veloppeur web full stack. Son conseil est aussi utile en qualit\u00e9 de \u00ab&nbsp;serial entrepreneur&nbsp;\u00bb. Il contribue donc au projet Twiza autant en sa qualit\u00e9 d\u2019expert technique du web, que d\u2019entrepreneur chevronn\u00e9.<\/figcaption><\/figure>\n<\/div><\/div>\n\n\n\n<div class=\"wp-block-column is-layout-flow wp-block-column-is-layout-flow\" style=\"flex-basis:270px\">\n<h3 class=\"wp-block-heading has-text-align-center\"><strong>Quentin DALBRUT<\/strong><\/h3>\n\n\n<div class=\"wp-block-image is-style-rounded\">\n<figure class=\"aligncenter size-medium is-resized\"><img loading=\"lazy\" decoding=\"async\" width=\"300\" height=\"300\" src=\"https:\/\/fr.twiza.org\/portail\/wp-content\/uploads\/2021\/03\/photo-Q.D-1-compresse\u0301e-300x300.png\" alt=\"Photo Quentin D. partenaire Twiza Lichen\" class=\"wp-image-499\" style=\"width:200px;height:200px\"\/><figcaption class=\"wp-element-caption\">Associ\u00e9 et partenaire du r\u00e9seau, il a travaill\u00e9 plus de 2 ans pour Twiza en tant que responsable communication et commercialisation. Gr\u00e2ce \u00e0 son exp\u00e9rience de plus de 10 ans dans l\u2019habitat \u00e9cologique, \u00e0 sa cr\u00e9ativit\u00e9 d\u00e9bordante, ainsi qu\u2019\u00e0 son enthousiasme l\u00e9gendaires, il a fortement contribu\u00e9 \u00e0 d\u00e9velopper l\u2019offre de visibilit\u00e9 web Twiza aux professionnels, ainsi que les achats group\u00e9s pour les particuliers.<\/figcaption><\/figure>\n<\/div><\/div>\n<\/div>\n\n\n\n<div class=\"wp-block-columns is-layout-flex wp-container-core-columns-is-layout-28f84493 wp-block-columns-is-layout-flex\">\n<div class=\"wp-block-column is-layout-flow wp-block-column-is-layout-flow\" style=\"flex-basis:270px\">\n<h3 class=\"wp-block-heading has-text-align-center\" id=\"h-quentin-perbet-verniau\"><strong>Quentin PERBET-VERNIAU<\/strong><\/h3>\n\n\n<div class=\"wp-block-image is-style-rounded\">\n<figure class=\"aligncenter size-medium is-resized\"><img loading=\"lazy\" decoding=\"async\" width=\"300\" height=\"300\" src=\"https:\/\/fr.twiza.org\/portail\/wp-content\/uploads\/2021\/05\/Photo-Quentin2-300x300.jpg\" alt=\"\" class=\"wp-image-1864\" style=\"width:200px;height:200px\" srcset=\"https:\/\/fr.twiza.org\/portail\/wp-content\/uploads\/2021\/05\/Photo-Quentin2-300x300.jpg 300w, https:\/\/fr.twiza.org\/portail\/wp-content\/uploads\/2021\/05\/Photo-Quentin2-230x230.jpg 230w, https:\/\/fr.twiza.org\/portail\/wp-content\/uploads\/2021\/05\/Photo-Quentin2-160x160.jpg 160w, https:\/\/fr.twiza.org\/portail\/wp-content\/uploads\/2021\/05\/Photo-Quentin2-234x234.jpg 234w, https:\/\/fr.twiza.org\/portail\/wp-content\/uploads\/2021\/05\/Photo-Quentin2.jpg 600w\" sizes=\"(max-width: 300px) 100vw, 300px\" \/><figcaption class=\"wp-element-caption\">Partenaire du r\u00e9seau, non salari\u00e9, il est avocat en droit des affaires, sp\u00e9cialis\u00e9 dans le conseil aux entreprises en cr\u00e9ation et en d\u00e9veloppement. Tr\u00e8s int\u00e9ress\u00e9 par les projets innovants et engag\u00e9s face \u00e0 la crise sociale et environnementale actuelle, il est rapidement devenu un ami puis un soutien du projet Twiza. Il accompagne les travaux juridiques innovants que nous mettons en place au sein du r\u00e9seau Twiza (Coop\u00e9rative etc.).<\/figcaption><\/figure>\n<\/div><\/div>\n\n\n\n<div class=\"wp-block-column is-layout-flow wp-block-column-is-layout-flow\" style=\"flex-basis:270px\">\n<h3 class=\"wp-block-heading has-text-align-center\"><strong>Vincent PEIGN\u00c9<\/strong><\/h3>\n\n\n<div class=\"wp-block-image is-style-rounded\">\n<figure class=\"aligncenter size-medium is-resized\"><img loading=\"lazy\" decoding=\"async\" width=\"300\" height=\"300\" src=\"https:\/\/fr.twiza.org\/portail\/wp-content\/uploads\/2021\/05\/Photo-Vincent-2-comp-edited-300x300.png\" alt=\"Vincent, partenaire de Twiza\" class=\"wp-image-1866\" style=\"width:200px;height:200px\" srcset=\"https:\/\/fr.twiza.org\/portail\/wp-content\/uploads\/2021\/05\/Photo-Vincent-2-comp-edited-300x300.png 300w, https:\/\/fr.twiza.org\/portail\/wp-content\/uploads\/2021\/05\/Photo-Vincent-2-comp-edited-230x230.png 230w, https:\/\/fr.twiza.org\/portail\/wp-content\/uploads\/2021\/05\/Photo-Vincent-2-comp-edited-160x160.png 160w, https:\/\/fr.twiza.org\/portail\/wp-content\/uploads\/2021\/05\/Photo-Vincent-2-comp-edited-600x600.png 600w, https:\/\/fr.twiza.org\/portail\/wp-content\/uploads\/2021\/05\/Photo-Vincent-2-comp-edited-234x234.png 234w, https:\/\/fr.twiza.org\/portail\/wp-content\/uploads\/2021\/05\/Photo-Vincent-2-comp-edited.png 619w\" sizes=\"(max-width: 300px) 100vw, 300px\" \/><figcaption class=\"wp-element-caption\">Partenaire du r\u00e9seau et co-fondateur du projet Twiza avec C\u00e9dric en 2014. D\u00e9veloppeur web expert, il a permis \u00e0 la premi\u00e8re plateforme Web de Twiza de voir le jour. Il continue de soutenir le projet quand il le peut, gr\u00e2ce \u00e0 ses connaissances du r\u00e9seau et \u00e0 son expertise en d\u00e9veloppement web.<\/figcaption><\/figure>\n<\/div><\/div>\n<\/div>\n<\/div>\n<\/div>\n<\/div><\/div>\n\n\n\n<h2 class=\"wp-block-heading\" id=\"h-mais-aussi\">Mais aussi<\/h2>\n\n\n\n<p id=\"h-et-toutes-celles-et-ceux-qui-nous-ont-aide-ponctuellement-que-l-on-ne-peut-pas-tous-citer\">Toutes celles et ceux qui nous ont accompagn\u00e9 dans la r\u00e9ussite de ce beau projet, \u00e0 Emi, \u00e0 Laura, \u00e0 Jeanne, \u00e0 Maxence notamment. Mais aussi, qui nous ont aid\u00e9 ponctuellement et que l&rsquo;on ne peut pas tous citer : famille, amis, pionniers, partenaires ponctuels mais toujours utiles&#8230;<\/p>\n\n\n\n<p id=\"h-\">Les centaines de personnes qui ont soutenu Twiza en 2015 pour la campagne ULULE, puis durant la campagne de pr\u00eat via WeDoGood en 2017, et la transformation en coop\u00e9rative en 2023, ayant rassembl\u00e9 plus de 600 coop\u00e9rateurs.<\/p>\n\n\n\n<p id=\"h-\">Celles et ceux qui nous soutiennent et nous font confiance au quotidien&#8230;<\/p>\n\n\n\n<p>Les milliers de personnes qui recommandent Twiza tous les ans&#8230; <\/p>\n\n\n\n<p>MERCI !<\/p>\n\n\n\n<p class=\"has-text-align-center\">\u2764\ufe0f  \u2764\ufe0f  \u2764\ufe0f<\/p>\n\n\n\n<p><\/p>\n\n\n\n<div style=\"height:166px\" aria-hidden=\"true\" class=\"wp-block-spacer\"><\/div>\n","protected":false},"excerpt":{"rendered":"<p>Les salari\u00e9s Gr\u00e2ce au succ\u00e8s du projet et \u00e0 l\u2019ampleur qu\u2019il a pris, Twiza a pu accueillir en son sein plusieurs salari\u00e9s. Ils ont pour mission l\u2019animation&nbsp;de la communaut\u00e9, le&nbsp;d\u00e9veloppement&nbsp;et la&nbsp;mise en \u0153uvre&nbsp;des diff\u00e9rents services et outils propos\u00e9s, ainsi que la&nbsp;p\u00e9rennisation&nbsp;du projet. C\u00e9dric AVRAMOGLOU Odile MONSEU C\u00e9line BARALDI Olivier BARALDI [&hellip;]<\/p>\n","protected":false},"author":7,"featured_media":0,"parent":0,"menu_order":0,"comment_status":"closed","ping_status":"closed","template":"page-templates\/template-fullwidth.php","meta":{"_eb_attr":"","_themeisle_gutenberg_block_has_review":false,"footnotes":""},"class_list":["post-1852","page","type-page","status-publish","hentry"],"yoast_head":"<!-- This site is optimized with the Yoast SEO Premium plugin v27.5 (Yoast SEO v27.5) - https:\/\/yoast.com\/product\/yoast-seo-premium-wordpress\/ -->\n<title>L&#039;\u00e9quipe<\/title>\n<meta name=\"robots\" content=\"index, follow, max-snippet:-1, max-image-preview:large, max-video-preview:-1\" \/>\n<link rel=\"canonical\" href=\"https:\/\/fr.twiza.org\/portail\/lequipe\/\" \/>\n<meta property=\"og:locale\" content=\"fr_FR\" \/>\n<meta property=\"og:type\" content=\"article\" \/>\n<meta property=\"og:title\" content=\"L&#039;\u00e9quipe\" \/>\n<meta property=\"og:description\" content=\"Les salari\u00e9s Gr\u00e2ce au succ\u00e8s du projet et \u00e0 l\u2019ampleur qu\u2019il a pris, Twiza a pu accueillir en son sein plusieurs salari\u00e9s. Ils ont pour mission l\u2019animation&nbsp;de la communaut\u00e9, le&nbsp;d\u00e9veloppement&nbsp;et la&nbsp;mise en \u0153uvre&nbsp;des diff\u00e9rents services et outils propos\u00e9s, ainsi que la&nbsp;p\u00e9rennisation&nbsp;du projet. C\u00e9dric AVRAMOGLOU Odile MONSEU C\u00e9line BARALDI Olivier BARALDI [&hellip;]\" \/>\n<meta property=\"og:url\" content=\"https:\/\/fr.twiza.org\/portail\/lequipe\/\" \/>\n<meta property=\"og:site_name\" content=\"R\u00e9seau Twiza\" \/>\n<meta property=\"article:publisher\" content=\"https:\/\/fr-fr.facebook.com\/Twiza.fr\/\" \/>\n<meta property=\"article:modified_time\" content=\"2026-03-25T07:00:42+00:00\" \/>\n<meta property=\"og:image\" content=\"https:\/\/fr.twiza.org\/portail\/wp-content\/uploads\/2025\/11\/Photo-Odile-234x234.png\" \/>\n<meta name=\"twitter:card\" content=\"summary_large_image\" \/>\n<script type=\"application\/ld+json\" class=\"yoast-schema-graph\">{\"@context\":\"https:\\\/\\\/schema.org\",\"@graph\":[{\"@type\":\"WebPage\",\"@id\":\"https:\\\/\\\/fr.twiza.org\\\/portail\\\/lequipe\\\/\",\"url\":\"https:\\\/\\\/fr.twiza.org\\\/portail\\\/lequipe\\\/\",\"name\":\"L'\u00e9quipe\",\"isPartOf\":{\"@id\":\"https:\\\/\\\/fr.twiza.org\\\/portail\\\/#website\"},\"primaryImageOfPage\":{\"@id\":\"https:\\\/\\\/fr.twiza.org\\\/portail\\\/lequipe\\\/#primaryimage\"},\"image\":{\"@id\":\"https:\\\/\\\/fr.twiza.org\\\/portail\\\/lequipe\\\/#primaryimage\"},\"thumbnailUrl\":\"https:\\\/\\\/fr.twiza.org\\\/portail\\\/wp-content\\\/uploads\\\/2025\\\/11\\\/Photo-Odile-234x234.png\",\"datePublished\":\"2021-05-27T13:53:35+00:00\",\"dateModified\":\"2026-03-25T07:00:42+00:00\",\"breadcrumb\":{\"@id\":\"https:\\\/\\\/fr.twiza.org\\\/portail\\\/lequipe\\\/#breadcrumb\"},\"inLanguage\":\"fr-FR\",\"potentialAction\":[{\"@type\":\"ReadAction\",\"target\":[\"https:\\\/\\\/fr.twiza.org\\\/portail\\\/lequipe\\\/\"]}]},{\"@type\":\"ImageObject\",\"inLanguage\":\"fr-FR\",\"@id\":\"https:\\\/\\\/fr.twiza.org\\\/portail\\\/lequipe\\\/#primaryimage\",\"url\":\"https:\\\/\\\/fr.twiza.org\\\/portail\\\/wp-content\\\/uploads\\\/2025\\\/11\\\/Photo-Odile.png\",\"contentUrl\":\"https:\\\/\\\/fr.twiza.org\\\/portail\\\/wp-content\\\/uploads\\\/2025\\\/11\\\/Photo-Odile.png\",\"width\":477,\"height\":636},{\"@type\":\"BreadcrumbList\",\"@id\":\"https:\\\/\\\/fr.twiza.org\\\/portail\\\/lequipe\\\/#breadcrumb\",\"itemListElement\":[{\"@type\":\"ListItem\",\"position\":1,\"name\":\"Accueil\",\"item\":\"https:\\\/\\\/fr.twiza.org\\\/portail\\\/\"},{\"@type\":\"ListItem\",\"position\":2,\"name\":\"L&rsquo;\u00e9quipe\"}]},{\"@type\":\"WebSite\",\"@id\":\"https:\\\/\\\/fr.twiza.org\\\/portail\\\/#website\",\"url\":\"https:\\\/\\\/fr.twiza.org\\\/portail\\\/\",\"name\":\"R\u00e9seau Twiza\",\"description\":\"Entraide pour un habitat \u00e9cologique, convivial et r\u00e9silient\",\"publisher\":{\"@id\":\"https:\\\/\\\/fr.twiza.org\\\/portail\\\/#organization\"},\"potentialAction\":[{\"@type\":\"SearchAction\",\"target\":{\"@type\":\"EntryPoint\",\"urlTemplate\":\"https:\\\/\\\/fr.twiza.org\\\/portail\\\/?s={search_term_string}\"},\"query-input\":{\"@type\":\"PropertyValueSpecification\",\"valueRequired\":true,\"valueName\":\"search_term_string\"}}],\"inLanguage\":\"fr-FR\"},{\"@type\":\"Organization\",\"@id\":\"https:\\\/\\\/fr.twiza.org\\\/portail\\\/#organization\",\"name\":\"R\u00e9seau Twiza\",\"url\":\"https:\\\/\\\/fr.twiza.org\\\/portail\\\/\",\"logo\":{\"@type\":\"ImageObject\",\"inLanguage\":\"fr-FR\",\"@id\":\"https:\\\/\\\/fr.twiza.org\\\/portail\\\/#\\\/schema\\\/logo\\\/image\\\/\",\"url\":\"https:\\\/\\\/fr.twiza.org\\\/portail\\\/wp-content\\\/uploads\\\/2021\\\/05\\\/cropped-logo-reseau-twiza.jpg\",\"contentUrl\":\"https:\\\/\\\/fr.twiza.org\\\/portail\\\/wp-content\\\/uploads\\\/2021\\\/05\\\/cropped-logo-reseau-twiza.jpg\",\"width\":400,\"height\":102,\"caption\":\"R\u00e9seau Twiza\"},\"image\":{\"@id\":\"https:\\\/\\\/fr.twiza.org\\\/portail\\\/#\\\/schema\\\/logo\\\/image\\\/\"},\"sameAs\":[\"https:\\\/\\\/fr-fr.facebook.com\\\/Twiza.fr\\\/\",\"https:\\\/\\\/www.instagram.com\\\/twiza_fr\\\/\",\"https:\\\/\\\/www.linkedin.com\\\/company\\\/reseautwiza\\\/\"]}]}<\/script>\n<!-- \/ Yoast SEO Premium plugin. -->","yoast_head_json":{"title":"L'\u00e9quipe","robots":{"index":"index","follow":"follow","max-snippet":"max-snippet:-1","max-image-preview":"max-image-preview:large","max-video-preview":"max-video-preview:-1"},"canonical":"https:\/\/fr.twiza.org\/portail\/lequipe\/","og_locale":"fr_FR","og_type":"article","og_title":"L'\u00e9quipe","og_description":"Les salari\u00e9s Gr\u00e2ce au succ\u00e8s du projet et \u00e0 l\u2019ampleur qu\u2019il a pris, Twiza a pu accueillir en son sein plusieurs salari\u00e9s. Ils ont pour mission l\u2019animation&nbsp;de la communaut\u00e9, le&nbsp;d\u00e9veloppement&nbsp;et la&nbsp;mise en \u0153uvre&nbsp;des diff\u00e9rents services et outils propos\u00e9s, ainsi que la&nbsp;p\u00e9rennisation&nbsp;du projet. C\u00e9dric AVRAMOGLOU Odile MONSEU C\u00e9line BARALDI Olivier BARALDI [&hellip;]","og_url":"https:\/\/fr.twiza.org\/portail\/lequipe\/","og_site_name":"R\u00e9seau Twiza","article_publisher":"https:\/\/fr-fr.facebook.com\/Twiza.fr\/","article_modified_time":"2026-03-25T07:00:42+00:00","og_image":[{"url":"https:\/\/fr.twiza.org\/portail\/wp-content\/uploads\/2025\/11\/Photo-Odile-234x234.png","type":"","width":"","height":""}],"twitter_card":"summary_large_image","schema":{"@context":"https:\/\/schema.org","@graph":[{"@type":"WebPage","@id":"https:\/\/fr.twiza.org\/portail\/lequipe\/","url":"https:\/\/fr.twiza.org\/portail\/lequipe\/","name":"L'\u00e9quipe","isPartOf":{"@id":"https:\/\/fr.twiza.org\/portail\/#website"},"primaryImageOfPage":{"@id":"https:\/\/fr.twiza.org\/portail\/lequipe\/#primaryimage"},"image":{"@id":"https:\/\/fr.twiza.org\/portail\/lequipe\/#primaryimage"},"thumbnailUrl":"https:\/\/fr.twiza.org\/portail\/wp-content\/uploads\/2025\/11\/Photo-Odile-234x234.png","datePublished":"2021-05-27T13:53:35+00:00","dateModified":"2026-03-25T07:00:42+00:00","breadcrumb":{"@id":"https:\/\/fr.twiza.org\/portail\/lequipe\/#breadcrumb"},"inLanguage":"fr-FR","potentialAction":[{"@type":"ReadAction","target":["https:\/\/fr.twiza.org\/portail\/lequipe\/"]}]},{"@type":"ImageObject","inLanguage":"fr-FR","@id":"https:\/\/fr.twiza.org\/portail\/lequipe\/#primaryimage","url":"https:\/\/fr.twiza.org\/portail\/wp-content\/uploads\/2025\/11\/Photo-Odile.png","contentUrl":"https:\/\/fr.twiza.org\/portail\/wp-content\/uploads\/2025\/11\/Photo-Odile.png","width":477,"height":636},{"@type":"BreadcrumbList","@id":"https:\/\/fr.twiza.org\/portail\/lequipe\/#breadcrumb","itemListElement":[{"@type":"ListItem","position":1,"name":"Accueil","item":"https:\/\/fr.twiza.org\/portail\/"},{"@type":"ListItem","position":2,"name":"L&rsquo;\u00e9quipe"}]},{"@type":"WebSite","@id":"https:\/\/fr.twiza.org\/portail\/#website","url":"https:\/\/fr.twiza.org\/portail\/","name":"R\u00e9seau Twiza","description":"Entraide pour un habitat \u00e9cologique, convivial et r\u00e9silient","publisher":{"@id":"https:\/\/fr.twiza.org\/portail\/#organization"},"potentialAction":[{"@type":"SearchAction","target":{"@type":"EntryPoint","urlTemplate":"https:\/\/fr.twiza.org\/portail\/?s={search_term_string}"},"query-input":{"@type":"PropertyValueSpecification","valueRequired":true,"valueName":"search_term_string"}}],"inLanguage":"fr-FR"},{"@type":"Organization","@id":"https:\/\/fr.twiza.org\/portail\/#organization","name":"R\u00e9seau Twiza","url":"https:\/\/fr.twiza.org\/portail\/","logo":{"@type":"ImageObject","inLanguage":"fr-FR","@id":"https:\/\/fr.twiza.org\/portail\/#\/schema\/logo\/image\/","url":"https:\/\/fr.twiza.org\/portail\/wp-content\/uploads\/2021\/05\/cropped-logo-reseau-twiza.jpg","contentUrl":"https:\/\/fr.twiza.org\/portail\/wp-content\/uploads\/2021\/05\/cropped-logo-reseau-twiza.jpg","width":400,"height":102,"caption":"R\u00e9seau Twiza"},"image":{"@id":"https:\/\/fr.twiza.org\/portail\/#\/schema\/logo\/image\/"},"sameAs":["https:\/\/fr-fr.facebook.com\/Twiza.fr\/","https:\/\/www.instagram.com\/twiza_fr\/","https:\/\/www.linkedin.com\/company\/reseautwiza\/"]}]}},"jetpack_sharing_enabled":true,"_links":{"self":[{"href":"https:\/\/fr.twiza.org\/portail\/wp-json\/wp\/v2\/pages\/1852","targetHints":{"allow":["GET"]}}],"collection":[{"href":"https:\/\/fr.twiza.org\/portail\/wp-json\/wp\/v2\/pages"}],"about":[{"href":"https:\/\/fr.twiza.org\/portail\/wp-json\/wp\/v2\/types\/page"}],"author":[{"embeddable":true,"href":"https:\/\/fr.twiza.org\/portail\/wp-json\/wp\/v2\/users\/7"}],"replies":[{"embeddable":true,"href":"https:\/\/fr.twiza.org\/portail\/wp-json\/wp\/v2\/comments?post=1852"}],"version-history":[{"count":68,"href":"https:\/\/fr.twiza.org\/portail\/wp-json\/wp\/v2\/pages\/1852\/revisions"}],"predecessor-version":[{"id":14227,"href":"https:\/\/fr.twiza.org\/portail\/wp-json\/wp\/v2\/pages\/1852\/revisions\/14227"}],"wp:attachment":[{"href":"https:\/\/fr.twiza.org\/portail\/wp-json\/wp\/v2\/media?parent=1852"}],"curies":[{"name":"wp","href":"https:\/\/api.w.org\/{rel}","templated":true}]}}