{"id":2322,"date":"2021-06-17T16:49:16","date_gmt":"2021-06-17T14:49:16","guid":{"rendered":"https:\/\/fr.twiza.org\/portail\/?page_id=2322"},"modified":"2022-08-16T16:41:38","modified_gmt":"2022-08-16T14:41:38","slug":"anatomies-darchitecture","status":"publish","type":"page","link":"https:\/\/fr.twiza.org\/portail\/anatomies-darchitecture\/","title":{"rendered":"Le tour de France des maisons \u00e9cologiques"},"content":{"rendered":"\n<figure class=\"wp-block-image alignwide size-large\"><img fetchpriority=\"high\" decoding=\"async\" width=\"1024\" height=\"413\" src=\"https:\/\/fr.twiza.org\/portail\/wp-content\/uploads\/2021\/10\/Maison-ge\u0301onef-ada-projet-3-O-1024x413.png\" alt=\"\" class=\"wp-image-3178\" srcset=\"https:\/\/fr.twiza.org\/portail\/wp-content\/uploads\/2021\/10\/Maison-ge\u0301onef-ada-projet-3-O-1024x413.png 1024w, https:\/\/fr.twiza.org\/portail\/wp-content\/uploads\/2021\/10\/Maison-ge\u0301onef-ada-projet-3-O-600x242.png 600w, https:\/\/fr.twiza.org\/portail\/wp-content\/uploads\/2021\/10\/Maison-ge\u0301onef-ada-projet-3-O-300x121.png 300w, https:\/\/fr.twiza.org\/portail\/wp-content\/uploads\/2021\/10\/Maison-ge\u0301onef-ada-projet-3-O-768x310.png 768w, https:\/\/fr.twiza.org\/portail\/wp-content\/uploads\/2021\/10\/Maison-ge\u0301onef-ada-projet-3-O-1536x619.png 1536w, https:\/\/fr.twiza.org\/portail\/wp-content\/uploads\/2021\/10\/Maison-ge\u0301onef-ada-projet-3-O-2048x826.png 2048w\" sizes=\"(max-width: 1024px) 100vw, 1024px\" \/><figcaption><sub>Anatomies d&rsquo;Architecture \u00a9<\/sub><\/figcaption><\/figure>\n\n\n\n<p>Vaste enqu\u00eate de terrain sur \u00ab\u00a0la maison \u00e9cologique\u00a0\u00bb, <strong>Anatomies d\u2019Architecture<\/strong> est le premier projet de recherche incub\u00e9 par le r\u00e9seau Twiza. Cette initiative port\u00e9e par deux architectes et un anthropologue a pour objectifs de recenser, documenter, valoriser et faire conna\u00eetre au plus grand nombre les diff\u00e9rentes techniques de construction \u00e9cologique qui \u00e9mergent partout en France aujourd\u2019hui.<\/p>\n\n\n\n<p>Fin 2018, Emmanuel, Mathis et Rapha\u00ebl ont r\u00e9alis\u00e9 un <strong>Tour de France des maisons \u00e9cologiques<\/strong> pour aller \u00e0 la rencontre de ceux qui, aux quatre coins du pays, se sont lanc\u00e9s dans la r\u00e9alisation de projets d\u2019habitats \u00e9cologiques avec un mot d\u2019ordre : construction vraiment \u00e9cologique.<\/p>\n\n\n\n<p>Apr\u00e8s 2 mois et pr\u00e8s de 6000 km parcourus sur les routes de France, ils ont visit\u00e9 plus de 30 maisons \u00e9cologiques pour autant de techniques constructives : paille porteuse, terre crue, pierre de taille, fustes, balle de riz, roseaux, chanvre, mat\u00e9riaux de r\u00e9emploi\u2026<\/p>\n\n\n\n<h2 class=\"wp-block-heading\">Projets \u00e9tudi\u00e9s<\/h2>\n\n\n\n<ul class=\"wp-block-list\"><li><a href=\"https:\/\/fr.twiza.org\/portail\/anatomies-darchitecture\/la-maison-en-bauge\/\" target=\"_blank\" rel=\"noreferrer noopener\">La maison en bauge<\/a><\/li><li><a href=\"https:\/\/fr.twiza.org\/portail\/la-yourte-en-paille-ou-paillourte\/\" target=\"_blank\" rel=\"noreferrer noopener\">La yourte en paille (ou paillourte)<\/a><\/li><li><a href=\"https:\/\/fr.twiza.org\/portail\/la-maison-en-conteneurs\/\" target=\"_blank\" rel=\"noreferrer noopener\">La maison en conteneurs<\/a><\/li><li><a href=\"https:\/\/fr.twiza.org\/portail\/la-kerterre\/\" target=\"_blank\" rel=\"noreferrer noopener\">La kerterre<\/a><\/li><li><a href=\"https:\/\/fr.twiza.org\/portail\/la-maison-en-roseaux\/\" target=\"_blank\" rel=\"noreferrer noopener\">La maison en roseaux<\/a><\/li><li><a href=\"https:\/\/fr.twiza.org\/portail\/la-maison-en-paille-technique-du-g-r-e-b\/\" target=\"_blank\" rel=\"noreferrer noopener\">La maison en paille (Technique GREB)<\/a><\/li><li><a href=\"https:\/\/fr.twiza.org\/portail\/la-geonef-ou-earthship\/\" target=\"_blank\" rel=\"noreferrer noopener\">G\u00e9onef (Earthship inspir\u00e9)<\/a><\/li><li><a href=\"https:\/\/fr.twiza.org\/portail\/la-maison-en-super-adobe\/\" target=\"_blank\" rel=\"noreferrer noopener\">Super adobes<\/a><\/li><li><a href=\"https:\/\/fr.twiza.org\/portail\/la-yourte-rt2012\/\" target=\"_blank\" rel=\"noreferrer noopener\">La yourte (RT2012)<\/a><\/li><li><a href=\"https:\/\/fr.twiza.org\/portail\/la-maison-en-chanvre\/\" target=\"_blank\" rel=\"noreferrer noopener\">La maison en chanvre<\/a><\/li><\/ul>\n\n\n\n<p><\/p>\n\n\n\n<div class=\"wp-block-media-text has-media-on-the-right is-stacked-on-mobile is-vertically-aligned-bottom\"><figure class=\"wp-block-media-text__media\"><img decoding=\"async\" width=\"1024\" height=\"725\" src=\"https:\/\/fr.twiza.org\/portail\/wp-content\/uploads\/2021\/06\/Photo-Maison-en-Bauge-1200x850px-1024x725.jpeg\" alt=\"Maison en Bauge\" class=\"wp-image-2330 size-full\" srcset=\"https:\/\/fr.twiza.org\/portail\/wp-content\/uploads\/2021\/06\/Photo-Maison-en-Bauge-1200x850px-1024x725.jpeg 1024w, https:\/\/fr.twiza.org\/portail\/wp-content\/uploads\/2021\/06\/Photo-Maison-en-Bauge-1200x850px-600x425.jpeg 600w, https:\/\/fr.twiza.org\/portail\/wp-content\/uploads\/2021\/06\/Photo-Maison-en-Bauge-1200x850px-300x213.jpeg 300w, https:\/\/fr.twiza.org\/portail\/wp-content\/uploads\/2021\/06\/Photo-Maison-en-Bauge-1200x850px-768x544.jpeg 768w, https:\/\/fr.twiza.org\/portail\/wp-content\/uploads\/2021\/06\/Photo-Maison-en-Bauge-1200x850px.jpeg 1200w\" sizes=\"(max-width: 1024px) 100vw, 1024px\" \/><\/figure><div class=\"wp-block-media-text__content\">\n<h2 class=\"wp-block-heading\" id=\"h-la-maison-en-bauge\">La Maison en Bauge<\/h2>\n\n\n\n<p class=\"has-text-align-left\">La maison en bauge est fabriqu\u00e9e \u00e0 base d&rsquo;un m\u00e9lange de terre crue et de fibres v\u00e9g\u00e9tales. C&rsquo;est une technique&nbsp;mise en oeuvre avec de l&rsquo;outillage agricole.<\/p>\n\n\n\n<p>Aujourd&rsquo;hui elle peut \u00eatre coffr\u00e9e et utilis\u00e9e pour la r\u00e9alisation de projets contemporains.<\/p>\n\n\n\n<div class=\"wp-block-buttons is-horizontal is-content-justification-center is-layout-flex wp-container-core-buttons-is-layout-03627597 wp-block-buttons-is-layout-flex\">\n<div class=\"wp-block-button wp-block-buttons is-content-justification-center is-style-fill\"><a class=\"wp-block-button__link\" href=\"https:\/\/fr.twiza.org\/portail\/la-maison-en-bauge\/\">En savoir plus sur la Maison en Bauge<\/a><\/div>\n<\/div>\n<\/div><\/div>\n\n\n\n<hr class=\"wp-block-separator has-css-opacity\"\/>\n\n\n\n<div class=\"wp-block-media-text alignwide is-stacked-on-mobile\"><figure class=\"wp-block-media-text__media\"><img decoding=\"async\" width=\"1024\" height=\"725\" src=\"https:\/\/fr.twiza.org\/portail\/wp-content\/uploads\/2021\/06\/Photo-Yourte-en-Paille-1200x850px-1024x725.jpeg\" alt=\"\" class=\"wp-image-2331 size-full\" srcset=\"https:\/\/fr.twiza.org\/portail\/wp-content\/uploads\/2021\/06\/Photo-Yourte-en-Paille-1200x850px-1024x725.jpeg 1024w, https:\/\/fr.twiza.org\/portail\/wp-content\/uploads\/2021\/06\/Photo-Yourte-en-Paille-1200x850px-600x425.jpeg 600w, https:\/\/fr.twiza.org\/portail\/wp-content\/uploads\/2021\/06\/Photo-Yourte-en-Paille-1200x850px-300x213.jpeg 300w, https:\/\/fr.twiza.org\/portail\/wp-content\/uploads\/2021\/06\/Photo-Yourte-en-Paille-1200x850px-768x544.jpeg 768w, https:\/\/fr.twiza.org\/portail\/wp-content\/uploads\/2021\/06\/Photo-Yourte-en-Paille-1200x850px.jpeg 1200w\" sizes=\"(max-width: 1024px) 100vw, 1024px\" \/><\/figure><div class=\"wp-block-media-text__content\">\n<h2 class=\"wp-block-heading\" id=\"h-la-yourte-en-paille\">La Yourte en Paille<\/h2>\n\n\n\n<p>La maison en paille est une technique de construction ancienne qui est aujourd\u2019hui norm\u00e9e. Ainsi construite en cercle cette maison \u00e9cologique offre une esth\u00e9tique singuli\u00e8re.<\/p>\n\n\n\n<div class=\"wp-block-buttons is-horizontal is-content-justification-center is-layout-flex wp-container-core-buttons-is-layout-03627597 wp-block-buttons-is-layout-flex\">\n<div class=\"wp-block-button wp-block-buttons is-content-justification-center is-style-fill\"><a class=\"wp-block-button__link\" href=\"https:\/\/fr.twiza.org\/portail\/la-yourte-en-paille-ou-paillourte\/\">En savoir plus sur la Yourte en Paille<\/a><\/div>\n<\/div>\n<\/div><\/div>\n\n\n\n<hr class=\"wp-block-separator has-css-opacity\"\/>\n\n\n\n<div class=\"wp-block-media-text alignwide has-media-on-the-right is-stacked-on-mobile\"><figure class=\"wp-block-media-text__media\"><img loading=\"lazy\" decoding=\"async\" width=\"1024\" height=\"725\" src=\"https:\/\/fr.twiza.org\/portail\/wp-content\/uploads\/2021\/06\/Photo-Maison-Conteneurs-1200x850px2-1024x725.jpeg\" alt=\"\" class=\"wp-image-2335 size-full\" srcset=\"https:\/\/fr.twiza.org\/portail\/wp-content\/uploads\/2021\/06\/Photo-Maison-Conteneurs-1200x850px2-1024x725.jpeg 1024w, https:\/\/fr.twiza.org\/portail\/wp-content\/uploads\/2021\/06\/Photo-Maison-Conteneurs-1200x850px2-600x425.jpeg 600w, https:\/\/fr.twiza.org\/portail\/wp-content\/uploads\/2021\/06\/Photo-Maison-Conteneurs-1200x850px2-300x213.jpeg 300w, https:\/\/fr.twiza.org\/portail\/wp-content\/uploads\/2021\/06\/Photo-Maison-Conteneurs-1200x850px2-768x544.jpeg 768w, https:\/\/fr.twiza.org\/portail\/wp-content\/uploads\/2021\/06\/Photo-Maison-Conteneurs-1200x850px2.jpeg 1200w\" sizes=\"(max-width: 1024px) 100vw, 1024px\" \/><\/figure><div class=\"wp-block-media-text__content\">\n<h2 class=\"wp-block-heading\" id=\"h-la-maison-en-conteneurs\">La Maison en Conteneurs<\/h2>\n\n\n\n<p>La maison en conteneurs est fabriqu\u00e9e \u00e0 partir de mat\u00e9riaux de r\u00e9cup\u00e9ration. Avec le temps les conteneurs ne sont plus certifi\u00e9s pour le transport et deviennent des d\u00e9chets, d&rsquo;o\u00f9 l&rsquo;int\u00e9r\u00eat de les revaloriser.<\/p>\n\n\n\n<div class=\"wp-block-buttons is-horizontal is-content-justification-center is-layout-flex wp-container-core-buttons-is-layout-03627597 wp-block-buttons-is-layout-flex\">\n<div class=\"wp-block-button wp-block-buttons is-content-justification-center is-style-fill\"><a class=\"wp-block-button__link\" href=\"https:\/\/fr.twiza.org\/portail\/la-maison-en-conteneurs\/\">En savoir plus sur la Maison en Conteneurs<\/a><\/div>\n<\/div>\n<\/div><\/div>\n\n\n\n<hr class=\"wp-block-separator has-css-opacity\"\/>\n\n\n\n<div class=\"wp-block-media-text alignwide is-stacked-on-mobile\"><figure class=\"wp-block-media-text__media\"><img loading=\"lazy\" decoding=\"async\" width=\"1024\" height=\"725\" src=\"https:\/\/fr.twiza.org\/portail\/wp-content\/uploads\/2021\/06\/Photo-Kerterre-1-1200x850px-1024x725.jpeg\" alt=\"Kerterre\" class=\"wp-image-2337 size-full\" srcset=\"https:\/\/fr.twiza.org\/portail\/wp-content\/uploads\/2021\/06\/Photo-Kerterre-1-1200x850px-1024x725.jpeg 1024w, https:\/\/fr.twiza.org\/portail\/wp-content\/uploads\/2021\/06\/Photo-Kerterre-1-1200x850px-600x425.jpeg 600w, https:\/\/fr.twiza.org\/portail\/wp-content\/uploads\/2021\/06\/Photo-Kerterre-1-1200x850px-300x213.jpeg 300w, https:\/\/fr.twiza.org\/portail\/wp-content\/uploads\/2021\/06\/Photo-Kerterre-1-1200x850px-768x544.jpeg 768w, https:\/\/fr.twiza.org\/portail\/wp-content\/uploads\/2021\/06\/Photo-Kerterre-1-1200x850px.jpeg 1200w\" sizes=\"(max-width: 1024px) 100vw, 1024px\" \/><\/figure><div class=\"wp-block-media-text__content\">\n<h2 class=\"wp-block-heading\" id=\"h-la-kerterre\">La Kerterre<\/h2>\n\n\n\n<p>La Kerterre est une construction l\u00e9g\u00e8re constitu\u00e9e d&rsquo;un d\u00f4me en terre aux formes organiques s&rsquo;apparentant \u00e0 une sculpture. Il n&rsquo;y a pas d&rsquo;armature, pas de coffrage et la structure est mont\u00e9e \u00e0 m\u00eame le sol.<\/p>\n\n\n\n<div class=\"wp-block-buttons is-horizontal is-content-justification-center is-layout-flex wp-container-core-buttons-is-layout-03627597 wp-block-buttons-is-layout-flex\">\n<div class=\"wp-block-button wp-block-buttons is-content-justification-center is-style-fill\"><a class=\"wp-block-button__link\" href=\"https:\/\/fr.twiza.org\/portail\/la-kerterre\/\">En savoir plus sur la Kerterre<\/a><\/div>\n<\/div>\n<\/div><\/div>\n\n\n\n<hr class=\"wp-block-separator has-css-opacity\"\/>\n\n\n\n<div class=\"wp-block-media-text alignwide has-media-on-the-right is-stacked-on-mobile\"><figure class=\"wp-block-media-text__media\"><img loading=\"lazy\" decoding=\"async\" width=\"1024\" height=\"725\" src=\"https:\/\/fr.twiza.org\/portail\/wp-content\/uploads\/2021\/06\/Photo-Maison-Roseaux-1200x850px-1024x725.jpeg\" alt=\"Maison en Roseaux\" class=\"wp-image-2339 size-full\" srcset=\"https:\/\/fr.twiza.org\/portail\/wp-content\/uploads\/2021\/06\/Photo-Maison-Roseaux-1200x850px-1024x725.jpeg 1024w, https:\/\/fr.twiza.org\/portail\/wp-content\/uploads\/2021\/06\/Photo-Maison-Roseaux-1200x850px-600x425.jpeg 600w, https:\/\/fr.twiza.org\/portail\/wp-content\/uploads\/2021\/06\/Photo-Maison-Roseaux-1200x850px-300x213.jpeg 300w, https:\/\/fr.twiza.org\/portail\/wp-content\/uploads\/2021\/06\/Photo-Maison-Roseaux-1200x850px-768x544.jpeg 768w, https:\/\/fr.twiza.org\/portail\/wp-content\/uploads\/2021\/06\/Photo-Maison-Roseaux-1200x850px.jpeg 1200w\" sizes=\"(max-width: 1024px) 100vw, 1024px\" \/><\/figure><div class=\"wp-block-media-text__content\">\n<h2 class=\"wp-block-heading\" id=\"h-la-maison-en-roseaux\">La Maison en Roseaux<\/h2>\n\n\n\n<p>Le roseau fait partie des fibres mondialement utilis\u00e9es dans la construction. Il est utilis\u00e9 en France depuis des si\u00e8cles pour la r\u00e9alisation des toitures en chaume, notamment en Bretagne et en Normandie.<\/p>\n\n\n\n<div class=\"wp-block-buttons is-horizontal is-content-justification-center is-layout-flex wp-container-core-buttons-is-layout-03627597 wp-block-buttons-is-layout-flex\">\n<div class=\"wp-block-button wp-block-buttons is-content-justification-center is-style-fill\"><a class=\"wp-block-button__link\" href=\"https:\/\/fr.twiza.org\/portail\/la-maison-en-roseaux\/\">En savoir plus sur la Maison en Roseaux<\/a><\/div>\n<\/div>\n<\/div><\/div>\n\n\n\n<hr class=\"wp-block-separator has-css-opacity\"\/>\n\n\n\n<div class=\"wp-block-media-text alignwide is-stacked-on-mobile\"><figure class=\"wp-block-media-text__media\"><img loading=\"lazy\" decoding=\"async\" width=\"1024\" height=\"725\" src=\"https:\/\/fr.twiza.org\/portail\/wp-content\/uploads\/2021\/06\/Photo-Maison-Greb-1200x850px-1-1024x725.jpeg\" alt=\"\" class=\"wp-image-2488 size-full\" srcset=\"https:\/\/fr.twiza.org\/portail\/wp-content\/uploads\/2021\/06\/Photo-Maison-Greb-1200x850px-1-1024x725.jpeg 1024w, https:\/\/fr.twiza.org\/portail\/wp-content\/uploads\/2021\/06\/Photo-Maison-Greb-1200x850px-1-600x425.jpeg 600w, https:\/\/fr.twiza.org\/portail\/wp-content\/uploads\/2021\/06\/Photo-Maison-Greb-1200x850px-1-300x213.jpeg 300w, https:\/\/fr.twiza.org\/portail\/wp-content\/uploads\/2021\/06\/Photo-Maison-Greb-1200x850px-1-768x544.jpeg 768w, https:\/\/fr.twiza.org\/portail\/wp-content\/uploads\/2021\/06\/Photo-Maison-Greb-1200x850px-1.jpeg 1200w\" sizes=\"(max-width: 1024px) 100vw, 1024px\" \/><\/figure><div class=\"wp-block-media-text__content\">\n<h2 class=\"wp-block-heading\" id=\"h-la-maison-en-paille-technique-du-greb\">La Maison en paille (Technique du GREB)<\/h2>\n\n\n\n<p>Le GREB est une technique de construction en bottes de paille. Elle consiste \u00e0 construire une double ossature l\u00e9g\u00e8re en bois qui accueille les ballots et le contreventement est assur\u00e9 par un portier l\u00e9ger banch\u00e9.<\/p>\n\n\n\n<div class=\"wp-block-buttons is-horizontal is-content-justification-center is-layout-flex wp-container-core-buttons-is-layout-03627597 wp-block-buttons-is-layout-flex\">\n<div class=\"wp-block-button wp-block-buttons is-content-justification-center is-style-fill\"><a class=\"wp-block-button__link\" href=\"https:\/\/fr.twiza.org\/portail\/la-maison-en-paille-technique-du-g-r-e-b\/\">En savoir plus sur la Maison en paille &#8211; GREB<\/a><\/div>\n<\/div>\n<\/div><\/div>\n\n\n\n<hr class=\"wp-block-separator has-css-opacity\"\/>\n\n\n\n<div class=\"wp-block-media-text alignwide has-media-on-the-right is-stacked-on-mobile\"><figure class=\"wp-block-media-text__media\"><img loading=\"lazy\" decoding=\"async\" width=\"1024\" height=\"725\" src=\"https:\/\/fr.twiza.org\/portail\/wp-content\/uploads\/2021\/06\/Photo-Maison-Ge\u0301onef-1200x850px-1-1024x725.jpeg\" alt=\"\" class=\"wp-image-2489 size-full\" srcset=\"https:\/\/fr.twiza.org\/portail\/wp-content\/uploads\/2021\/06\/Photo-Maison-Ge\u0301onef-1200x850px-1-1024x725.jpeg 1024w, https:\/\/fr.twiza.org\/portail\/wp-content\/uploads\/2021\/06\/Photo-Maison-Ge\u0301onef-1200x850px-1-600x425.jpeg 600w, https:\/\/fr.twiza.org\/portail\/wp-content\/uploads\/2021\/06\/Photo-Maison-Ge\u0301onef-1200x850px-1-300x213.jpeg 300w, https:\/\/fr.twiza.org\/portail\/wp-content\/uploads\/2021\/06\/Photo-Maison-Ge\u0301onef-1200x850px-1-768x544.jpeg 768w, https:\/\/fr.twiza.org\/portail\/wp-content\/uploads\/2021\/06\/Photo-Maison-Ge\u0301onef-1200x850px-1.jpeg 1200w\" sizes=\"(max-width: 1024px) 100vw, 1024px\" \/><\/figure><div class=\"wp-block-media-text__content\">\n<h2 class=\"wp-block-heading\" id=\"h-geonef-earthship-inspire\">G\u00e9onef (<meta charset=\"utf-8\">Earthship inspir\u00e9)<\/h2>\n\n\n\n<p>La G\u00e9onef \u00e0 la fran\u00e7aise est l&rsquo;adaptation du concept californien de \u00ab\u00a0Earthship\u00a0\u00bb adapt\u00e9 \u00e0 la r\u00e9glementation et \u00e0 notre latitude. Ce type de maison \u00e9cologique s&rsquo;inscrit souvent dans une d\u00e9marche d&rsquo;autonomie totale.<\/p>\n\n\n\n<div class=\"wp-block-buttons is-horizontal is-content-justification-center is-layout-flex wp-container-core-buttons-is-layout-03627597 wp-block-buttons-is-layout-flex\">\n<div class=\"wp-block-button wp-block-buttons is-content-justification-center is-style-fill\"><a class=\"wp-block-button__link\" href=\"https:\/\/fr.twiza.org\/portail\/la-geonef-ou-earthship\/\">En savoir plus sur la G\u00e9onef<\/a><\/div>\n<\/div>\n<\/div><\/div>\n\n\n\n<hr class=\"wp-block-separator has-css-opacity\"\/>\n\n\n\n<div class=\"wp-block-media-text alignwide is-stacked-on-mobile\"><figure class=\"wp-block-media-text__media\"><img loading=\"lazy\" decoding=\"async\" width=\"1024\" height=\"725\" src=\"https:\/\/fr.twiza.org\/portail\/wp-content\/uploads\/2021\/06\/Photo-Maison-SuperAdobe-1200x850px-1-1024x725.jpeg\" alt=\"\" class=\"wp-image-2490 size-full\" srcset=\"https:\/\/fr.twiza.org\/portail\/wp-content\/uploads\/2021\/06\/Photo-Maison-SuperAdobe-1200x850px-1-1024x725.jpeg 1024w, https:\/\/fr.twiza.org\/portail\/wp-content\/uploads\/2021\/06\/Photo-Maison-SuperAdobe-1200x850px-1-600x425.jpeg 600w, https:\/\/fr.twiza.org\/portail\/wp-content\/uploads\/2021\/06\/Photo-Maison-SuperAdobe-1200x850px-1-300x213.jpeg 300w, https:\/\/fr.twiza.org\/portail\/wp-content\/uploads\/2021\/06\/Photo-Maison-SuperAdobe-1200x850px-1-768x544.jpeg 768w, https:\/\/fr.twiza.org\/portail\/wp-content\/uploads\/2021\/06\/Photo-Maison-SuperAdobe-1200x850px-1.jpeg 1200w\" sizes=\"(max-width: 1024px) 100vw, 1024px\" \/><\/figure><div class=\"wp-block-media-text__content\">\n<h2 class=\"wp-block-heading\" id=\"h-super-adobes\">Super adobes<\/h2>\n\n\n\n<p>Le superadobe est une technique de construction inspir\u00e9e de l&rsquo;univers militaire. La mise en \u0153uvre de ce syst\u00e8me constructif revient \u00e0 tasser de la terre dans des sacs puis les empiler pour former un d\u00f4me.<\/p>\n\n\n\n<div class=\"wp-block-buttons is-horizontal is-content-justification-center is-layout-flex wp-container-core-buttons-is-layout-03627597 wp-block-buttons-is-layout-flex\">\n<div class=\"wp-block-button wp-block-buttons is-content-justification-center is-style-fill\"><a class=\"wp-block-button__link\" href=\"https:\/\/fr.twiza.org\/portail\/la-maison-en-super-adobe\/\">En savoir plus sur les Super adobes<\/a><\/div>\n<\/div>\n<\/div><\/div>\n\n\n\n<hr class=\"wp-block-separator has-css-opacity\"\/>\n\n\n\n<div class=\"wp-block-media-text alignwide has-media-on-the-right is-stacked-on-mobile\"><figure class=\"wp-block-media-text__media\"><img loading=\"lazy\" decoding=\"async\" width=\"1024\" height=\"725\" src=\"https:\/\/fr.twiza.org\/portail\/wp-content\/uploads\/2021\/06\/Photo-Yourte-RT2012-1200x850px-1024x725.jpeg\" alt=\"Yourte\" class=\"wp-image-2341 size-full\" srcset=\"https:\/\/fr.twiza.org\/portail\/wp-content\/uploads\/2021\/06\/Photo-Yourte-RT2012-1200x850px-1024x725.jpeg 1024w, https:\/\/fr.twiza.org\/portail\/wp-content\/uploads\/2021\/06\/Photo-Yourte-RT2012-1200x850px-600x425.jpeg 600w, https:\/\/fr.twiza.org\/portail\/wp-content\/uploads\/2021\/06\/Photo-Yourte-RT2012-1200x850px-300x213.jpeg 300w, https:\/\/fr.twiza.org\/portail\/wp-content\/uploads\/2021\/06\/Photo-Yourte-RT2012-1200x850px-768x544.jpeg 768w, https:\/\/fr.twiza.org\/portail\/wp-content\/uploads\/2021\/06\/Photo-Yourte-RT2012-1200x850px.jpeg 1200w\" sizes=\"(max-width: 1024px) 100vw, 1024px\" \/><\/figure><div class=\"wp-block-media-text__content\">\n<h2 class=\"wp-block-heading\" id=\"h-la-yourte-rt2012\">La Yourte (RT2012)<\/h2>\n\n\n\n<p>La yourte est un type d\u2019habitat \u00ab\u00a0montable-d\u00e9montable\u00a0\u00bb utilis\u00e9 depuis des milliers d\u2019ann\u00e9es par les mongoles ou les kazaks. C&rsquo;est une structure l\u00e9g\u00e8re avec une toile tendue pour assurer l&rsquo;\u00e9tanch\u00e9it\u00e9.<\/p>\n\n\n\n<div class=\"wp-block-buttons is-horizontal is-content-justification-center is-layout-flex wp-container-core-buttons-is-layout-03627597 wp-block-buttons-is-layout-flex\">\n<div class=\"wp-block-button wp-block-buttons is-content-justification-center is-style-fill\"><a class=\"wp-block-button__link\" href=\"https:\/\/fr.twiza.org\/portail\/la-yourte-rt2012\/\">En savoir plus sur la Yourte<\/a><\/div>\n<\/div>\n<\/div><\/div>\n\n\n\n<hr class=\"wp-block-separator has-css-opacity\"\/>\n\n\n\n<div class=\"wp-block-media-text alignwide is-stacked-on-mobile\"><figure class=\"wp-block-media-text__media\"><img loading=\"lazy\" decoding=\"async\" width=\"1024\" height=\"725\" src=\"https:\/\/fr.twiza.org\/portail\/wp-content\/uploads\/2021\/06\/Photo-Maison-Chanvre-1200x850px-1024x725.jpeg\" alt=\"Maison en Chanvre\" class=\"wp-image-2342 size-full\" srcset=\"https:\/\/fr.twiza.org\/portail\/wp-content\/uploads\/2021\/06\/Photo-Maison-Chanvre-1200x850px-1024x725.jpeg 1024w, https:\/\/fr.twiza.org\/portail\/wp-content\/uploads\/2021\/06\/Photo-Maison-Chanvre-1200x850px-600x425.jpeg 600w, https:\/\/fr.twiza.org\/portail\/wp-content\/uploads\/2021\/06\/Photo-Maison-Chanvre-1200x850px-300x213.jpeg 300w, https:\/\/fr.twiza.org\/portail\/wp-content\/uploads\/2021\/06\/Photo-Maison-Chanvre-1200x850px-768x544.jpeg 768w, https:\/\/fr.twiza.org\/portail\/wp-content\/uploads\/2021\/06\/Photo-Maison-Chanvre-1200x850px.jpeg 1200w\" sizes=\"(max-width: 1024px) 100vw, 1024px\" \/><\/figure><div class=\"wp-block-media-text__content\">\n<h2 class=\"wp-block-heading\" id=\"h-la-maison-en-chanvre\">La Maison en Chanvre<\/h2>\n\n\n\n<p>Le chanvre est utilis\u00e9 dans la construction en France depuis des dizaines d\u2019ann\u00e9es. M\u00e9lang\u00e9 \u00e0 de la chaux, il est ici projet\u00e9 pour r\u00e9aliser rapidement l\u2019isolation et le remplissage des murs en m\u00eame temps de cette maison \u00e9cologique.<\/p>\n\n\n\n<div class=\"wp-block-buttons is-horizontal is-content-justification-center is-layout-flex wp-container-core-buttons-is-layout-03627597 wp-block-buttons-is-layout-flex\">\n<div class=\"wp-block-button wp-block-buttons is-content-justification-center is-style-fill\"><a class=\"wp-block-button__link\" href=\"https:\/\/fr.twiza.org\/portail\/la-maison-en-chanvre\/\">En savoir plus sur la Maison en Chanvre<\/a><\/div>\n<\/div>\n<\/div><\/div>\n\n\n\n<hr class=\"wp-block-separator has-css-opacity\"\/>\n\n\n\n<h2 class=\"wp-block-heading\" id=\"h-l-aventure-continue\">L&rsquo;aventure continue !<\/h2>\n\n\n\n<figure class=\"wp-block-image size-large is-style-default\"><img loading=\"lazy\" decoding=\"async\" width=\"1024\" height=\"478\" src=\"https:\/\/fr.twiza.org\/portail\/wp-content\/uploads\/2021\/10\/AdA-Photo-1-1024x478.jpg\" alt=\"L'\u00e9quipe Anatomies d'architecture\" class=\"wp-image-3193\" srcset=\"https:\/\/fr.twiza.org\/portail\/wp-content\/uploads\/2021\/10\/AdA-Photo-1-1024x478.jpg 1024w, https:\/\/fr.twiza.org\/portail\/wp-content\/uploads\/2021\/10\/AdA-Photo-1-scaled-600x280.jpg 600w, https:\/\/fr.twiza.org\/portail\/wp-content\/uploads\/2021\/10\/AdA-Photo-1-300x140.jpg 300w, https:\/\/fr.twiza.org\/portail\/wp-content\/uploads\/2021\/10\/AdA-Photo-1-768x358.jpg 768w, https:\/\/fr.twiza.org\/portail\/wp-content\/uploads\/2021\/10\/AdA-Photo-1-1536x716.jpg 1536w, https:\/\/fr.twiza.org\/portail\/wp-content\/uploads\/2021\/10\/AdA-Photo-1-2048x955.jpg 2048w\" sizes=\"(max-width: 1024px) 100vw, 1024px\" \/><\/figure>\n\n\n\n<p>Depuis cette exp\u00e9rience de terrain in\u00e9dite, Ad&rsquo;A poursuit un travail de recherche, de transmission et de p\u00e9dagogie pour informer le&nbsp;grand public des enjeux li\u00e9s \u00e0 la durabilit\u00e9 de nos habitats et des solutions concr\u00e8tes qui existent : exposition itin\u00e9rante, rencontres, cours en ENSA, tables rondes, publications.<\/p>\n\n\n\n<p><a href=\"https:\/\/www.anatomiesdarchitecture.com\/\" data-type=\"URL\" data-id=\"https:\/\/www.anatomiesdarchitecture.com\/\">D\u00e9couvrir le site web d&rsquo;Anatomie d&rsquo;architecture<\/a><\/p>\n\n\n\n<hr class=\"wp-block-separator has-css-opacity\"\/>\n\n\n\n<div style=\"height:82px\" aria-hidden=\"true\" class=\"wp-block-spacer\"><\/div>\n\n\n\n<p><\/p>\n","protected":false},"excerpt":{"rendered":"<p>Vaste enqu\u00eate de terrain sur \u00ab\u00a0la maison \u00e9cologique\u00a0\u00bb, Anatomies d\u2019Architecture est le premier projet de recherche incub\u00e9 par le r\u00e9seau Twiza. Cette initiative port\u00e9e par deux architectes et un anthropologue a pour objectifs de recenser, documenter, valoriser et faire conna\u00eetre au plus grand nombre les diff\u00e9rentes techniques de construction \u00e9cologique [&hellip;]<\/p>\n","protected":false},"author":3,"featured_media":0,"parent":0,"menu_order":0,"comment_status":"closed","ping_status":"closed","template":"page-templates\/template-fullwidth.php","meta":{"_eb_attr":"","_themeisle_gutenberg_block_has_review":false,"footnotes":""},"class_list":["post-2322","page","type-page","status-publish","hentry"],"yoast_head":"<!-- This site is optimized with the Yoast SEO Premium plugin v27.2 (Yoast SEO v27.4) - https:\/\/yoast.com\/product\/yoast-seo-premium-wordpress\/ -->\n<title>Le tour de France des maisons \u00e9cologiques<\/title>\n<meta name=\"description\" content=\"Emmanuel, Mathis et Rapha\u00ebl ont r\u00e9alis\u00e9 un Tour de France des maisons \u00e9cologiques pour rencontrer celles et ceux qui se sont lanc\u00e9s.\" \/>\n<meta name=\"robots\" content=\"index, follow, max-snippet:-1, max-image-preview:large, max-video-preview:-1\" \/>\n<link rel=\"canonical\" href=\"https:\/\/fr.twiza.org\/portail\/anatomies-darchitecture\/\" \/>\n<meta property=\"og:locale\" content=\"fr_FR\" \/>\n<meta property=\"og:type\" content=\"article\" \/>\n<meta property=\"og:title\" content=\"Le tour de France des maisons \u00e9cologiques\" \/>\n<meta property=\"og:description\" content=\"Emmanuel, Mathis et Rapha\u00ebl ont r\u00e9alis\u00e9 un Tour de France des maisons \u00e9cologiques pour rencontrer celles et ceux qui se sont lanc\u00e9s.\" \/>\n<meta property=\"og:url\" content=\"https:\/\/fr.twiza.org\/portail\/anatomies-darchitecture\/\" \/>\n<meta property=\"og:site_name\" content=\"R\u00e9seau Twiza\" \/>\n<meta property=\"article:publisher\" content=\"https:\/\/fr-fr.facebook.com\/Twiza.fr\/\" \/>\n<meta property=\"article:modified_time\" content=\"2022-08-16T14:41:38+00:00\" \/>\n<meta property=\"og:image\" content=\"https:\/\/fr.twiza.org\/portail\/wp-content\/uploads\/2021\/06\/Photo-Maison-en-Bauge-1200x850px-1024x725.jpeg\" \/>\n<meta name=\"twitter:card\" content=\"summary_large_image\" \/>\n<script type=\"application\/ld+json\" class=\"yoast-schema-graph\">{\"@context\":\"https:\\\/\\\/schema.org\",\"@graph\":[{\"@type\":\"WebPage\",\"@id\":\"https:\\\/\\\/fr.twiza.org\\\/portail\\\/anatomies-darchitecture\\\/\",\"url\":\"https:\\\/\\\/fr.twiza.org\\\/portail\\\/anatomies-darchitecture\\\/\",\"name\":\"Le tour de France des maisons \u00e9cologiques\",\"isPartOf\":{\"@id\":\"https:\\\/\\\/fr.twiza.org\\\/portail\\\/#website\"},\"primaryImageOfPage\":{\"@id\":\"https:\\\/\\\/fr.twiza.org\\\/portail\\\/anatomies-darchitecture\\\/#primaryimage\"},\"image\":{\"@id\":\"https:\\\/\\\/fr.twiza.org\\\/portail\\\/anatomies-darchitecture\\\/#primaryimage\"},\"thumbnailUrl\":\"https:\\\/\\\/fr.twiza.org\\\/portail\\\/wp-content\\\/uploads\\\/2021\\\/06\\\/Photo-Maison-en-Bauge-1200x850px-1024x725.jpeg\",\"datePublished\":\"2021-06-17T14:49:16+00:00\",\"dateModified\":\"2022-08-16T14:41:38+00:00\",\"description\":\"Emmanuel, Mathis et Rapha\u00ebl ont r\u00e9alis\u00e9 un Tour de France des maisons \u00e9cologiques pour rencontrer celles et ceux qui se sont lanc\u00e9s.\",\"breadcrumb\":{\"@id\":\"https:\\\/\\\/fr.twiza.org\\\/portail\\\/anatomies-darchitecture\\\/#breadcrumb\"},\"inLanguage\":\"fr-FR\",\"potentialAction\":[{\"@type\":\"ReadAction\",\"target\":[\"https:\\\/\\\/fr.twiza.org\\\/portail\\\/anatomies-darchitecture\\\/\"]}]},{\"@type\":\"ImageObject\",\"inLanguage\":\"fr-FR\",\"@id\":\"https:\\\/\\\/fr.twiza.org\\\/portail\\\/anatomies-darchitecture\\\/#primaryimage\",\"url\":\"https:\\\/\\\/fr.twiza.org\\\/portail\\\/wp-content\\\/uploads\\\/2021\\\/06\\\/Photo-Maison-en-Bauge-1200x850px.jpeg\",\"contentUrl\":\"https:\\\/\\\/fr.twiza.org\\\/portail\\\/wp-content\\\/uploads\\\/2021\\\/06\\\/Photo-Maison-en-Bauge-1200x850px.jpeg\",\"width\":1200,\"height\":850,\"caption\":\"Maison contemporaine en bauge\"},{\"@type\":\"BreadcrumbList\",\"@id\":\"https:\\\/\\\/fr.twiza.org\\\/portail\\\/anatomies-darchitecture\\\/#breadcrumb\",\"itemListElement\":[{\"@type\":\"ListItem\",\"position\":1,\"name\":\"Accueil\",\"item\":\"https:\\\/\\\/fr.twiza.org\\\/portail\\\/\"},{\"@type\":\"ListItem\",\"position\":2,\"name\":\"Le tour de France des maisons \u00e9cologiques\"}]},{\"@type\":\"WebSite\",\"@id\":\"https:\\\/\\\/fr.twiza.org\\\/portail\\\/#website\",\"url\":\"https:\\\/\\\/fr.twiza.org\\\/portail\\\/\",\"name\":\"R\u00e9seau Twiza\",\"description\":\"Entraide pour un habitat \u00e9cologique, convivial et r\u00e9silient\",\"publisher\":{\"@id\":\"https:\\\/\\\/fr.twiza.org\\\/portail\\\/#organization\"},\"potentialAction\":[{\"@type\":\"SearchAction\",\"target\":{\"@type\":\"EntryPoint\",\"urlTemplate\":\"https:\\\/\\\/fr.twiza.org\\\/portail\\\/?s={search_term_string}\"},\"query-input\":{\"@type\":\"PropertyValueSpecification\",\"valueRequired\":true,\"valueName\":\"search_term_string\"}}],\"inLanguage\":\"fr-FR\"},{\"@type\":\"Organization\",\"@id\":\"https:\\\/\\\/fr.twiza.org\\\/portail\\\/#organization\",\"name\":\"R\u00e9seau Twiza\",\"url\":\"https:\\\/\\\/fr.twiza.org\\\/portail\\\/\",\"logo\":{\"@type\":\"ImageObject\",\"inLanguage\":\"fr-FR\",\"@id\":\"https:\\\/\\\/fr.twiza.org\\\/portail\\\/#\\\/schema\\\/logo\\\/image\\\/\",\"url\":\"https:\\\/\\\/fr.twiza.org\\\/portail\\\/wp-content\\\/uploads\\\/2021\\\/05\\\/cropped-logo-reseau-twiza.jpg\",\"contentUrl\":\"https:\\\/\\\/fr.twiza.org\\\/portail\\\/wp-content\\\/uploads\\\/2021\\\/05\\\/cropped-logo-reseau-twiza.jpg\",\"width\":400,\"height\":102,\"caption\":\"R\u00e9seau Twiza\"},\"image\":{\"@id\":\"https:\\\/\\\/fr.twiza.org\\\/portail\\\/#\\\/schema\\\/logo\\\/image\\\/\"},\"sameAs\":[\"https:\\\/\\\/fr-fr.facebook.com\\\/Twiza.fr\\\/\",\"https:\\\/\\\/www.instagram.com\\\/twiza_fr\\\/\",\"https:\\\/\\\/www.linkedin.com\\\/company\\\/reseautwiza\\\/\"]}]}<\/script>\n<!-- \/ Yoast SEO Premium plugin. -->","yoast_head_json":{"title":"Le tour de France des maisons \u00e9cologiques","description":"Emmanuel, Mathis et Rapha\u00ebl ont r\u00e9alis\u00e9 un Tour de France des maisons \u00e9cologiques pour rencontrer celles et ceux qui se sont lanc\u00e9s.","robots":{"index":"index","follow":"follow","max-snippet":"max-snippet:-1","max-image-preview":"max-image-preview:large","max-video-preview":"max-video-preview:-1"},"canonical":"https:\/\/fr.twiza.org\/portail\/anatomies-darchitecture\/","og_locale":"fr_FR","og_type":"article","og_title":"Le tour de France des maisons \u00e9cologiques","og_description":"Emmanuel, Mathis et Rapha\u00ebl ont r\u00e9alis\u00e9 un Tour de France des maisons \u00e9cologiques pour rencontrer celles et ceux qui se sont lanc\u00e9s.","og_url":"https:\/\/fr.twiza.org\/portail\/anatomies-darchitecture\/","og_site_name":"R\u00e9seau Twiza","article_publisher":"https:\/\/fr-fr.facebook.com\/Twiza.fr\/","article_modified_time":"2022-08-16T14:41:38+00:00","og_image":[{"url":"https:\/\/fr.twiza.org\/portail\/wp-content\/uploads\/2021\/06\/Photo-Maison-en-Bauge-1200x850px-1024x725.jpeg","type":"","width":"","height":""}],"twitter_card":"summary_large_image","schema":{"@context":"https:\/\/schema.org","@graph":[{"@type":"WebPage","@id":"https:\/\/fr.twiza.org\/portail\/anatomies-darchitecture\/","url":"https:\/\/fr.twiza.org\/portail\/anatomies-darchitecture\/","name":"Le tour de France des maisons \u00e9cologiques","isPartOf":{"@id":"https:\/\/fr.twiza.org\/portail\/#website"},"primaryImageOfPage":{"@id":"https:\/\/fr.twiza.org\/portail\/anatomies-darchitecture\/#primaryimage"},"image":{"@id":"https:\/\/fr.twiza.org\/portail\/anatomies-darchitecture\/#primaryimage"},"thumbnailUrl":"https:\/\/fr.twiza.org\/portail\/wp-content\/uploads\/2021\/06\/Photo-Maison-en-Bauge-1200x850px-1024x725.jpeg","datePublished":"2021-06-17T14:49:16+00:00","dateModified":"2022-08-16T14:41:38+00:00","description":"Emmanuel, Mathis et Rapha\u00ebl ont r\u00e9alis\u00e9 un Tour de France des maisons \u00e9cologiques pour rencontrer celles et ceux qui se sont lanc\u00e9s.","breadcrumb":{"@id":"https:\/\/fr.twiza.org\/portail\/anatomies-darchitecture\/#breadcrumb"},"inLanguage":"fr-FR","potentialAction":[{"@type":"ReadAction","target":["https:\/\/fr.twiza.org\/portail\/anatomies-darchitecture\/"]}]},{"@type":"ImageObject","inLanguage":"fr-FR","@id":"https:\/\/fr.twiza.org\/portail\/anatomies-darchitecture\/#primaryimage","url":"https:\/\/fr.twiza.org\/portail\/wp-content\/uploads\/2021\/06\/Photo-Maison-en-Bauge-1200x850px.jpeg","contentUrl":"https:\/\/fr.twiza.org\/portail\/wp-content\/uploads\/2021\/06\/Photo-Maison-en-Bauge-1200x850px.jpeg","width":1200,"height":850,"caption":"Maison contemporaine en bauge"},{"@type":"BreadcrumbList","@id":"https:\/\/fr.twiza.org\/portail\/anatomies-darchitecture\/#breadcrumb","itemListElement":[{"@type":"ListItem","position":1,"name":"Accueil","item":"https:\/\/fr.twiza.org\/portail\/"},{"@type":"ListItem","position":2,"name":"Le tour de France des maisons \u00e9cologiques"}]},{"@type":"WebSite","@id":"https:\/\/fr.twiza.org\/portail\/#website","url":"https:\/\/fr.twiza.org\/portail\/","name":"R\u00e9seau Twiza","description":"Entraide pour un habitat \u00e9cologique, convivial et r\u00e9silient","publisher":{"@id":"https:\/\/fr.twiza.org\/portail\/#organization"},"potentialAction":[{"@type":"SearchAction","target":{"@type":"EntryPoint","urlTemplate":"https:\/\/fr.twiza.org\/portail\/?s={search_term_string}"},"query-input":{"@type":"PropertyValueSpecification","valueRequired":true,"valueName":"search_term_string"}}],"inLanguage":"fr-FR"},{"@type":"Organization","@id":"https:\/\/fr.twiza.org\/portail\/#organization","name":"R\u00e9seau Twiza","url":"https:\/\/fr.twiza.org\/portail\/","logo":{"@type":"ImageObject","inLanguage":"fr-FR","@id":"https:\/\/fr.twiza.org\/portail\/#\/schema\/logo\/image\/","url":"https:\/\/fr.twiza.org\/portail\/wp-content\/uploads\/2021\/05\/cropped-logo-reseau-twiza.jpg","contentUrl":"https:\/\/fr.twiza.org\/portail\/wp-content\/uploads\/2021\/05\/cropped-logo-reseau-twiza.jpg","width":400,"height":102,"caption":"R\u00e9seau Twiza"},"image":{"@id":"https:\/\/fr.twiza.org\/portail\/#\/schema\/logo\/image\/"},"sameAs":["https:\/\/fr-fr.facebook.com\/Twiza.fr\/","https:\/\/www.instagram.com\/twiza_fr\/","https:\/\/www.linkedin.com\/company\/reseautwiza\/"]}]}},"jetpack_sharing_enabled":true,"_links":{"self":[{"href":"https:\/\/fr.twiza.org\/portail\/wp-json\/wp\/v2\/pages\/2322","targetHints":{"allow":["GET"]}}],"collection":[{"href":"https:\/\/fr.twiza.org\/portail\/wp-json\/wp\/v2\/pages"}],"about":[{"href":"https:\/\/fr.twiza.org\/portail\/wp-json\/wp\/v2\/types\/page"}],"author":[{"embeddable":true,"href":"https:\/\/fr.twiza.org\/portail\/wp-json\/wp\/v2\/users\/3"}],"replies":[{"embeddable":true,"href":"https:\/\/fr.twiza.org\/portail\/wp-json\/wp\/v2\/comments?post=2322"}],"version-history":[{"count":48,"href":"https:\/\/fr.twiza.org\/portail\/wp-json\/wp\/v2\/pages\/2322\/revisions"}],"predecessor-version":[{"id":6109,"href":"https:\/\/fr.twiza.org\/portail\/wp-json\/wp\/v2\/pages\/2322\/revisions\/6109"}],"wp:attachment":[{"href":"https:\/\/fr.twiza.org\/portail\/wp-json\/wp\/v2\/media?parent=2322"}],"curies":[{"name":"wp","href":"https:\/\/api.w.org\/{rel}","templated":true}]}}